{"id":3609,"date":"2019-02-15T18:16:15","date_gmt":"2019-02-15T16:16:15","guid":{"rendered":"https:\/\/www.galeriegrenadine.com\/mulhouse\/?post_type=project&#038;p=3609"},"modified":"2026-04-16T20:07:06","modified_gmt":"2026-04-16T18:07:06","slug":"shooting-photo-bebe-mulhouse","status":"publish","type":"project","link":"https:\/\/www.galeriegrenadine.com\/mulhouse\/project\/shooting-photo-bebe-mulhouse\/","title":{"rendered":"Shooting Photo B\u00e9b\u00e9"},"content":{"rendered":"<p>[et_pb_section fb_built=\u00a0\u00bb1&Prime; disabled_on=\u00a0\u00bbon|on|on\u00a0\u00bb _builder_version=\u00a0\u00bb4.22.1&Prime; custom_padding=\u00a0\u00bb14px|0px|0|0px|false|false\u00a0\u00bb disabled=\u00a0\u00bbon\u00a0\u00bb collapsed=\u00a0\u00bbon\u00a0\u00bb global_colors_info=\u00a0\u00bb{}\u00a0\u00bb][et_pb_row _builder_version=\u00a0\u00bb4.16&Prime; custom_padding=\u00a0\u00bb0|0px|0|0px|false|false\u00a0\u00bb collapsed=\u00a0\u00bbon\u00a0\u00bb global_colors_info=\u00a0\u00bb{}\u00a0\u00bb][et_pb_column type=\u00a0\u00bb4_4&Prime; _builder_version=\u00a0\u00bb4.16&Prime; custom_padding=\u00a0\u00bb|||\u00a0\u00bb global_colors_info=\u00a0\u00bb{}\u00a0\u00bb custom_padding__hover=\u00a0\u00bb|||\u00a0\u00bb][et_pb_text _builder_version=\u00a0\u00bb4.16&Prime; global_colors_info=\u00a0\u00bb{}\u00a0\u00bb]<\/p>\n<h1 style=\"text-align: left;\"><span style=\"font-size: xx-large;\">S\u00e9ance photo\u00a0\u00a0<span style=\"color: #e2007a;\">B\u00e9b\u00e9\u00a0<\/span><\/span>et\u00a0<span style=\"font-size: xx-large;\"><span style=\"color: #e2007a;\">Naissance<\/span>, B\u00e9b\u00e9 \u00e0 Mulhouse.<\/span><\/h1>\n<h2 style=\"text-align: left;\"><span style=\"font-size: x-large;\"><span style=\"font-weight: 400;\"><span style=\"color: #e2007a;\">Shooting photo<\/span> b\u00e9b\u00e9 en Haut-Rhin 68<\/span> !<\/span><\/h2>\n<p><span style=\"font-size: x-large;\"><\/span><\/p>\n<p><span style=\"font-weight: 400;\">Sp\u00e9cialiste de la photographie de famille depuis 2009, le studio <span style=\"color: #e2007a;\">Grenadine<\/span> vous propose de r\u00e9aliser une s\u00e9ance photo de votre b\u00e9b\u00e9 dans un cadre adapt\u00e9, chaleureux et propice \u00e0 la d\u00e9tente. Dans nos locaux de Mulhouse, nous faisons de votre shooting photo b\u00e9b\u00e9 et naissance un moment d\u2019amour et de douceur.\u00a0<\/span><\/p>\n<p><span style=\"font-weight: 400;\">Si vous souhaitez faire une photographie pour un faire-part de naissance, venez id\u00e9alement <span style=\"color: #e2007a;\">dans les 15 jours qui suivent la naissance<\/span> de l\u2019enfant. Nous vous recevrons dans un lieu confortable pour vous et votre b\u00e9b\u00e9. Vous y trouverez un coussin, un micro-onde et m\u00eame un espace pour changer la couche de votre nouveau-n\u00e9\u00a0! Vous pouvez ainsi vivre pleinement et en toute confiance le premier shooting photo de votre enfant.\u00a0<\/span><\/p>\n<p><span style=\"font-weight: 400;\">Vous avez ensuite rendez-vous, sans frais suppl\u00e9mentaire, 3 \u00e0 4 mois apr\u00e8s pour un second shooting photo b\u00e9b\u00e9. Le sourire de votre enfant sera photographi\u00e9 de diverses fa\u00e7ons\u00a0: seul, entour\u00e9 de sa maman, de son papa, de ses fr\u00e8res et s\u0153urs\u2026 tout est possible avec Grenadine\u00a0!\u00a0<\/span>[<a href=\"https:\/\/www.facebook.com\/pg\/GalerieGrenadine\/reviews\"><span style=\"color: #e2007a;\"><em>D\u00e9couvrez\u00a0les avis de nos clients<\/em><\/span><\/a>]<\/p>\n<p style=\"text-align: justify;\">\n<p style=\"text-align: justify;\"><span style=\"font-size: 26px; text-align: left;\">Un shooting photo b\u00e9b\u00e9\u00a0<\/span><span style=\"font-size: 26px; text-align: left; color: #e2007a;\">intemporelles.<\/span><\/p>\n<p><span style=\"font-weight: 400;\">Pour obtenir des clich\u00e9s subtils et authentiques de votre nouveau-n\u00e9, nous r\u00e9alisons nos photographies en mode \u00ab\u00a0\u00ab\u00a0High-Key\u00a0\u00bb. Ce concept, d\u2019inspiration am\u00e9ricaine, privil\u00e9gie les clich\u00e9s en noir et blanc avec des v\u00eatements clairs sur fond blanc. Pour <span style=\"color: #e2007a;\">Grenadine<\/span>, c\u2019est l\u2019assurance de r\u00e9ussir des photos empreintes de naturel et d\u2019authenticit\u00e9.[<em><a href=\"https:\/\/www.galeriegrenadine.com\/dev\/photographe\/\"><span>En savoir +<\/span><\/a>]<\/em><\/span><\/p>\n<p style=\"text-align: justify;\"><span style=\"font-weight: 400;\">La dur\u00e9e du shooting photo de votre b\u00e9b\u00e9 oscille entre 30 minutes et 1 heure. Pour r\u00e9servez votre s\u00e9ance photo, rendez-vous dans nos locaux<\/span> <span style=\"font-weight: 400;\">situ\u00e9s au 1 rue des fleurs \u00e0 Mulhouse, du mardi au samedi, de 10h \u00e0 12h30 et de 14h \u00e0 19h. Vincent vous renseignera avec plaisir\u00a0<span><a href=\"https:\/\/www.galeriegrenadine.com\/mulhouse\/le-studio\/\">\u00a0ici<\/a><\/span><\/span><span style=\"font-weight: 400;\">\u00a0et par t\u00e9l\u00e9phone au\u00a0<a href=\"tel:0389443228\"><span>03 89 44 32 28<\/span><\/a><\/span><\/p>\n<p style=\"text-align: justify;\">\n<h3 style=\"text-align: justify;\"><span style=\"color: #e2007a;\">Liste <\/span>de Naissance<\/h3>\n<p style=\"text-align: justify;\">La Galerie et le Studio\u00a0<span style=\"color: #e2007a;\">Grenadine<\/span>\u00a0met \u00e0 disposition de la famille et des amis une liste de <span style=\"color: #555555;\">naissance<\/span> afin de financer un\u00a0magnifique cadeau \u00e0 offrir\u00a0pour l\u2019arriv\u00e9 de b\u00e9b\u00e9. [<a href=\"https:\/\/www.galeriegrenadine.com\/dev\/cadeau-naissance-bebe\/\"><span style=\"color: #e2007a;\"><em>En savoir +<\/em><\/span><\/a>]<\/p>\n<p style=\"text-align: justify;\">\n<h3 style=\"text-align: left;\"><span style=\"color: #e2007a;\">Qualit\u00e9s<span style=\"color: #555555;\"> &amp;<\/span> Garanties<\/span> 100%\u00a0Grenadine\u00a0!<\/h3>\n<p style=\"text-align: justify;\">Au Studio\u00a0<span style=\"color: #e2007a;\">Grenadine<\/span>, aucune mauvaise surprise\u2026 Lorsqu\u2019un rendez-vous est pris pour votre shooting photo b\u00e9b\u00e9, il est\u00a0honor\u00e9 et si vous \u00eates, \u00e0 n\u2019importe quel moment,\u00a0insatisfait\u00a0de votre s\u00e9ance photo ou d\u2019un produit\u00a0Grenadine, l\u2019\u00e9quipe vous\u00a0rembourse\u00a0enti\u00e8rement la prestation ou la recommence, et vous\u00a0remplace\u00a0les produits concern\u00e9s.<\/p>\n<p style=\"text-align: justify;\">\n<p style=\"text-align: justify;\">\n<p style=\"text-align: justify;\">\n<p>[\/et_pb_text][\/et_pb_column][\/et_pb_row][\/et_pb_section][et_pb_section fb_built=\u00a0\u00bb1&Prime; custom_padding_last_edited=\u00a0\u00bbon|phone\u00a0\u00bb _builder_version=\u00a0\u00bb4.22.1&Prime; _module_preset=\u00a0\u00bbdefault\u00a0\u00bb background_color=\u00a0\u00bbRGBA(255,255,255,0)\u00a0\u00bb custom_padding=\u00a0\u00bb||||false|false\u00a0\u00bb custom_padding_tablet=\u00a0\u00bb||||false|false\u00a0\u00bb custom_padding_phone=\u00a0\u00bb0px||0px||false|false\u00a0\u00bb locked=\u00a0\u00bboff\u00a0\u00bb collapsed=\u00a0\u00bbon\u00a0\u00bb global_colors_info=\u00a0\u00bb{}\u00a0\u00bb][et_pb_row column_structure=\u00a0\u00bb1_2,1_2&Prime; use_custom_gutter=\u00a0\u00bbon\u00a0\u00bb gutter_width=\u00a0\u00bb2&Prime; make_equal=\u00a0\u00bbon\u00a0\u00bb custom_padding_last_edited=\u00a0\u00bbon|phone\u00a0\u00bb module_class=\u00a0\u00bbinverse\u00a0\u00bb _builder_version=\u00a0\u00bb4.22.1&Prime; _module_preset=\u00a0\u00bbdefault\u00a0\u00bb width=\u00a0\u00bb90%\u00a0\u00bb custom_padding=\u00a0\u00bb50px||50px||false|false\u00a0\u00bb custom_padding_tablet=\u00a0\u00bb50px||50px||false|false\u00a0\u00bb custom_padding_phone=\u00a0\u00bb20px||0px||false|false\u00a0\u00bb global_colors_info=\u00a0\u00bb{}\u00a0\u00bb][et_pb_column type=\u00a0\u00bb1_2&Prime; _builder_version=\u00a0\u00bb4.22.1&Prime; _module_preset=\u00a0\u00bbdefault\u00a0\u00bb global_colors_info=\u00a0\u00bb{}\u00a0\u00bb][et_pb_text _builder_version=\u00a0\u00bb4.22.1&Prime; _module_preset=\u00a0\u00bbdefault\u00a0\u00bb text_font=\u00a0\u00bbFigtree|300|||||||\u00a0\u00bb text_text_color=\u00a0\u00bb#0a0a0a\u00a0\u00bb text_font_size=\u00a0\u00bb17px\u00a0\u00bb text_line_height=\u00a0\u00bb1.8em\u00a0\u00bb header_font=\u00a0\u00bbFigtree|700|||||||\u00a0\u00bb header_text_color=\u00a0\u00bb#0a0a0a\u00a0\u00bb header_2_text_color=\u00a0\u00bb#0a0a0a\u00a0\u00bb header_2_font_size=\u00a0\u00bb20px\u00a0\u00bb custom_margin_tablet=\u00a0\u00bb\u00a0\u00bb custom_margin_phone=\u00a0\u00bb||0px||false|false\u00a0\u00bb custom_margin_last_edited=\u00a0\u00bbon|phone\u00a0\u00bb custom_padding_tablet=\u00a0\u00bb\u00a0\u00bb custom_padding_phone=\u00a0\u00bb20px||||false|false\u00a0\u00bb custom_padding_last_edited=\u00a0\u00bbon|phone\u00a0\u00bb text_font_size_tablet=\u00a0\u00bb17px\u00a0\u00bb text_font_size_phone=\u00a0\u00bb15px\u00a0\u00bb text_font_size_last_edited=\u00a0\u00bbon|phone\u00a0\u00bb header_font_size_tablet=\u00a0\u00bb\u00a0\u00bb header_font_size_phone=\u00a0\u00bb20px\u00a0\u00bb header_font_size_last_edited=\u00a0\u00bbon|phone\u00a0\u00bb header_2_font_size_tablet=\u00a0\u00bb\u00a0\u00bb header_2_font_size_phone=\u00a0\u00bb26px\u00a0\u00bb header_2_font_size_last_edited=\u00a0\u00bbon|phone\u00a0\u00bb inline_fonts=\u00a0\u00bbCentury Gothic\u00a0\u00bb global_colors_info=\u00a0\u00bb{}\u00a0\u00bb]<\/p>\n<h1 style=\"text-align: left;\"><span style=\"color: #e2007a;\">Shooting Photo<\/span> B\u00e9b\u00e9 et Naissance \u00e0 <span style=\"color: #e2007a;\">Mulhouse<\/span>.<\/h1>\n<p>[\/et_pb_text][et_pb_text _builder_version=\u00a0\u00bb4.22.1&Prime; _module_preset=\u00a0\u00bbdefault\u00a0\u00bb text_font=\u00a0\u00bbPoppins|300|||||||\u00a0\u00bb text_text_color=\u00a0\u00bb#0a0a0a\u00a0\u00bb text_font_size=\u00a0\u00bb15px\u00a0\u00bb text_line_height=\u00a0\u00bb1.8em\u00a0\u00bb text_font_size_tablet=\u00a0\u00bb15px\u00a0\u00bb text_font_size_phone=\u00a0\u00bb13px\u00a0\u00bb text_font_size_last_edited=\u00a0\u00bbon|phone\u00a0\u00bb inline_fonts=\u00a0\u00bbCentury Gothic\u00a0\u00bb global_colors_info=\u00a0\u00bb{}\u00a0\u00bb]<\/p>\n<p><span><b>Bienvenue au Studio <span style=\"color: #e2007a;\">Grenadine<\/span> photographe \u00e0 Mulhouse<\/b>, votre sp\u00e9cialiste en shooting photo famille, b\u00e9b\u00e9, grossesse et enfant en Alsace (68). Que vos enfants soient encore tout-petits ou d\u00e9j\u00e0 grands, une s\u00e9ance photo est une fa\u00e7on unique de capturer des instants pr\u00e9cieux et de les transformer en souvenirs intemporels&#8230; Que votre famille soit compos\u00e9e de plusieurs g\u00e9n\u00e9rations ou d\u2019une belle tribu recompos\u00e9e, une s\u00e9ance photo est une occasion unique de rassembler tout le monde pour des souvenirs m\u00e9morables et intemporels.<\/span><\/p>\n<p><span style=\"color: #0a0a0a;\">Vous souhaitez immortaliser l\u2019arriv\u00e9e de votre nouveau-n\u00e9e ? Rien de plus simple avec le Studio Grenadine, enseigne sp\u00e9cialiste de la photographie depuis 2009. R\u00e9aliser un shooting photo de votre b\u00e9b\u00e9 sous le signe de la douceur et de la convivialit\u00e9 ? C\u2019est possible dans notre studio situ\u00e9 \u00e0 Angers. [<span style=\"color: #e2007a;\"><a href=\"https:\/\/www.google.com\/search?sa=X&amp;sca_esv=ef12aeaa4e0d65bc&amp;rlz=1C1GCEA_enFR1032FR1032&amp;tbm=lcl&amp;sxsrf=ADLYWIKDC7JQ6lIh4FKamxN17rCiVVeRig:1737542603950&amp;q=Galerie+%26+Studio+Grenadine+Angers+Avis&amp;rflfq=1&amp;num=20&amp;stick=H4sIAAAAAAAAAONgkxI2sTC0MDczNzMxMjM2MDUwN7Uw2sDI-IpRzT0xJ7UoM1VBTSG4pDQlM1_BvSg1LzElMy9VwTEvPbWoWMGxLLN4ESuRCgHbrt0sbAAAAA&amp;rldimm=4818767642630507582&amp;hl=fr-FR&amp;ved=2ahUKEwjn6sLNkomLAxVpK_sDHb5_MiAQ9fQKegQIUhAF&amp;biw=1920&amp;bih=911&amp;dpr=1#lkt=LocalPoiReviews\" style=\"color: #e2007a; text-decoration: underline;\">D\u00e9couvrez les avis de nos clients<\/a><\/span>]<\/span><\/p>\n<p><span>Les s\u00e9ances se d\u00e9roulent de 10h \u00e0 12h30 et de 14h \u00e0 19h. Pour toute question, vous pouvez contacter Vincent par t\u00e9l\u00e9phone au <span style=\"text-decoration: underline;\"><a href=\"tel:0389443228\">0389443228<\/a><\/span><\/span><\/p>\n<p>[\/et_pb_text][\/et_pb_column][et_pb_column type=\u00a0\u00bb1_2&Prime; _builder_version=\u00a0\u00bb4.22.1&Prime; _module_preset=\u00a0\u00bbdefault\u00a0\u00bb global_colors_info=\u00a0\u00bb{}\u00a0\u00bb][et_pb_image src=\u00a0\u00bbhttps:\/\/www.galeriegrenadine.com\/mulhouse\/wp-content\/uploads\/sites\/13\/2025\/02\/Casting-photo-77-6.jpg\u00a0\u00bb alt=\u00a0\u00bbS\u00e9ance photo b\u00e9b\u00e9 77&Prime; title_text=\u00a0\u00bbPhotographe de naissance et B\u00e9b\u00e9 Mulhouse\u00a0\u00bb force_fullwidth=\u00a0\u00bbon\u00a0\u00bb _builder_version=\u00a0\u00bb4.22.1&Prime; _module_preset=\u00a0\u00bbdefault\u00a0\u00bb custom_padding=\u00a0\u00bb0px||0px||false|false\u00a0\u00bb border_radii=\u00a0\u00bbon|5px|5px|5px|5px\u00a0\u00bb border_width_all=\u00a0\u00bb2px\u00a0\u00bb global_colors_info=\u00a0\u00bb{}\u00a0\u00bb][\/et_pb_image][\/et_pb_column][\/et_pb_row][\/et_pb_section][et_pb_section fb_built=\u00a0\u00bb1&Prime; custom_padding_last_edited=\u00a0\u00bbon|phone\u00a0\u00bb _builder_version=\u00a0\u00bb4.22.1&Prime; _module_preset=\u00a0\u00bbdefault\u00a0\u00bb background_color=\u00a0\u00bbrgba(204,204,204,0.16)\u00a0\u00bb custom_padding_tablet=\u00a0\u00bb\u00a0\u00bb custom_padding_phone=\u00a0\u00bb0px||0px||false|false\u00a0\u00bb locked=\u00a0\u00bboff\u00a0\u00bb collapsed=\u00a0\u00bbon\u00a0\u00bb global_colors_info=\u00a0\u00bb{}\u00a0\u00bb][et_pb_row column_structure=\u00a0\u00bb1_2,1_2&Prime; _builder_version=\u00a0\u00bb4.22.1&Prime; _module_preset=\u00a0\u00bbdefault\u00a0\u00bb global_colors_info=\u00a0\u00bb{}\u00a0\u00bb][et_pb_column type=\u00a0\u00bb1_2&Prime; _builder_version=\u00a0\u00bb4.22.1&Prime; _module_preset=\u00a0\u00bbdefault\u00a0\u00bb global_colors_info=\u00a0\u00bb{}\u00a0\u00bb][et_pb_image src=\u00a0\u00bbhttps:\/\/www.galeriegrenadine.com\/mulhouse\/wp-content\/uploads\/sites\/13\/2025\/02\/Seance-Photo-Melun-7.jpg\u00a0\u00bb alt=\u00a0\u00bbId\u00e9e cadeau naissance\u00a0\u00bb title_text=\u00a0\u00bbS\u00e9ance Photo B\u00e9b\u00e9 et naissance Mulhouse\u00a0\u00bb _builder_version=\u00a0\u00bb4.22.1&Prime; _module_preset=\u00a0\u00bbdefault\u00a0\u00bb border_radii=\u00a0\u00bbon|5px|5px|5px|5px\u00a0\u00bb border_width_all=\u00a0\u00bb2px\u00a0\u00bb global_colors_info=\u00a0\u00bb{}\u00a0\u00bb][\/et_pb_image][\/et_pb_column][et_pb_column type=\u00a0\u00bb1_2&Prime; _builder_version=\u00a0\u00bb4.22.1&Prime; _module_preset=\u00a0\u00bbdefault\u00a0\u00bb global_colors_info=\u00a0\u00bb{}\u00a0\u00bb][et_pb_text _builder_version=\u00a0\u00bb4.22.1&Prime; _module_preset=\u00a0\u00bbdefault\u00a0\u00bb text_text_color=\u00a0\u00bb#0a0a0a\u00a0\u00bb header_2_font=\u00a0\u00bbFigtree|700|||||||\u00a0\u00bb header_2_text_color=\u00a0\u00bb#0a0a0a\u00a0\u00bb header_2_font_size=\u00a0\u00bb25px\u00a0\u00bb header_2_line_height=\u00a0\u00bb1.6em\u00a0\u00bb custom_margin=\u00a0\u00bb||15px||false|false\u00a0\u00bb text_font_size_tablet=\u00a0\u00bb\u00a0\u00bb text_font_size_phone=\u00a0\u00bb14px\u00a0\u00bb text_font_size_last_edited=\u00a0\u00bbon|phone\u00a0\u00bb header_2_font_size_tablet=\u00a0\u00bb25px\u00a0\u00bb header_2_font_size_phone=\u00a0\u00bb18px\u00a0\u00bb header_2_font_size_last_edited=\u00a0\u00bbon|phone\u00a0\u00bb global_colors_info=\u00a0\u00bb{}\u00a0\u00bb]<\/p>\n<h2><span>Notre <span style=\"color: #e2007a;\">studio <\/span><span style=\"color: #e2007a;\">photo \u00e0 Mulhouse<\/span> est sp\u00e9cialement adapt\u00e9 pour les s\u00e9ances photos en famille avec b\u00e9b\u00e9.<br \/><\/span><\/h2>\n<p>[\/et_pb_text][et_pb_divider divider_style=\u00a0\u00bbdouble\u00a0\u00bb divider_weight=\u00a0\u00bb2px\u00a0\u00bb _builder_version=\u00a0\u00bb4.22.1&Prime; _module_preset=\u00a0\u00bbdefault\u00a0\u00bb width=\u00a0\u00bb10%\u00a0\u00bb custom_margin=\u00a0\u00bb||15px||false|false\u00a0\u00bb locked=\u00a0\u00bboff\u00a0\u00bb global_colors_info=\u00a0\u00bb{}\u00a0\u00bb][\/et_pb_divider][et_pb_text _builder_version=\u00a0\u00bb4.22.1&Prime; _module_preset=\u00a0\u00bbdefault\u00a0\u00bb header_2_font=\u00a0\u00bb|600|||||||\u00a0\u00bb header_2_text_color=\u00a0\u00bb#0a0a0a\u00a0\u00bb header_2_font_size=\u00a0\u00bb18px\u00a0\u00bb header_3_font=\u00a0\u00bb|700|||||||\u00a0\u00bb header_3_text_color=\u00a0\u00bb#0a0a0a\u00a0\u00bb header_3_font_size=\u00a0\u00bb20px\u00a0\u00bb custom_margin=\u00a0\u00bb||0px||false|false\u00a0\u00bb header_3_font_size_tablet=\u00a0\u00bb18px\u00a0\u00bb header_3_font_size_phone=\u00a0\u00bb16px\u00a0\u00bb header_3_font_size_last_edited=\u00a0\u00bbon|phone\u00a0\u00bb global_colors_info=\u00a0\u00bb{}\u00a0\u00bb]<\/p>\n<h3>Un Souvenir Pr\u00e9cieux la naissance de votre enfant.<\/h3>\n<p>[\/et_pb_text][et_pb_text _builder_version=\u00a0\u00bb4.22.1&Prime; _module_preset=\u00a0\u00bbdefault\u00a0\u00bb text_font=\u00a0\u00bbPoppins|300|||||||\u00a0\u00bb text_text_color=\u00a0\u00bb#0a0a0a\u00a0\u00bb text_font_size=\u00a0\u00bb15px\u00a0\u00bb text_line_height=\u00a0\u00bb1.9em\u00a0\u00bb header_2_font=\u00a0\u00bb|700|||||||\u00a0\u00bb header_2_text_color=\u00a0\u00bb#0a0a0a\u00a0\u00bb text_font_size_tablet=\u00a0\u00bb17px\u00a0\u00bb text_font_size_phone=\u00a0\u00bb13px\u00a0\u00bb text_font_size_last_edited=\u00a0\u00bbon|phone\u00a0\u00bb header_2_font_size_tablet=\u00a0\u00bb\u00a0\u00bb header_2_font_size_phone=\u00a0\u00bb20px\u00a0\u00bb header_2_font_size_last_edited=\u00a0\u00bbon|phone\u00a0\u00bb header_4_font_size_tablet=\u00a0\u00bb\u00a0\u00bb header_4_font_size_phone=\u00a0\u00bb15px\u00a0\u00bb header_4_font_size_last_edited=\u00a0\u00bbon|phone\u00a0\u00bb inline_fonts=\u00a0\u00bbCentury Gothic\u00a0\u00bb global_colors_info=\u00a0\u00bb{}\u00a0\u00bb]<\/p>\n<p><span>Pour r\u00e9aliser une photo de faire-part de naissance, rendez-vous de pr\u00e9f\u00e9rence dans les <span style=\"color: #e2007a;\">15 jours suivant la naissance de votre b\u00e9b\u00e9<\/span>. Vous serez accueillis dans un cadre parfaitement adapt\u00e9 au confort de votre enfant. Coussins, micro-onde pour r\u00e9chauffer un biberon, espace pour changer la couche de votre nourrisson : on s\u2019occupe de tout ! <\/span><\/p>\n<p><span>Reposez-vous sur nous le temps de votre s\u00e9ance pour <span style=\"color: #e2007a;\">un moment d\u2019amour<\/span>, de <span style=\"color: #e2007a;\">d\u00e9tente<\/span> et de <span style=\"color: #e2007a;\">plaisir<\/span> avec votre b\u00e9b\u00e9.<\/span><\/p>\n<p>[\/et_pb_text][et_pb_text _builder_version=\u00a0\u00bb4.22.1&Prime; _module_preset=\u00a0\u00bbdefault\u00a0\u00bb header_2_font=\u00a0\u00bb|600|||||||\u00a0\u00bb header_2_text_color=\u00a0\u00bb#0a0a0a\u00a0\u00bb header_2_font_size=\u00a0\u00bb18px\u00a0\u00bb header_3_font=\u00a0\u00bb|700|||||||\u00a0\u00bb header_3_text_color=\u00a0\u00bb#0a0a0a\u00a0\u00bb header_3_font_size=\u00a0\u00bb20px\u00a0\u00bb custom_margin=\u00a0\u00bb||0px||false|false\u00a0\u00bb header_3_font_size_tablet=\u00a0\u00bb18px\u00a0\u00bb header_3_font_size_phone=\u00a0\u00bb16px\u00a0\u00bb header_3_font_size_last_edited=\u00a0\u00bbon|phone\u00a0\u00bb global_colors_info=\u00a0\u00bb{}\u00a0\u00bb]<\/p>\n<h3>Une s\u00e9ance photo b\u00e9b\u00e9 \u00e0 Angers &#8230;<\/h3>\n<p>[\/et_pb_text][et_pb_text _builder_version=\u00a0\u00bb4.22.1&Prime; _module_preset=\u00a0\u00bbdefault\u00a0\u00bb text_font=\u00a0\u00bbPoppins|300|||||||\u00a0\u00bb text_text_color=\u00a0\u00bb#0a0a0a\u00a0\u00bb text_font_size=\u00a0\u00bb15px\u00a0\u00bb text_line_height=\u00a0\u00bb1.9em\u00a0\u00bb header_2_font=\u00a0\u00bb|700|||||||\u00a0\u00bb header_2_text_color=\u00a0\u00bb#0a0a0a\u00a0\u00bb text_font_size_tablet=\u00a0\u00bb17px\u00a0\u00bb text_font_size_phone=\u00a0\u00bb13px\u00a0\u00bb text_font_size_last_edited=\u00a0\u00bbon|phone\u00a0\u00bb header_2_font_size_tablet=\u00a0\u00bb\u00a0\u00bb header_2_font_size_phone=\u00a0\u00bb20px\u00a0\u00bb header_2_font_size_last_edited=\u00a0\u00bbon|phone\u00a0\u00bb header_4_font_size_tablet=\u00a0\u00bb\u00a0\u00bb header_4_font_size_phone=\u00a0\u00bb15px\u00a0\u00bb header_4_font_size_last_edited=\u00a0\u00bbon|phone\u00a0\u00bb inline_fonts=\u00a0\u00bbCentury Gothic\u00a0\u00bb global_colors_info=\u00a0\u00bb{}\u00a0\u00bb]<span>Nous vous donnons ensuite rendez-vous, <span style=\"color: #e2007a;\">sans surco\u00fbt<\/span>, 5 ou 6 mois apr\u00e8s, pour r\u00e9aliser une seconde s\u00e9ance en famille qui permettra de fixer sur la pellicule l\u2019\u00e9volution de votre enfant ! Nous r\u00e9aliserons alors les portraits et photos de famille autour de votre nouveau-n\u00e9. Portrait avec la maman, le papa, le grand fr\u00e8re ou la grande s\u0153ur\u2026 <\/span>[\/et_pb_text][\/et_pb_column][\/et_pb_row][\/et_pb_section][et_pb_section fb_built=\u00a0\u00bb1&Prime; custom_padding_last_edited=\u00a0\u00bbon|phone\u00a0\u00bb _builder_version=\u00a0\u00bb4.22.1&Prime; _module_preset=\u00a0\u00bbdefault\u00a0\u00bb background_color=\u00a0\u00bbRGBA(255,255,255,0)\u00a0\u00bb custom_padding_tablet=\u00a0\u00bb\u00a0\u00bb custom_padding_phone=\u00a0\u00bb||||false|false\u00a0\u00bb locked=\u00a0\u00bboff\u00a0\u00bb collapsed=\u00a0\u00bbon\u00a0\u00bb global_colors_info=\u00a0\u00bb{}\u00a0\u00bb][et_pb_row column_structure=\u00a0\u00bb1_2,1_2&Prime; custom_padding_last_edited=\u00a0\u00bbon|phone\u00a0\u00bb module_class=\u00a0\u00bbinverse\u00a0\u00bb _builder_version=\u00a0\u00bb4.22.1&Prime; _module_preset=\u00a0\u00bbdefault\u00a0\u00bb background_color=\u00a0\u00bbRGBA(255,255,255,0)\u00a0\u00bb custom_padding_tablet=\u00a0\u00bb\u00a0\u00bb custom_padding_phone=\u00a0\u00bb0px||0px||false|false\u00a0\u00bb global_colors_info=\u00a0\u00bb{}\u00a0\u00bb][et_pb_column type=\u00a0\u00bb1_2&Prime; _builder_version=\u00a0\u00bb4.22.1&Prime; _module_preset=\u00a0\u00bbdefault\u00a0\u00bb global_colors_info=\u00a0\u00bb{}\u00a0\u00bb][et_pb_text _builder_version=\u00a0\u00bb4.22.1&Prime; _module_preset=\u00a0\u00bbdefault\u00a0\u00bb text_font=\u00a0\u00bb|600|||||||\u00a0\u00bb header_2_font=\u00a0\u00bb|700|||||||\u00a0\u00bb header_2_font_size=\u00a0\u00bb25px\u00a0\u00bb custom_padding_tablet=\u00a0\u00bb\u00a0\u00bb custom_padding_phone=\u00a0\u00bb20px||||false|false\u00a0\u00bb custom_padding_last_edited=\u00a0\u00bbon|phone\u00a0\u00bb header_2_font_size_tablet=\u00a0\u00bb25px\u00a0\u00bb header_2_font_size_phone=\u00a0\u00bb20px\u00a0\u00bb header_2_font_size_last_edited=\u00a0\u00bbon|phone\u00a0\u00bb global_colors_info=\u00a0\u00bb{}\u00a0\u00bb]<\/p>\n<h2><span style=\"color: #000000;\">Votre Shooting Photo Grande Famille au Studio <\/span><span style=\"color: #e2007a;\">Grenadine <\/span><span style=\"color: #000000;\">\u00e0 Mulhouse<\/span><\/h2>\n<p>[\/et_pb_text][et_pb_divider divider_style=\u00a0\u00bbdouble\u00a0\u00bb divider_weight=\u00a0\u00bb2px\u00a0\u00bb _builder_version=\u00a0\u00bb4.22.1&Prime; _module_preset=\u00a0\u00bbdefault\u00a0\u00bb width=\u00a0\u00bb10%\u00a0\u00bb custom_margin=\u00a0\u00bb||15px||false|false\u00a0\u00bb locked=\u00a0\u00bboff\u00a0\u00bb global_colors_info=\u00a0\u00bb{}\u00a0\u00bb][\/et_pb_divider][et_pb_text _builder_version=\u00a0\u00bb4.22.1&Prime; _module_preset=\u00a0\u00bbdefault\u00a0\u00bb header_2_font=\u00a0\u00bb|600|||||||\u00a0\u00bb header_2_text_color=\u00a0\u00bb#0a0a0a\u00a0\u00bb header_2_font_size=\u00a0\u00bb18px\u00a0\u00bb header_3_font=\u00a0\u00bb|700|||||||\u00a0\u00bb header_3_text_color=\u00a0\u00bb#0a0a0a\u00a0\u00bb header_3_font_size=\u00a0\u00bb20px\u00a0\u00bb custom_margin=\u00a0\u00bb||0px||false|false\u00a0\u00bb header_3_font_size_tablet=\u00a0\u00bb18px\u00a0\u00bb header_3_font_size_phone=\u00a0\u00bb16px\u00a0\u00bb header_3_font_size_last_edited=\u00a0\u00bbon|phone\u00a0\u00bb global_colors_info=\u00a0\u00bb{}\u00a0\u00bb]<\/p>\n<h3><span style=\"color: #000000;\">Un Style \u00c9l\u00e9gant et Intemporel<\/span><\/h3>\n<p>[\/et_pb_text][et_pb_text _builder_version=\u00a0\u00bb4.22.1&Prime; _module_preset=\u00a0\u00bbdefault\u00a0\u00bb text_font=\u00a0\u00bbPoppins|300|||||||\u00a0\u00bb text_text_color=\u00a0\u00bb#0a0a0a\u00a0\u00bb text_font_size=\u00a0\u00bb15px\u00a0\u00bb text_line_height=\u00a0\u00bb1.9em\u00a0\u00bb header_2_font=\u00a0\u00bb|700|||||||\u00a0\u00bb header_2_text_color=\u00a0\u00bb#0a0a0a\u00a0\u00bb background_color=\u00a0\u00bbRGBA(255,255,255,0)\u00a0\u00bb custom_padding_tablet=\u00a0\u00bb\u00a0\u00bb custom_padding_phone=\u00a0\u00bb||||false|false\u00a0\u00bb custom_padding_last_edited=\u00a0\u00bbon|phone\u00a0\u00bb text_font_size_tablet=\u00a0\u00bb18px\u00a0\u00bb text_font_size_phone=\u00a0\u00bb13px\u00a0\u00bb text_font_size_last_edited=\u00a0\u00bbon|phone\u00a0\u00bb header_2_font_size_tablet=\u00a0\u00bb\u00a0\u00bb header_2_font_size_phone=\u00a0\u00bb20px\u00a0\u00bb header_2_font_size_last_edited=\u00a0\u00bbon|phone\u00a0\u00bb header_4_font_size_tablet=\u00a0\u00bb\u00a0\u00bb header_4_font_size_phone=\u00a0\u00bb15px\u00a0\u00bb header_4_font_size_last_edited=\u00a0\u00bbon|phone\u00a0\u00bb inline_fonts=\u00a0\u00bbCentury Gothic\u00a0\u00bb global_colors_info=\u00a0\u00bb{}\u00a0\u00bb]<\/p>\n<p><span style=\"font-weight: 300;\">Notre expertise en photographie \u00ab High-Key \u00bb sur fond blanc sublime chaque membre de votre grande famille. Nous conseillons \u00e0 tous de venir habill\u00e9s en jean bleu et haut blanc pour <span style=\"color: #e2007a;\">un rendu harmonieux et moderne<\/span>. Ce style sobre et \u00e9pur\u00e9 met en valeur les \u00e9motions, les expressions et la complicit\u00e9 qui vous lient.<\/span><\/p>\n<p>[\/et_pb_text][et_pb_text _builder_version=\u00a0\u00bb4.22.1&Prime; _module_preset=\u00a0\u00bbdefault\u00a0\u00bb header_2_font=\u00a0\u00bb|600|||||||\u00a0\u00bb header_2_text_color=\u00a0\u00bb#0a0a0a\u00a0\u00bb header_2_font_size=\u00a0\u00bb18px\u00a0\u00bb header_3_font=\u00a0\u00bb|700|||||||\u00a0\u00bb header_3_text_color=\u00a0\u00bb#0a0a0a\u00a0\u00bb header_3_font_size=\u00a0\u00bb20px\u00a0\u00bb custom_margin=\u00a0\u00bb||0px||false|false\u00a0\u00bb header_3_font_size_tablet=\u00a0\u00bb18px\u00a0\u00bb header_3_font_size_phone=\u00a0\u00bb16px\u00a0\u00bb header_3_font_size_last_edited=\u00a0\u00bbon|phone\u00a0\u00bb global_colors_info=\u00a0\u00bb{}\u00a0\u00bb]<\/p>\n<h3><span style=\"color: #000000;\">Une Exp\u00e9rience Conviviale et Adapt\u00e9e aux Grandes Familles<\/span><\/h3>\n<p>[\/et_pb_text][et_pb_text _builder_version=\u00a0\u00bb4.22.1&Prime; _module_preset=\u00a0\u00bbdefault\u00a0\u00bb text_font=\u00a0\u00bbPoppins|300|||||||\u00a0\u00bb text_text_color=\u00a0\u00bb#0a0a0a\u00a0\u00bb text_font_size=\u00a0\u00bb15px\u00a0\u00bb text_line_height=\u00a0\u00bb1.9em\u00a0\u00bb header_2_font=\u00a0\u00bb|700|||||||\u00a0\u00bb header_2_text_color=\u00a0\u00bb#0a0a0a\u00a0\u00bb background_color=\u00a0\u00bbRGBA(255,255,255,0)\u00a0\u00bb text_font_size_tablet=\u00a0\u00bb18px\u00a0\u00bb text_font_size_phone=\u00a0\u00bb13px\u00a0\u00bb text_font_size_last_edited=\u00a0\u00bbon|phone\u00a0\u00bb header_2_font_size_tablet=\u00a0\u00bb\u00a0\u00bb header_2_font_size_phone=\u00a0\u00bb20px\u00a0\u00bb header_2_font_size_last_edited=\u00a0\u00bbon|phone\u00a0\u00bb header_4_font_size_tablet=\u00a0\u00bb\u00a0\u00bb header_4_font_size_phone=\u00a0\u00bb15px\u00a0\u00bb header_4_font_size_last_edited=\u00a0\u00bbon|phone\u00a0\u00bb global_colors_info=\u00a0\u00bb{}\u00a0\u00bb]<\/p>\n<p><span style=\"font-weight: 300;\">Si vous d\u00e9sirez inviter les grands-parents et toute votre famille \u00e0 participer, c&rsquo;est possible.\u00a0 Votre photographe veillera \u00e0 cr\u00e9er une atmosph\u00e8re d\u00e9tendue et joyeuse pour que chaque membre, des plus petits aux plus grands, se sente \u00e0 l\u2019aise. La s\u00e9ance devient un v\u00e9ritable<span style=\"color: #e2007a;\"> moment de partage<\/span>, riche en sourires et en \u00e9clats de rire.<\/span><\/p>\n<p><span style=\"font-weight: 300;\"><\/span><\/p>\n<p><span style=\"font-weight: 300; font-size: medium;\"><span style=\"font-family: 'Century Gothic'; font-weight: normal;\">Les s\u00e9ances se d\u00e9roulent de 10h \u00e0 12h30 et de 14h \u00e0 19h. Pour toute question, vous pouvez contacter Vincent par t\u00e9l\u00e9phone au<span style=\"text-decoration: underline;\"><a href=\"tel:0389443228\"> 0389443228<\/a><\/span><\/span><\/span><\/p>\n<p>[\/et_pb_text][et_pb_button button_url=\u00a0\u00bbhttps:\/\/www.galeriegrenadine.com\/boutique\/seance-photo-naissance\/\u00a0\u00bb button_text=\u00a0\u00bbOFFREZ-VOUS UNE S\u00c9ANCE EN FAMILLE\u00a0\u00bb button_alignment=\u00a0\u00bbleft\u00a0\u00bb _builder_version=\u00a0\u00bb4.22.1&Prime; _module_preset=\u00a0\u00bbdefault\u00a0\u00bb custom_button=\u00a0\u00bbon\u00a0\u00bb button_bg_color=\u00a0\u00bb#E2007A\u00a0\u00bb button_text_size_tablet=\u00a0\u00bb\u00a0\u00bb button_text_size_phone=\u00a0\u00bb13px\u00a0\u00bb button_text_size_last_edited=\u00a0\u00bbon|phone\u00a0\u00bb global_colors_info=\u00a0\u00bb{}\u00a0\u00bb][\/et_pb_button][\/et_pb_column][et_pb_column type=\u00a0\u00bb1_2&Prime; admin_label=\u00a0\u00bbColonne\u00a0\u00bb _builder_version=\u00a0\u00bb4.22.1&Prime; _module_preset=\u00a0\u00bbdefault\u00a0\u00bb global_colors_info=\u00a0\u00bb{}\u00a0\u00bb][et_pb_image src=\u00a0\u00bbhttps:\/\/www.galeriegrenadine.com\/mulhouse\/wp-content\/uploads\/sites\/13\/2025\/02\/Seance-photo-grande-famille-Angers-49-8.jpg\u00a0\u00bb alt=\u00a0\u00bbPhotographe enfant et Famille Nice\u00a0\u00bb title_text=\u00a0\u00bbS\u00e9ance photo B\u00e9b\u00e9 Mulhouse\u00a0\u00bb _builder_version=\u00a0\u00bb4.22.1&Prime; _module_preset=\u00a0\u00bbdefault\u00a0\u00bb border_radii=\u00a0\u00bbon|5px|5px|5px|5px\u00a0\u00bb border_width_all=\u00a0\u00bb2px\u00a0\u00bb global_colors_info=\u00a0\u00bb{}\u00a0\u00bb][\/et_pb_image][\/et_pb_column][\/et_pb_row][\/et_pb_section][et_pb_section fb_built=\u00a0\u00bb1&Prime; custom_padding_last_edited=\u00a0\u00bbon|phone\u00a0\u00bb _builder_version=\u00a0\u00bb4.22.1&Prime; _module_preset=\u00a0\u00bbdefault\u00a0\u00bb background_color=\u00a0\u00bbrgba(204,204,204,0.16)\u00a0\u00bb custom_padding_tablet=\u00a0\u00bb\u00a0\u00bb custom_padding_phone=\u00a0\u00bb||||false|false\u00a0\u00bb locked=\u00a0\u00bboff\u00a0\u00bb collapsed=\u00a0\u00bbon\u00a0\u00bb global_colors_info=\u00a0\u00bb{}\u00a0\u00bb][et_pb_row column_structure=\u00a0\u00bb1_2,1_2&Prime; custom_padding_last_edited=\u00a0\u00bbon|phone\u00a0\u00bb _builder_version=\u00a0\u00bb4.22.1&Prime; _module_preset=\u00a0\u00bbdefault\u00a0\u00bb custom_padding_tablet=\u00a0\u00bb\u00a0\u00bb custom_padding_phone=\u00a0\u00bb0px||0px||false|false\u00a0\u00bb global_colors_info=\u00a0\u00bb{}\u00a0\u00bb][et_pb_column type=\u00a0\u00bb1_2&Prime; admin_label=\u00a0\u00bbColonne\u00a0\u00bb _builder_version=\u00a0\u00bb4.22.1&Prime; _module_preset=\u00a0\u00bbdefault\u00a0\u00bb global_colors_info=\u00a0\u00bb{}\u00a0\u00bb][et_pb_image src=\u00a0\u00bbhttps:\/\/www.galeriegrenadine.com\/mulhouse\/wp-content\/uploads\/sites\/13\/2025\/02\/2025-StudioGrenadine-2025-41.jpg\u00a0\u00bb alt=\u00a0\u00bbPhotographe de famille 77&Prime; title_text=\u00a0\u00bbShooting photo naissance Mulhouse\u00a0\u00bb align=\u00a0\u00bbcenter\u00a0\u00bb _builder_version=\u00a0\u00bb4.22.1&Prime; _module_preset=\u00a0\u00bbdefault\u00a0\u00bb width_tablet=\u00a0\u00bb\u00a0\u00bb width_phone=\u00a0\u00bb\u00a0\u00bb width_last_edited=\u00a0\u00bbon|phone\u00a0\u00bb min_height_tablet=\u00a0\u00bb\u00a0\u00bb min_height_phone=\u00a0\u00bb\u00a0\u00bb min_height_last_edited=\u00a0\u00bbon|phone\u00a0\u00bb height_tablet=\u00a0\u00bb\u00a0\u00bb height_phone=\u00a0\u00bb\u00a0\u00bb height_last_edited=\u00a0\u00bbon|phone\u00a0\u00bb border_radii=\u00a0\u00bbon|5px|5px|5px|5px\u00a0\u00bb border_width_all=\u00a0\u00bb2px\u00a0\u00bb global_colors_info=\u00a0\u00bb{}\u00a0\u00bb][\/et_pb_image][\/et_pb_column][et_pb_column type=\u00a0\u00bb1_2&Prime; _builder_version=\u00a0\u00bb4.22.1&Prime; _module_preset=\u00a0\u00bbdefault\u00a0\u00bb global_colors_info=\u00a0\u00bb{}\u00a0\u00bb][et_pb_text _builder_version=\u00a0\u00bb4.22.1&Prime; _module_preset=\u00a0\u00bbdefault\u00a0\u00bb text_font=\u00a0\u00bb|600|||||||\u00a0\u00bb header_2_font=\u00a0\u00bb|700|||||||\u00a0\u00bb header_2_text_color=\u00a0\u00bb#0a0a0a\u00a0\u00bb header_2_font_size=\u00a0\u00bb25px\u00a0\u00bb header_2_font_size_tablet=\u00a0\u00bb25px\u00a0\u00bb header_2_font_size_phone=\u00a0\u00bb20px\u00a0\u00bb header_2_font_size_last_edited=\u00a0\u00bbon|phone\u00a0\u00bb global_colors_info=\u00a0\u00bb{}\u00a0\u00bb]<\/p>\n<h2>Les 4 \u00e9tapes de l\u2019exp\u00e9rience <span style=\"color: #e2007a;\">Grenadine<\/span><\/h2>\n<p>[\/et_pb_text][et_pb_divider divider_style=\u00a0\u00bbdouble\u00a0\u00bb divider_weight=\u00a0\u00bb2px\u00a0\u00bb _builder_version=\u00a0\u00bb4.22.1&Prime; _module_preset=\u00a0\u00bbdefault\u00a0\u00bb width=\u00a0\u00bb10%\u00a0\u00bb custom_margin=\u00a0\u00bb||15px||false|false\u00a0\u00bb locked=\u00a0\u00bboff\u00a0\u00bb global_colors_info=\u00a0\u00bb{}\u00a0\u00bb][\/et_pb_divider][et_pb_text _builder_version=\u00a0\u00bb4.22.1&Prime; _module_preset=\u00a0\u00bbdefault\u00a0\u00bb text_font=\u00a0\u00bbPoppins||||||||\u00a0\u00bb text_text_color=\u00a0\u00bb#0a0a0a\u00a0\u00bb text_font_size=\u00a0\u00bb15px\u00a0\u00bb text_line_height=\u00a0\u00bb1.9em\u00a0\u00bb header_2_text_color=\u00a0\u00bb#0a0a0a\u00a0\u00bb header_3_font=\u00a0\u00bbFigtree||||||||\u00a0\u00bb header_3_text_color=\u00a0\u00bb#0a0a0a\u00a0\u00bb header_3_font_size=\u00a0\u00bb18px\u00a0\u00bb custom_padding=\u00a0\u00bb||0px|||\u00a0\u00bb text_font_size_tablet=\u00a0\u00bb18px\u00a0\u00bb text_font_size_phone=\u00a0\u00bb13px\u00a0\u00bb text_font_size_last_edited=\u00a0\u00bbon|phone\u00a0\u00bb text_line_height_tablet=\u00a0\u00bb1.9em\u00a0\u00bb text_line_height_phone=\u00a0\u00bb1.9em\u00a0\u00bb text_line_height_last_edited=\u00a0\u00bbon|phone\u00a0\u00bb header_font_size_tablet=\u00a0\u00bb\u00a0\u00bb header_font_size_phone=\u00a0\u00bb15px\u00a0\u00bb header_font_size_last_edited=\u00a0\u00bbon|phone\u00a0\u00bb header_line_height_tablet=\u00a0\u00bb\u00a0\u00bb header_line_height_phone=\u00a0\u00bb\u00a0\u00bb header_line_height_last_edited=\u00a0\u00bbon|phone\u00a0\u00bb header_3_font_size_tablet=\u00a0\u00bb26px\u00a0\u00bb header_3_font_size_phone=\u00a0\u00bb17px\u00a0\u00bb header_3_font_size_last_edited=\u00a0\u00bbon|phone\u00a0\u00bb inline_fonts=\u00a0\u00bbCentury Gothic\u00a0\u00bb global_colors_info=\u00a0\u00bb{}\u00a0\u00bb]<\/p>\n<div id=\"comp-lplcfg7m4\" class=\"HcOXKn c9GqVL QxJLC3 lq2cno YQcXTT comp-lplcfg7m4 wixui-rich-text\" data-testid=\"richTextElement\">\n<div id=\"comp-lplcfg7m4\" class=\"HcOXKn c9GqVL QxJLC3 lq2cno YQcXTT comp-lplcfg7m4 wixui-rich-text\" data-testid=\"richTextElement\">\n<h3 class=\"font_0 wixui-rich-text__text\"><strong><span class=\"wixui-rich-text__text\" style=\"color: #0a0a0a;\">La pr\u00e9paration : (<span style=\"color: #e2007a;\">15\/20 minutes<\/span>)<\/span><\/strong><\/h3>\n<\/div>\n<div id=\"comp-lplcfg7n2\" class=\"HcOXKn c9GqVL QxJLC3 lq2cno YQcXTT comp-lplcfg7n2 wixui-rich-text\" data-testid=\"richTextElement\">\n<p class=\"font_8 wixui-rich-text__text\"><span class=\"wixui-rich-text__text\" style=\"font-weight: 300;\">Par t\u00e9l\u00e9phone ou en Galerie, un membre de l\u2019\u00e9quipe vous sera d\u00e9di\u00e9 pour\u00a0discuter de vos attentes, du style de portrait que vous souhaitez r\u00e9aliser ainsi que des d\u00e9tails de pr\u00e9paration.<\/span><\/p>\n<p class=\"font_8 wixui-rich-text__text\"><span class=\"wixui-rich-text__text\" style=\"font-weight: normal;\"><\/span><\/p>\n<\/div>\n<div id=\"comp-lplcfg7o7\" class=\"HcOXKn c9GqVL QxJLC3 lq2cno YQcXTT comp-lplcfg7o7 wixui-rich-text\" data-testid=\"richTextElement\">\n<div id=\"comp-lplcfg7r5\" class=\"HcOXKn c9GqVL QxJLC3 lq2cno YQcXTT comp-lplcfg7r5 wixui-rich-text\" data-testid=\"richTextElement\">\n<h3 class=\"font_7 wixui-rich-text__text\"><span style=\"font-family: inherit; font-weight: normal;\"><strong><span class=\"wixui-rich-text__text\" style=\"color: #e2007a;\"><span style=\"color: #0a0000;\">La S\u00e9ance Portrait :<\/span> (<span style=\"color: #e2007a;\">1 heure<\/span>)<\/span><\/strong><\/span><\/h3>\n<\/div>\n<div id=\"comp-lplcfg7s2\" class=\"HcOXKn c9GqVL QxJLC3 lq2cno YQcXTT comp-lplcfg7s2 wixui-rich-text\" data-testid=\"richTextElement\">\n<p class=\"font_8 wixui-rich-text__text\"><span class=\"wixui-rich-text__text\" style=\"font-weight: 300;\">Votre photographe vous guidera pour prendre des poses en famille, en fratrie, en couple, <span style=\"font-size: large;\">mais \u00e9galement pour des portraits individuels\u2026 Relaxez-vous, tout va bien se passer !<\/span><\/span><\/p>\n<div id=\"comp-lplcfg7o7\" class=\"HcOXKn c9GqVL QxJLC3 lq2cno YQcXTT comp-lplcfg7o7 wixui-rich-text\" data-testid=\"richTextElement\">\n<h3 class=\"font_7 wixui-rich-text__text\"><span style=\"font-size: large; font-family: inherit; font-weight: normal;\"><strong><span class=\"wixui-rich-text__text\">Cin\u00e9ma &amp; Commande : (<span style=\"color: #e2007a;\">1 heure<\/span>)<\/span><\/strong><\/span><\/h3>\n<\/div>\n<div id=\"comp-lplcfg7p5\" class=\"HcOXKn c9GqVL QxJLC3 lq2cno YQcXTT comp-lplcfg7p5 wixui-rich-text\" data-testid=\"richTextElement\">\n<p class=\"font_8 wixui-rich-text__text\"><span class=\"wixui-rich-text__text\" style=\"font-family: 'Century Gothic'; font-weight: normal; font-size: medium;\">Votre conseill\u00e8re de l\u2019image et d\u00e9co vous pr\u00e9sentera et vous aidera \u00e0 s\u00e9lectionner les meilleurs portraits de votre s\u00e9ance pour coller au plus juste \u00e0 vos envies photographique<\/span><span class=\"wixui-rich-text__text\" style=\"font-family: 'Century Gothic'; font-weight: normal; font-size: medium;\"><\/span><\/p>\n<p class=\"font_8 wixui-rich-text__text\"><span class=\"wixui-rich-text__text\" style=\"font-family: 'Century Gothic'; font-weight: normal; font-size: medium;\"><\/span><\/p>\n<\/div>\n<p class=\"font_8 wixui-rich-text__text\"><span class=\"wixui-rich-text__text\" style=\"font-weight: normal;\"><\/span><\/p>\n<\/div>\n<\/div>\n<div id=\"comp-lplcfg7u1\" class=\"HcOXKn c9GqVL QxJLC3 lq2cno YQcXTT comp-lplcfg7u1 wixui-rich-text\" data-testid=\"richTextElement\">\n<h3 class=\"font_7 wixui-rich-text__text\"><strong><span class=\"wixui-rich-text__text\">Livraison : (<span style=\"color: #e2007a;\">15 minutes<\/span>)<\/span><\/strong><\/h3>\n<\/div>\n<div id=\"comp-lplcfg7u7\" class=\"HcOXKn c9GqVL QxJLC3 lq2cno YQcXTT comp-lplcfg7u7 wixui-rich-text\" data-testid=\"richTextElement\">\n<p class=\"font_8 wixui-rich-text__text\"><span class=\"wixui-rich-text__text\" style=\"font-weight: 300;\">Selon votre commande, le d\u00e9lai de livraison est g\u00e9n\u00e9ralement entre 3 semaines pour les tirages \u00e0 2 mois pour les \u0153uvres murales.<\/span><\/p>\n<p class=\"font_8 wixui-rich-text__text\"><span class=\"wixui-rich-text__text\" style=\"font-weight: 300;\"><\/span><\/p>\n<\/div>\n<div id=\"comp-lpldgv2s\" class=\"HcOXKn c9GqVL QxJLC3 lq2cno YQcXTT comp-lpldgv2s wixui-rich-text\" data-testid=\"richTextElement\">\n<p class=\"font_2 wixui-rich-text__text\"><span class=\"wixui-rich-text__text\" style=\"font-weight: normal; font-size: small;\"><span class=\"color_15 wixui-rich-text__text\">*si vous d\u00e9tenez une carte-cadeau ou une invitation privil\u00e8ge\u00a0<\/span>Grenadine<span class=\"color_15 wixui-rich-text__text\">, merci de venir avec le jour de votre s\u00e9ance.<\/span><\/span><\/p>\n<\/div>\n<\/div>\n<div id=\"comp-lpldgv2s\" class=\"HcOXKn c9GqVL QxJLC3 lq2cno YQcXTT comp-lpldgv2s wixui-rich-text\" data-testid=\"richTextElement\"><\/div>\n<p>[\/et_pb_text][et_pb_button button_url=\u00a0\u00bbhttps:\/\/www.galeriegrenadine.com\/boutique\/seance-photo-naissance\/\u00a0\u00bb button_text=\u00a0\u00bbOFFREZ-VOUS UNE S\u00c9ANCE EN FAMILLE\u00a0\u00bb button_alignment=\u00a0\u00bbleft\u00a0\u00bb button_alignment_tablet=\u00a0\u00bbleft\u00a0\u00bb button_alignment_phone=\u00a0\u00bbleft\u00a0\u00bb button_alignment_last_edited=\u00a0\u00bbon|phone\u00a0\u00bb _builder_version=\u00a0\u00bb4.22.1&Prime; _module_preset=\u00a0\u00bbdefault\u00a0\u00bb custom_button=\u00a0\u00bbon\u00a0\u00bb button_bg_color=\u00a0\u00bb#E2007A\u00a0\u00bb button_text_size_tablet=\u00a0\u00bb\u00a0\u00bb button_text_size_phone=\u00a0\u00bb13px\u00a0\u00bb button_text_size_last_edited=\u00a0\u00bbon|phone\u00a0\u00bb global_colors_info=\u00a0\u00bb{}\u00a0\u00bb][\/et_pb_button][\/et_pb_column][\/et_pb_row][\/et_pb_section][et_pb_section fb_built=\u00a0\u00bb1&Prime; custom_padding_last_edited=\u00a0\u00bbon|phone\u00a0\u00bb _builder_version=\u00a0\u00bb4.22.1&Prime; _module_preset=\u00a0\u00bbdefault\u00a0\u00bb custom_padding_tablet=\u00a0\u00bb\u00a0\u00bb custom_padding_phone=\u00a0\u00bb0px||0px||false|false\u00a0\u00bb locked=\u00a0\u00bboff\u00a0\u00bb collapsed=\u00a0\u00bbon\u00a0\u00bb global_colors_info=\u00a0\u00bb{}\u00a0\u00bb][et_pb_row column_structure=\u00a0\u00bb1_2,1_2&Prime; module_class=\u00a0\u00bbinverse\u00a0\u00bb _builder_version=\u00a0\u00bb4.22.1&Prime; _module_preset=\u00a0\u00bbdefault\u00a0\u00bb global_colors_info=\u00a0\u00bb{}\u00a0\u00bb][et_pb_column type=\u00a0\u00bb1_2&Prime; _builder_version=\u00a0\u00bb4.22.1&Prime; _module_preset=\u00a0\u00bbdefault\u00a0\u00bb global_colors_info=\u00a0\u00bb{}\u00a0\u00bb][et_pb_text _builder_version=\u00a0\u00bb4.22.1&Prime; _module_preset=\u00a0\u00bbdefault\u00a0\u00bb text_font=\u00a0\u00bb|600|||||||\u00a0\u00bb header_2_font=\u00a0\u00bb|700|||||||\u00a0\u00bb header_2_text_color=\u00a0\u00bb#0a0a0a\u00a0\u00bb header_2_font_size=\u00a0\u00bb25px\u00a0\u00bb custom_margin=\u00a0\u00bb||||false|false\u00a0\u00bb custom_padding_tablet=\u00a0\u00bb\u00a0\u00bb custom_padding_phone=\u00a0\u00bb20px||||false|false\u00a0\u00bb custom_padding_last_edited=\u00a0\u00bbon|phone\u00a0\u00bb header_2_font_size_tablet=\u00a0\u00bb25px\u00a0\u00bb header_2_font_size_phone=\u00a0\u00bb20px\u00a0\u00bb header_2_font_size_last_edited=\u00a0\u00bbon|phone\u00a0\u00bb global_colors_info=\u00a0\u00bb{}\u00a0\u00bb]<\/p>\n<h2>Des supports pour <span style=\"color: #e2007a;\">sublimer vos souvenirs<\/span><\/h2>\n<p>[\/et_pb_text][et_pb_text _builder_version=\u00a0\u00bb4.22.1&Prime; _module_preset=\u00a0\u00bbdefault\u00a0\u00bb text_font=\u00a0\u00bbPoppins|300|||||||\u00a0\u00bb text_text_color=\u00a0\u00bb#0a0a0a\u00a0\u00bb text_font_size=\u00a0\u00bb15px\u00a0\u00bb text_line_height=\u00a0\u00bb1.9em\u00a0\u00bb header_2_text_color=\u00a0\u00bb#0a0a0a\u00a0\u00bb header_3_font=\u00a0\u00bb|700|||||||\u00a0\u00bb header_3_text_color=\u00a0\u00bb#0a0a0a\u00a0\u00bb header_3_font_size=\u00a0\u00bb26px\u00a0\u00bb text_font_size_tablet=\u00a0\u00bb18px\u00a0\u00bb text_font_size_phone=\u00a0\u00bb13px\u00a0\u00bb text_font_size_last_edited=\u00a0\u00bbon|phone\u00a0\u00bb text_line_height_tablet=\u00a0\u00bb1.9em\u00a0\u00bb text_line_height_phone=\u00a0\u00bb1.9em\u00a0\u00bb text_line_height_last_edited=\u00a0\u00bbon|phone\u00a0\u00bb header_font_size_tablet=\u00a0\u00bb\u00a0\u00bb header_font_size_phone=\u00a0\u00bb15px\u00a0\u00bb header_font_size_last_edited=\u00a0\u00bbon|phone\u00a0\u00bb header_line_height_tablet=\u00a0\u00bb\u00a0\u00bb header_line_height_phone=\u00a0\u00bb\u00a0\u00bb header_line_height_last_edited=\u00a0\u00bbon|phone\u00a0\u00bb header_3_font_size_tablet=\u00a0\u00bb26px\u00a0\u00bb header_3_font_size_phone=\u00a0\u00bb20px\u00a0\u00bb header_3_font_size_last_edited=\u00a0\u00bbon|phone\u00a0\u00bb inline_fonts=\u00a0\u00bbCentury Gothic\u00a0\u00bb global_colors_info=\u00a0\u00bb{}\u00a0\u00bb]<\/p>\n<p><span><b>Des tirages \u00e0 l\u2019unit\u00e9<\/b>: Pr\u00eats \u00e0 \u00eatre encadr\u00e9s ou simplement conserv\u00e9s, ils mettent en valeur vos moments favoris.<\/span><\/p>\n<p><span><b>Des albums personnalis\u00e9s<\/b>: Glissez-y vos clich\u00e9s coup de c\u0153ur pour les feuilleter \u00e0 tout moment.<\/span><\/p>\n<p><span><strong>Des tableaux en bois \u00e9l\u00e9gants<\/strong>: Donnez une nouvelle dimension \u00e0 vos photos en optant pour nos tableaux en bois. Ces supports uniques et modernes ajoutent une touche de charme \u00e0 votre int\u00e9rieur. Ils sont parfaits pour sublimer vos souvenirs et habiller vos murs avec \u00e9l\u00e9gance et authenticit\u00e9.<\/span><\/p>\n<p>[\/et_pb_text][et_pb_text _builder_version=\u00a0\u00bb4.22.1&Prime; _module_preset=\u00a0\u00bbdefault\u00a0\u00bb text_font=\u00a0\u00bbPoppins|300|||||||\u00a0\u00bb text_text_color=\u00a0\u00bb#0a0a0a\u00a0\u00bb header_3_font_size=\u00a0\u00bb28px\u00a0\u00bb background_color=\u00a0\u00bbrgba(204,204,204,0.37)\u00a0\u00bb custom_padding=\u00a0\u00bb20px|20px|20px|20px|true|true\u00a0\u00bb text_font_size_tablet=\u00a0\u00bb17px\u00a0\u00bb text_font_size_phone=\u00a0\u00bb13px\u00a0\u00bb text_font_size_last_edited=\u00a0\u00bbon|phone\u00a0\u00bb header_3_font_size_tablet=\u00a0\u00bb28px\u00a0\u00bb header_3_font_size_phone=\u00a0\u00bb20px\u00a0\u00bb header_3_font_size_last_edited=\u00a0\u00bbon|phone\u00a0\u00bb border_radii=\u00a0\u00bbon|5px|5px|5px|5px\u00a0\u00bb inline_fonts=\u00a0\u00bbCentury Gothic\u00a0\u00bb global_colors_info=\u00a0\u00bb{}\u00a0\u00bb]<\/p>\n<h3><span style=\"color: #e2007a;\"><strong>Les conseils Grenadine :<\/strong><\/span><\/h3>\n<ul>\n<li><span style=\"font-family: 'Poppins'; font-weight: 300;\">R\u00e9servez votre s\u00e9ance\u00a0le matin\u00a0de pr\u00e9f\u00e9rence pour les petits.<\/span><\/li>\n<li><span style=\"font-family: 'Poppins'; font-weight: 300;\">Amenez de quoi\u00a0changer vos enfants sur place si besoin.<\/span><\/li>\n<li><span style=\"font-family: 'Poppins';\">Pensez au\u00a0doudou\u00a0et \u00e0 la\u00a0t\u00e9tine pour les plus petits.<\/span><\/li>\n<li><span style=\"font-family: 'Poppins';\">Arrivez en avance\u00a0pour ne pas v\u00e9hiculer de stress \u00e0 votre famille.<\/span><\/li>\n<\/ul>\n<p>[\/et_pb_text][et_pb_text _builder_version=\u00a0\u00bb4.22.1&Prime; _module_preset=\u00a0\u00bbdefault\u00a0\u00bb text_font=\u00a0\u00bbPoppins|300|||||||\u00a0\u00bb text_text_color=\u00a0\u00bb#0a0a0a\u00a0\u00bb header_3_font_size=\u00a0\u00bb28px\u00a0\u00bb background_color=\u00a0\u00bbrgba(204,204,204,0.37)\u00a0\u00bb custom_padding=\u00a0\u00bb20px|20px|20px|20px|true|true\u00a0\u00bb text_font_size_tablet=\u00a0\u00bb17px\u00a0\u00bb text_font_size_phone=\u00a0\u00bb13px\u00a0\u00bb text_font_size_last_edited=\u00a0\u00bbon|phone\u00a0\u00bb header_3_font_size_tablet=\u00a0\u00bb28px\u00a0\u00bb header_3_font_size_phone=\u00a0\u00bb20px\u00a0\u00bb header_3_font_size_last_edited=\u00a0\u00bbon|phone\u00a0\u00bb inline_fonts=\u00a0\u00bbCentury Gothic\u00a0\u00bb global_colors_info=\u00a0\u00bb{}\u00a0\u00bb]<\/p>\n<h3><span style=\"color: #e2007a;\"><strong>Les + Grenadine \u2026<\/strong><\/span><\/h3>\n<ul>\n<li><span style=\"font-family: 'Poppins';\">Un\u00a0espace design\u00a0pour un accueil de qualit\u00e9.<\/span><\/li>\n<li><span style=\"font-family: 'Poppins';\">Une \u00e9quipe de professionnels\u00a0\u00e0 votre \u00e9coute.<\/span><\/li>\n<li><span style=\"font-family: 'Poppins';\">Un style d\u2019images fun\u00a0et unique en France.<\/span><\/li>\n<li><span style=\"font-family: 'Poppins';\">Des mini-s\u00e9ances suppl\u00e9mentaires\u00a0offertes.<\/span><\/li>\n<\/ul>\n<p>[\/et_pb_text][et_pb_button button_url=\u00a0\u00bbhttps:\/\/www.galeriegrenadine.com\/boutique\/seance-photo-naissance\/\u00a0\u00bb button_text=\u00a0\u00bbOFFREZ-VOUS UNE S\u00c9ANCE EN FAMILLE\u00a0\u00bb button_alignment=\u00a0\u00bbleft\u00a0\u00bb button_alignment_tablet=\u00a0\u00bbleft\u00a0\u00bb button_alignment_phone=\u00a0\u00bbcenter\u00a0\u00bb button_alignment_last_edited=\u00a0\u00bbon|phone\u00a0\u00bb _builder_version=\u00a0\u00bb4.22.1&Prime; _module_preset=\u00a0\u00bbdefault\u00a0\u00bb custom_button=\u00a0\u00bbon\u00a0\u00bb button_bg_color=\u00a0\u00bb#E2007A\u00a0\u00bb button_text_size_tablet=\u00a0\u00bb\u00a0\u00bb button_text_size_phone=\u00a0\u00bb13px\u00a0\u00bb button_text_size_last_edited=\u00a0\u00bbon|phone\u00a0\u00bb global_colors_info=\u00a0\u00bb{}\u00a0\u00bb][\/et_pb_button][\/et_pb_column][et_pb_column type=\u00a0\u00bb1_2&Prime; admin_label=\u00a0\u00bbColonne\u00a0\u00bb _builder_version=\u00a0\u00bb4.22.1&Prime; _module_preset=\u00a0\u00bbdefault\u00a0\u00bb global_colors_info=\u00a0\u00bb{}\u00a0\u00bb][et_pb_image src=\u00a0\u00bbhttps:\/\/www.galeriegrenadine.com\/mulhouse\/wp-content\/uploads\/sites\/13\/2025\/02\/photographe-pro-77-14.jpg\u00a0\u00bb alt=\u00a0\u00bbPhotographe de famille 77&Prime; title_text=\u00a0\u00bbPhotographe Naissance Mulhouse\u00a0\u00bb align=\u00a0\u00bbcenter\u00a0\u00bb _builder_version=\u00a0\u00bb4.22.1&Prime; _module_preset=\u00a0\u00bbdefault\u00a0\u00bb width_tablet=\u00a0\u00bb\u00a0\u00bb width_phone=\u00a0\u00bb\u00a0\u00bb width_last_edited=\u00a0\u00bbon|phone\u00a0\u00bb min_height_tablet=\u00a0\u00bb\u00a0\u00bb min_height_phone=\u00a0\u00bb\u00a0\u00bb min_height_last_edited=\u00a0\u00bbon|phone\u00a0\u00bb height_tablet=\u00a0\u00bb\u00a0\u00bb height_phone=\u00a0\u00bb\u00a0\u00bb height_last_edited=\u00a0\u00bbon|phone\u00a0\u00bb border_radii=\u00a0\u00bbon|5px|5px|5px|5px\u00a0\u00bb border_width_all=\u00a0\u00bb2px\u00a0\u00bb global_colors_info=\u00a0\u00bb{}\u00a0\u00bb][\/et_pb_image][\/et_pb_column][\/et_pb_row][\/et_pb_section][et_pb_section fb_built=\u00a0\u00bb1&Prime; custom_padding_last_edited=\u00a0\u00bbon|phone\u00a0\u00bb _builder_version=\u00a0\u00bb4.22.1&Prime; _module_preset=\u00a0\u00bbdefault\u00a0\u00bb background_color=\u00a0\u00bbRGBA(255,255,255,0)\u00a0\u00bb custom_padding_tablet=\u00a0\u00bb\u00a0\u00bb custom_padding_phone=\u00a0\u00bb0px||||false|false\u00a0\u00bb locked=\u00a0\u00bboff\u00a0\u00bb collapsed=\u00a0\u00bbon\u00a0\u00bb global_colors_info=\u00a0\u00bb{}\u00a0\u00bb][et_pb_row _builder_version=\u00a0\u00bb4.22.1&Prime; _module_preset=\u00a0\u00bbdefault\u00a0\u00bb global_colors_info=\u00a0\u00bb{}\u00a0\u00bb][et_pb_column type=\u00a0\u00bb4_4&Prime; _builder_version=\u00a0\u00bb4.22.1&Prime; _module_preset=\u00a0\u00bbdefault\u00a0\u00bb global_colors_info=\u00a0\u00bb{}\u00a0\u00bb][et_pb_text _builder_version=\u00a0\u00bb4.22.1&Prime; _module_preset=\u00a0\u00bbdefault\u00a0\u00bb text_font=\u00a0\u00bb|700|||||||\u00a0\u00bb text_text_color=\u00a0\u00bb#0a0a0a\u00a0\u00bb text_font_size=\u00a0\u00bb35px\u00a0\u00bb header_2_font=\u00a0\u00bb|700|||||||\u00a0\u00bb header_2_font_size=\u00a0\u00bb30px\u00a0\u00bb text_orientation=\u00a0\u00bbcenter\u00a0\u00bb text_font_size_tablet=\u00a0\u00bb35px\u00a0\u00bb text_font_size_phone=\u00a0\u00bb25px\u00a0\u00bb text_font_size_last_edited=\u00a0\u00bbon|phone\u00a0\u00bb text_line_height_tablet=\u00a0\u00bb\u00a0\u00bb text_line_height_phone=\u00a0\u00bb1.2em\u00a0\u00bb text_line_height_last_edited=\u00a0\u00bbon|phone\u00a0\u00bb header_2_font_size_tablet=\u00a0\u00bb30px\u00a0\u00bb header_2_font_size_phone=\u00a0\u00bb20px\u00a0\u00bb header_2_font_size_last_edited=\u00a0\u00bbon|phone\u00a0\u00bb global_colors_info=\u00a0\u00bb{}\u00a0\u00bb]<\/p>\n<h2>D\u00e9couvrez nos <span style=\"color: #e2007a;\">photos b\u00e9b\u00e9 et naissance<\/span><\/h2>\n<p>[\/et_pb_text][\/et_pb_column][\/et_pb_row][et_pb_row column_structure=\u00a0\u00bb1_2,1_2&Prime; custom_padding_last_edited=\u00a0\u00bbon|phone\u00a0\u00bb _builder_version=\u00a0\u00bb4.22.1&Prime; _module_preset=\u00a0\u00bbdefault\u00a0\u00bb custom_padding=\u00a0\u00bb50px||||false|false\u00a0\u00bb custom_padding_tablet=\u00a0\u00bb65px||||false|false\u00a0\u00bb custom_padding_phone=\u00a0\u00bb0px||||false|false\u00a0\u00bb global_colors_info=\u00a0\u00bb{}\u00a0\u00bb][et_pb_column type=\u00a0\u00bb1_2&Prime; _builder_version=\u00a0\u00bb4.22.1&Prime; _module_preset=\u00a0\u00bbdefault\u00a0\u00bb global_colors_info=\u00a0\u00bb{}\u00a0\u00bb][et_pb_image src=\u00a0\u00bbhttps:\/\/www.galeriegrenadine.com\/mulhouse\/wp-content\/uploads\/sites\/13\/2025\/01\/photographe-pro-687.jpg\u00a0\u00bb title_text=\u00a0\u00bbShooting photo b\u00e9b\u00e9 Mulhouse 68&Prime; _builder_version=\u00a0\u00bb4.22.1&Prime; _module_preset=\u00a0\u00bbdefault\u00a0\u00bb border_radii=\u00a0\u00bbon|5px|5px|5px|5px\u00a0\u00bb border_width_all=\u00a0\u00bb1px\u00a0\u00bb global_colors_info=\u00a0\u00bb{}\u00a0\u00bb][\/et_pb_image][et_pb_image src=\u00a0\u00bbhttps:\/\/www.galeriegrenadine.com\/mulhouse\/wp-content\/uploads\/sites\/13\/2025\/02\/GRENADINE-701.jpg\u00a0\u00bb alt=\u00a0\u00bbS\u00e9ance photo b\u00e9b\u00e9 49&Prime; title_text=\u00a0\u00bbShooting photo Naissance et B\u00e9b\u00e9 Mulhouse\u00a0\u00bb _builder_version=\u00a0\u00bb4.22.1&Prime; _module_preset=\u00a0\u00bbdefault\u00a0\u00bb border_radii=\u00a0\u00bbon|5px|5px|5px|5px\u00a0\u00bb border_width_all=\u00a0\u00bb1px\u00a0\u00bb global_colors_info=\u00a0\u00bb{}\u00a0\u00bb][\/et_pb_image][\/et_pb_column][et_pb_column type=\u00a0\u00bb1_2&Prime; _builder_version=\u00a0\u00bb4.22.1&Prime; _module_preset=\u00a0\u00bbdefault\u00a0\u00bb global_colors_info=\u00a0\u00bb{}\u00a0\u00bb][et_pb_image src=\u00a0\u00bbhttps:\/\/www.galeriegrenadine.com\/mulhouse\/wp-content\/uploads\/sites\/13\/2025\/02\/2025-StudioGrenadine-2025-40.jpg\u00a0\u00bb title_text=\u00a0\u00bbshooting b\u00e9b\u00e9 Mulhouse\u00a0\u00bb _builder_version=\u00a0\u00bb4.22.1&Prime; _module_preset=\u00a0\u00bbdefault\u00a0\u00bb border_radii=\u00a0\u00bbon|5px|5px|5px|5px\u00a0\u00bb border_width_all=\u00a0\u00bb1px\u00a0\u00bb global_colors_info=\u00a0\u00bb{}\u00a0\u00bb][\/et_pb_image][et_pb_image src=\u00a0\u00bbhttps:\/\/www.galeriegrenadine.com\/mulhouse\/wp-content\/uploads\/sites\/13\/2025\/02\/2025-StudioGrenadine-2025-9.jpg\u00a0\u00bb alt=\u00a0\u00bbPhotographe de famille 77&Prime; title_text=\u00a0\u00bbS\u00e9ance photo b\u00e9b\u00e9 \u00e0 Mulhouse\u00a0\u00bb _builder_version=\u00a0\u00bb4.22.1&Prime; _module_preset=\u00a0\u00bbdefault\u00a0\u00bb border_radii=\u00a0\u00bbon|5px|5px|5px|5px\u00a0\u00bb border_width_all=\u00a0\u00bb1px\u00a0\u00bb global_colors_info=\u00a0\u00bb{}\u00a0\u00bb][\/et_pb_image][\/et_pb_column][\/et_pb_row][\/et_pb_section][et_pb_section fb_built=\u00a0\u00bb1&Prime; custom_padding_last_edited=\u00a0\u00bbon|phone\u00a0\u00bb _builder_version=\u00a0\u00bb4.22.1&Prime; _module_preset=\u00a0\u00bbdefault\u00a0\u00bb background_color=\u00a0\u00bbrgba(43,43,43,0.07)\u00a0\u00bb custom_padding=\u00a0\u00bb100px||100px||false|false\u00a0\u00bb custom_padding_tablet=\u00a0\u00bb100px||100px||false|false\u00a0\u00bb custom_padding_phone=\u00a0\u00bb30px||30px||true|false\u00a0\u00bb locked=\u00a0\u00bboff\u00a0\u00bb collapsed=\u00a0\u00bbon\u00a0\u00bb global_colors_info=\u00a0\u00bb{}\u00a0\u00bb][et_pb_row _builder_version=\u00a0\u00bb4.22.1&Prime; _module_preset=\u00a0\u00bbdefault\u00a0\u00bb global_colors_info=\u00a0\u00bb{}\u00a0\u00bb][et_pb_column type=\u00a0\u00bb4_4&Prime; _builder_version=\u00a0\u00bb4.22.1&Prime; _module_preset=\u00a0\u00bbdefault\u00a0\u00bb global_colors_info=\u00a0\u00bb{}\u00a0\u00bb][et_pb_text _builder_version=\u00a0\u00bb4.22.1&Prime; _module_preset=\u00a0\u00bbdefault\u00a0\u00bb text_font=\u00a0\u00bb|700|||||||\u00a0\u00bb text_text_color=\u00a0\u00bb#0a0a0a\u00a0\u00bb text_font_size=\u00a0\u00bb28px\u00a0\u00bb header_2_font=\u00a0\u00bb|700|||||||\u00a0\u00bb header_2_font_size=\u00a0\u00bb30px\u00a0\u00bb text_orientation=\u00a0\u00bbcenter\u00a0\u00bb custom_margin=\u00a0\u00bb||20px||false|false\u00a0\u00bb custom_padding=\u00a0\u00bb0px|0px|0px|0px|false|false\u00a0\u00bb text_font_size_tablet=\u00a0\u00bb28px\u00a0\u00bb text_font_size_phone=\u00a0\u00bb20px\u00a0\u00bb text_font_size_last_edited=\u00a0\u00bbon|phone\u00a0\u00bb header_2_font_size_tablet=\u00a0\u00bb30px\u00a0\u00bb header_2_font_size_phone=\u00a0\u00bb20px\u00a0\u00bb header_2_font_size_last_edited=\u00a0\u00bbon|phone\u00a0\u00bb global_colors_info=\u00a0\u00bb{}\u00a0\u00bb]<\/p>\n<h2>D\u00e9couvrez ce que nos clients disent de nous !<\/h2>\n<p>[\/et_pb_text][et_pb_text _builder_version=\u00a0\u00bb4.22.1&Prime; _module_preset=\u00a0\u00bbdefault\u00a0\u00bb text_font=\u00a0\u00bbPoppins|300|||||||\u00a0\u00bb text_font_size=\u00a0\u00bb15px\u00a0\u00bb text_orientation=\u00a0\u00bbcenter\u00a0\u00bb custom_padding_tablet=\u00a0\u00bb\u00a0\u00bb custom_padding_phone=\u00a0\u00bb||15px||false|false\u00a0\u00bb custom_padding_last_edited=\u00a0\u00bbon|phone\u00a0\u00bb text_font_size_tablet=\u00a0\u00bb17px\u00a0\u00bb text_font_size_phone=\u00a0\u00bb13px\u00a0\u00bb text_font_size_last_edited=\u00a0\u00bbon|phone\u00a0\u00bb global_colors_info=\u00a0\u00bb{}\u00a0\u00bb]<\/p>\n<p>Voici ce que disent nos clients sur Google apr\u00e8s leur exp\u00e9rience dans nos diff\u00e9rents studios.<\/p>\n<p>[\/et_pb_text][\/et_pb_column][\/et_pb_row][et_pb_row column_structure=\u00a0\u00bb1_4,1_4,1_4,1_4&Prime; use_custom_gutter=\u00a0\u00bbon\u00a0\u00bb gutter_width=\u00a0\u00bb2&Prime; make_equal=\u00a0\u00bbon\u00a0\u00bb custom_padding_last_edited=\u00a0\u00bbon|phone\u00a0\u00bb _builder_version=\u00a0\u00bb4.22.1&Prime; _module_preset=\u00a0\u00bbdefault\u00a0\u00bb custom_padding=\u00a0\u00bb70px||||false|false\u00a0\u00bb custom_padding_tablet=\u00a0\u00bb70px||||false|false\u00a0\u00bb custom_padding_phone=\u00a0\u00bb0px||||false|false\u00a0\u00bb global_colors_info=\u00a0\u00bb{}\u00a0\u00bb][et_pb_column type=\u00a0\u00bb1_4&Prime; _builder_version=\u00a0\u00bb4.22.1&Prime; _module_preset=\u00a0\u00bbdefault\u00a0\u00bb global_colors_info=\u00a0\u00bb{}\u00a0\u00bb][et_pb_testimonial author=\u00a0\u00bbMarie L.\u00a0\u00bb quote_icon_color=\u00a0\u00bb#e2007a\u00a0\u00bb _builder_version=\u00a0\u00bb4.22.1&Prime; _module_preset=\u00a0\u00bbdefault\u00a0\u00bb body_font=\u00a0\u00bb|300|||||||\u00a0\u00bb body_font_size=\u00a0\u00bb16px\u00a0\u00bb background_color=\u00a0\u00bb#FFFFFF\u00a0\u00bb body_font_size_tablet=\u00a0\u00bb16px\u00a0\u00bb body_font_size_phone=\u00a0\u00bb13px\u00a0\u00bb body_font_size_last_edited=\u00a0\u00bbon|phone\u00a0\u00bb global_colors_info=\u00a0\u00bb{}\u00a0\u00bb]<\/p>\n<p><em>\u00ab Une exp\u00e9rience incroyable ! Le photographe a su nous mettre \u00e0 l\u2019aise d\u00e8s le d\u00e9but. Les photos sont magnifiques et naturelles. Je recommande vivement le Studio Grenadine pour toute future maman ou famille. \u00bb<\/em><\/p>\n<p>[\/et_pb_testimonial][\/et_pb_column][et_pb_column type=\u00a0\u00bb1_4&Prime; _builder_version=\u00a0\u00bb4.22.1&Prime; _module_preset=\u00a0\u00bbdefault\u00a0\u00bb global_colors_info=\u00a0\u00bb{}\u00a0\u00bb][et_pb_testimonial author=\u00a0\u00bbSophie D.\u00a0\u00bb quote_icon_color=\u00a0\u00bb#e2007a\u00a0\u00bb _builder_version=\u00a0\u00bb4.22.1&Prime; _module_preset=\u00a0\u00bbdefault\u00a0\u00bb body_font=\u00a0\u00bb|300|||||||\u00a0\u00bb body_font_size=\u00a0\u00bb16px\u00a0\u00bb background_color=\u00a0\u00bb#FFFFFF\u00a0\u00bb body_font_size_tablet=\u00a0\u00bb16px\u00a0\u00bb body_font_size_phone=\u00a0\u00bb13px\u00a0\u00bb body_font_size_last_edited=\u00a0\u00bbon|phone\u00a0\u00bb global_colors_info=\u00a0\u00bb{}\u00a0\u00bb]<\/p>\n<p><em>\u00ab Super moment pass\u00e9 au studio ! L\u2019\u00e9quipe est tr\u00e8s professionnelle, et le rendu des photos est exceptionnel. Je suis vraiment heureuse d\u2019avoir choisi ce studio pour immortaliser ma grossesse. Merci encore ! \u00bb<\/em><\/p>\n<p>[\/et_pb_testimonial][\/et_pb_column][et_pb_column type=\u00a0\u00bb1_4&Prime; _builder_version=\u00a0\u00bb4.22.1&Prime; _module_preset=\u00a0\u00bbdefault\u00a0\u00bb global_colors_info=\u00a0\u00bb{}\u00a0\u00bb][et_pb_testimonial author=\u00a0\u00bbAm\u00e9lie G.\u00a0\u00bb quote_icon_color=\u00a0\u00bb#e2007a\u00a0\u00bb _builder_version=\u00a0\u00bb4.22.1&Prime; _module_preset=\u00a0\u00bbdefault\u00a0\u00bb body_font=\u00a0\u00bb|300|||||||\u00a0\u00bb body_font_size=\u00a0\u00bb16px\u00a0\u00bb background_color=\u00a0\u00bb#FFFFFF\u00a0\u00bb body_font_size_tablet=\u00a0\u00bb16px\u00a0\u00bb body_font_size_phone=\u00a0\u00bb13px\u00a0\u00bb body_font_size_last_edited=\u00a0\u00bbon|phone\u00a0\u00bb global_colors_info=\u00a0\u00bb{}\u00a0\u00bb]<\/p>\n<p><em>\u00ab Excellent accueil et s\u00e9ance tr\u00e8s agr\u00e9able. Le photographe a su capturer de belles \u00e9motions et a pris le temps de bien nous guider. Je reviendrai pour d\u2019autres moments familiaux. \u00bb<\/em><\/p>\n<p>[\/et_pb_testimonial][\/et_pb_column][et_pb_column type=\u00a0\u00bb1_4&Prime; _builder_version=\u00a0\u00bb4.22.1&Prime; _module_preset=\u00a0\u00bbdefault\u00a0\u00bb global_colors_info=\u00a0\u00bb{}\u00a0\u00bb][et_pb_testimonial author=\u00a0\u00bbThomas V.\u00a0\u00bb quote_icon_color=\u00a0\u00bb#e2007a\u00a0\u00bb _builder_version=\u00a0\u00bb4.22.1&Prime; _module_preset=\u00a0\u00bbdefault\u00a0\u00bb body_font=\u00a0\u00bb|300|||||||\u00a0\u00bb body_font_size=\u00a0\u00bb16px\u00a0\u00bb background_color=\u00a0\u00bb#FFFFFF\u00a0\u00bb body_font_size_tablet=\u00a0\u00bb16px\u00a0\u00bb body_font_size_phone=\u00a0\u00bb13px\u00a0\u00bb body_font_size_last_edited=\u00a0\u00bbon|phone\u00a0\u00bb global_colors_info=\u00a0\u00bb{}\u00a0\u00bb]<\/p>\n<p><em>\u00ab Tr\u00e8s belle exp\u00e9rience avec toute la famille. Les photos sont de grande qualit\u00e9, et le photographe a vraiment su capter l\u2019essence de notre complicit\u00e9. Je recommande \u00e0 100 % ! \u00bb<\/em><\/p>\n<p>[\/et_pb_testimonial][\/et_pb_column][\/et_pb_row][\/et_pb_section]<\/p>\n","protected":false},"excerpt":{"rendered":"<p>S\u00e9ance photo\u00a0\u00a0B\u00e9b\u00e9\u00a0et\u00a0Naissance, B\u00e9b\u00e9 \u00e0 Mulhouse. Shooting photo b\u00e9b\u00e9 en Haut-Rhin 68 ! Sp\u00e9cialiste de la photographie de famille depuis 2009, le studio Grenadine vous propose de r\u00e9aliser une s\u00e9ance photo de votre b\u00e9b\u00e9 dans un cadre adapt\u00e9, chaleureux et propice \u00e0 la d\u00e9tente. Dans nos locaux de Mulhouse, nous faisons de votre shooting photo b\u00e9b\u00e9 <a href=\"https:\/\/www.galeriegrenadine.com\/mulhouse\/project\/shooting-photo-bebe-mulhouse\/\" title=\"Shooting Photo B\u00e9b\u00e9\" rel=\"bookmark\">[Lire la suite]<\/a><\/p>\n","protected":false},"author":1,"featured_media":4096,"comment_status":"open","ping_status":"closed","template":"","meta":{"_et_pb_use_builder":"on","_et_pb_old_content":"<p>Marquez votre histoire en images gr\u00e2ce au studio Grenadine<strong>,<\/strong> photographe en Seine et Marne.<\/p><p>Pour un moment de votre vie, pour offrir \u00e0 votre famille ou simplement pour le plaisir, Grenadine vous propose de passer une bonne demi-heure ensemble \u00e0 discuter tout en r\u00e9alisant vos photos.<\/p><p>Pour le bon d\u00e9roulement de votre s\u00e9ance photo, **n\u2019h\u00e9sitez pas ** \u00e0 ramener une autre tenue ou quelques accessoires.<\/p><p>Les photos r\u00e9alis\u00e9es par Benoit ont une influence am\u00e9ricaine<strong>\u00a0<\/strong>: Des images funs, modernes et dynamiques. Un style unique en Seine et Marne.<\/p><p>\u00a0<\/p><h2>Qualit\u00e9s & Garanties 100%\u00a0Grenadine\u00a0!<\/h2><p>Au Studio\u00a0Grenadine, aucune mauvaise surprise\u2026 Lorsqu\u2019un rendez-vous est pris, il est\u00a0honor\u00e9\u00a0!<\/p><p>Si vous \u00eates, \u00e0 n\u2019importe quel moment,\u00a0insatisfait\u00a0de votre s\u00e9ance photo ou d\u2019un produit Grenadine, l\u2019\u00e9quipe vous\u00a0rembourse\u00a0enti\u00e8rement la prestation ou la recommence, et vous\u00a0remplace\u00a0les produits concern\u00e9s.<\/p><p>\u00a0<\/p><h1>Les + Grenadine \u2026<\/h1><ul><li>Un espace design pour un accueil de qualit\u00e9.<\/li><li>Une \u00e9quipe de professionnels\u00a0\u00e0 votre \u00e9coute.<\/li><li>Un style d\u2019image fun et unique en France.<\/li><li>Un service 100% garanti satisfait ou rembours\u00e9.<\/li><\/ul><p>L\u2019\u00e9quipe\u00a0r\u00e9pond \u00e0 vos questions\u00a0\/ Du Mardi au Samedi de 10h \u00e0 12h30 et de 14h \u00e0 18h au\u00a0<strong>01 64 37 35 85 (Melun)<\/strong>\u00a0ou au\u00a0<strong>03 83 49 11 82 (Nancy)<\/strong>\u00a0ou directement en\u00a0Galerie !<\/p>","_et_gb_content_width":"","_uf_show_specific_survey":0,"_uf_disable_surveys":false,"footnotes":""},"project_category":[],"project_tag":[],"class_list":["post-3609","project","type-project","status-publish","has-post-thumbnail","hentry"],"_links":{"self":[{"href":"https:\/\/www.galeriegrenadine.com\/mulhouse\/wp-json\/wp\/v2\/project\/3609","targetHints":{"allow":["GET"]}}],"collection":[{"href":"https:\/\/www.galeriegrenadine.com\/mulhouse\/wp-json\/wp\/v2\/project"}],"about":[{"href":"https:\/\/www.galeriegrenadine.com\/mulhouse\/wp-json\/wp\/v2\/types\/project"}],"author":[{"embeddable":true,"href":"https:\/\/www.galeriegrenadine.com\/mulhouse\/wp-json\/wp\/v2\/users\/1"}],"replies":[{"embeddable":true,"href":"https:\/\/www.galeriegrenadine.com\/mulhouse\/wp-json\/wp\/v2\/comments?post=3609"}],"version-history":[{"count":0,"href":"https:\/\/www.galeriegrenadine.com\/mulhouse\/wp-json\/wp\/v2\/project\/3609\/revisions"}],"wp:featuredmedia":[{"embeddable":true,"href":"https:\/\/www.galeriegrenadine.com\/mulhouse\/wp-json\/wp\/v2\/media\/4096"}],"wp:attachment":[{"href":"https:\/\/www.galeriegrenadine.com\/mulhouse\/wp-json\/wp\/v2\/media?parent=3609"}],"wp:term":[{"taxonomy":"project_category","embeddable":true,"href":"https:\/\/www.galeriegrenadine.com\/mulhouse\/wp-json\/wp\/v2\/project_category?post=3609"},{"taxonomy":"project_tag","embeddable":true,"href":"https:\/\/www.galeriegrenadine.com\/mulhouse\/wp-json\/wp\/v2\/project_tag?post=3609"}],"curies":[{"name":"wp","href":"https:\/\/api.w.org\/{rel}","templated":true}]}}