{"id":116,"date":"2014-08-18T15:29:02","date_gmt":"2014-08-18T13:29:02","guid":{"rendered":"https:\/\/www.galeriegrenadine.com\/mulhouse\/?page_id=116"},"modified":"2025-02-19T15:31:30","modified_gmt":"2025-02-19T13:31:30","slug":"cours-photo-amateur","status":"publish","type":"page","link":"https:\/\/www.galeriegrenadine.com\/mulhouse\/cours-photo-amateur\/","title":{"rendered":"Cours de photo pour amateur"},"content":{"rendered":"<p>[et_pb_section fb_built=\u00a0\u00bb1&Prime; _builder_version=\u00a0\u00bb4.22.1&Prime; _module_preset=\u00a0\u00bbdefault\u00a0\u00bb background_image=\u00a0\u00bbhttps:\/\/www.galeriegrenadine.com\/mulhouse\/wp-content\/uploads\/sites\/13\/2014\/08\/formation-photo-77-1.jpg\u00a0\u00bb background_position=\u00a0\u00bbtop_right\u00a0\u00bb locked=\u00a0\u00bboff\u00a0\u00bb global_colors_info=\u00a0\u00bb{}\u00a0\u00bb][et_pb_row use_custom_gutter=\u00a0\u00bbon\u00a0\u00bb make_equal=\u00a0\u00bbon\u00a0\u00bb _builder_version=\u00a0\u00bb4.22.1&Prime; _module_preset=\u00a0\u00bbdefault\u00a0\u00bb min_height=\u00a0\u00bb340px\u00a0\u00bb height=\u00a0\u00bb340px\u00a0\u00bb max_height=\u00a0\u00bb340px\u00a0\u00bb global_colors_info=\u00a0\u00bb{}\u00a0\u00bb][et_pb_column type=\u00a0\u00bb4_4&Prime; _builder_version=\u00a0\u00bb4.22.1&Prime; _module_preset=\u00a0\u00bbdefault\u00a0\u00bb global_colors_info=\u00a0\u00bb{}\u00a0\u00bb][\/et_pb_column][\/et_pb_row][\/et_pb_section][et_pb_section fb_built=\u00a0\u00bb1&Prime; admin_label=\u00a0\u00bbsection\u00a0\u00bb _builder_version=\u00a0\u00bb4.22.1&Prime; background_color=\u00a0\u00bb#F7F7F7&Prime; custom_padding=\u00a0\u00bb0|0px|0|0px|false|false\u00a0\u00bb locked=\u00a0\u00bboff\u00a0\u00bb global_colors_info=\u00a0\u00bb{}\u00a0\u00bb][et_pb_row admin_label=\u00a0\u00bbrow\u00a0\u00bb _builder_version=\u00a0\u00bb4.22.1&Prime; background_size=\u00a0\u00bbinitial\u00a0\u00bb background_position=\u00a0\u00bbtop_left\u00a0\u00bb background_repeat=\u00a0\u00bbrepeat\u00a0\u00bb custom_padding=\u00a0\u00bb50px|0px|50px|0px|false|false\u00a0\u00bb global_colors_info=\u00a0\u00bb{}\u00a0\u00bb][et_pb_column type=\u00a0\u00bb4_4&Prime; _builder_version=\u00a0\u00bb4.16&Prime; custom_padding=\u00a0\u00bb|||\u00a0\u00bb global_colors_info=\u00a0\u00bb{}\u00a0\u00bb custom_padding__hover=\u00a0\u00bb|||\u00a0\u00bb][et_pb_text admin_label=\u00a0\u00bbText\u00a0\u00bb _builder_version=\u00a0\u00bb4.22.1&Prime; header_font=\u00a0\u00bb|700|||||||\u00a0\u00bb header_text_align=\u00a0\u00bbcenter\u00a0\u00bb header_text_color=\u00a0\u00bb#0a0a0a\u00a0\u00bb background_size=\u00a0\u00bbinitial\u00a0\u00bb background_position=\u00a0\u00bbtop_left\u00a0\u00bb background_repeat=\u00a0\u00bbrepeat\u00a0\u00bb global_colors_info=\u00a0\u00bb{}\u00a0\u00bb]<\/p>\n<h1><span style=\"color: #e2007a;\">Cours de photo amateur 2h30 \/<\/span> <span style=\"color: #000000;\">Th\u00e9orie et Pratique<\/span><\/h1>\n<p>[\/et_pb_text][\/et_pb_column][\/et_pb_row][\/et_pb_section][et_pb_section fb_built=\u00a0\u00bb1&Prime; disabled_on=\u00a0\u00bboff|off|off\u00a0\u00bb _builder_version=\u00a0\u00bb4.22.1&Prime; custom_padding=\u00a0\u00bb0px||0px||false|false\u00a0\u00bb locked=\u00a0\u00bboff\u00a0\u00bb global_colors_info=\u00a0\u00bb{}\u00a0\u00bb][et_pb_row column_structure=\u00a0\u00bb1_2,1_2&Prime; custom_padding_last_edited=\u00a0\u00bbon|phone\u00a0\u00bb _builder_version=\u00a0\u00bb4.22.1&Prime; width=\u00a0\u00bb90%\u00a0\u00bb custom_padding=\u00a0\u00bb100px|0px|100px|0px|false|false\u00a0\u00bb custom_padding_tablet=\u00a0\u00bb100px|0px|100px|0px|false|false\u00a0\u00bb custom_padding_phone=\u00a0\u00bb50px||0px||false|false\u00a0\u00bb global_colors_info=\u00a0\u00bb{}\u00a0\u00bb][et_pb_column type=\u00a0\u00bb1_2&Prime; _builder_version=\u00a0\u00bb4.16&Prime; custom_padding=\u00a0\u00bb|||\u00a0\u00bb global_colors_info=\u00a0\u00bb{}\u00a0\u00bb custom_padding__hover=\u00a0\u00bb|||\u00a0\u00bb][et_pb_image src=\u00a0\u00bbhttps:\/\/www.galeriegrenadine.com\/mulhouse\/wp-content\/uploads\/sites\/13\/2019\/05\/Formation-photo-amateur-77.jpg\u00a0\u00bb alt=\u00a0\u00bbFormation photo amateur 77&Prime; title_text=\u00a0\u00bbFormation photo amateur 77&Prime; align_tablet=\u00a0\u00bbcenter\u00a0\u00bb align_phone=\u00a0\u00bbcenter\u00a0\u00bb align_last_edited=\u00a0\u00bbon|desktop\u00a0\u00bb _builder_version=\u00a0\u00bb4.22.1&Prime; custom_margin=\u00a0\u00bb||||false|false\u00a0\u00bb custom_padding=\u00a0\u00bb||||false|false\u00a0\u00bb border_radii=\u00a0\u00bbon|5px|5px|5px|5px\u00a0\u00bb border_width_all=\u00a0\u00bb2px\u00a0\u00bb global_colors_info=\u00a0\u00bb{}\u00a0\u00bb][\/et_pb_image][\/et_pb_column][et_pb_column type=\u00a0\u00bb1_2&Prime; _builder_version=\u00a0\u00bb4.16&Prime; custom_padding=\u00a0\u00bb|||\u00a0\u00bb global_colors_info=\u00a0\u00bb{}\u00a0\u00bb custom_padding__hover=\u00a0\u00bb|||\u00a0\u00bb][et_pb_text _builder_version=\u00a0\u00bb4.22.1&Prime; _module_preset=\u00a0\u00bbdefault\u00a0\u00bb header_2_font=\u00a0\u00bb|700|||||||\u00a0\u00bb header_2_font_size=\u00a0\u00bb28px\u00a0\u00bb custom_margin=\u00a0\u00bb||20px||false|false\u00a0\u00bb custom_padding=\u00a0\u00bb||||false|false\u00a0\u00bb header_2_font_size_tablet=\u00a0\u00bb28px\u00a0\u00bb header_2_font_size_phone=\u00a0\u00bb20px\u00a0\u00bb header_2_font_size_last_edited=\u00a0\u00bbon|phone\u00a0\u00bb global_colors_info=\u00a0\u00bb{}\u00a0\u00bb]<\/p>\n<h2><span style=\"color: #e2007a;\">Photographe <\/span>identit\u00e9 b\u00e9b\u00e9 \u00e0 Mulhouse<\/h2>\n<p>[\/et_pb_text][et_pb_text _builder_version=\u00a0\u00bb4.22.1&Prime; text_font=\u00a0\u00bb|300|||||||\u00a0\u00bb text_line_height=\u00a0\u00bb2em\u00a0\u00bb custom_margin=\u00a0\u00bb||15px||false|false\u00a0\u00bb custom_padding=\u00a0\u00bb||0px||false|false\u00a0\u00bb text_font_size_tablet=\u00a0\u00bb\u00a0\u00bb text_font_size_phone=\u00a0\u00bb13px\u00a0\u00bb text_font_size_last_edited=\u00a0\u00bbon|phone\u00a0\u00bb global_colors_info=\u00a0\u00bb{}\u00a0\u00bb]<\/p>\n<p style=\"text-align: left;\">Le cours se d\u00e9roule en petit comit\u00e9 de<span style=\"color: #e2007a;\"> 10\/12 personnes maximum<\/span>.<\/p>\n<p style=\"text-align: left;\">Pendant pr\u00e8s d\u20191h30, vous apprendrez <span style=\"color: #e2007a;\">les bases<\/span> de la photographie afin de vous servir au mieux de votre appareil et pouvoir r\u00e9aliser de beaux clich\u00e9s.<\/p>\n<p style=\"text-align: left;\">Les notions de diaphragme, vitesse d\u2019obturation, ISO, profondeur de champ, cadrage et r\u00e9glage n\u2019auront<span style=\"color: #e2007a;\"> plus de secrets<\/span> pour vous.<\/p>\n<p style=\"text-align: left;\">Puis direction le centre-ville de Melun pendant 30 \u00e0 45 minutes pour la mise en pratique o\u00f9 vous verrez comment apporter \u00e0 vos photos<span style=\"color: #e2007a;\"> des effets \u00e9poustouflants<\/span>.<\/p>\n<p style=\"text-align: left;\">Enfin, retour au studio autour d\u2019un d\u00e9briefing.\u00a0Ce cours vous sera dispens\u00e9 par\u00a0Benoit le photographe du Studio<span style=\"color: #e2007a;\"> Grenadine<\/span>\u00a0qui saura vous mettre \u00e0 l\u2019aise.<\/p>\n<p style=\"text-align: left;\" align=\"center\">Cette formation peut \u00eatre<span style=\"color: #e2007a;\"> compl\u00e9t\u00e9e<\/span> par une deuxi\u00e8me pour<span style=\"color: #e2007a;\"> consolider vos acquis<\/span> et vous expliquer encore bien d\u2019autres choses.<\/p>\n<p style=\"text-align: left;\" align=\"center\">C\u2019est un<span style=\"color: #e2007a;\"> moment ludique<\/span> dans la bonne humeur et la joie, comme chacune de vos visites au Studio<span style=\"color: #e2007a;\"> Grenadine<\/span>\u00a0!<\/p>\n<p style=\"text-align: left;\" align=\"center\">[\/et_pb_text][et_pb_button button_text=\u00a0\u00bbR\u00e9servez votre s\u00e9ance\u00a0\u00bb _builder_version=\u00a0\u00bb4.22.1&Prime; _module_preset=\u00a0\u00bbdefault\u00a0\u00bb custom_button=\u00a0\u00bbon\u00a0\u00bb button_bg_color=\u00a0\u00bb#E2007A\u00a0\u00bb button_font=\u00a0\u00bbFigtree|600|||||||\u00a0\u00bb global_colors_info=\u00a0\u00bb{}\u00a0\u00bb][\/et_pb_button][\/et_pb_column][\/et_pb_row][\/et_pb_section][et_pb_section fb_built=\u00a0\u00bb1&Prime; disabled_on=\u00a0\u00bboff|off|off\u00a0\u00bb _builder_version=\u00a0\u00bb4.22.1&Prime; background_color=\u00a0\u00bbRGBA(255,255,255,0)\u00a0\u00bb custom_padding=\u00a0\u00bb0|0px|0px|0px|false|false\u00a0\u00bb locked=\u00a0\u00bboff\u00a0\u00bb global_colors_info=\u00a0\u00bb{}\u00a0\u00bb][et_pb_row column_structure=\u00a0\u00bb1_2,1_2&Prime; use_custom_gutter=\u00a0\u00bbon\u00a0\u00bb make_equal=\u00a0\u00bbon\u00a0\u00bb custom_padding_last_edited=\u00a0\u00bbon|phone\u00a0\u00bb module_class=\u00a0\u00bbinverse\u00a0\u00bb _builder_version=\u00a0\u00bb4.22.1&Prime; custom_padding=\u00a0\u00bb|0px|100px|0px|false|false\u00a0\u00bb custom_padding_tablet=\u00a0\u00bb|0px|100px|0px|false|false\u00a0\u00bb custom_padding_phone=\u00a0\u00bb50px||0px||false|false\u00a0\u00bb global_colors_info=\u00a0\u00bb{}\u00a0\u00bb][et_pb_column type=\u00a0\u00bb1_2&Prime; _builder_version=\u00a0\u00bb4.16&Prime; custom_padding=\u00a0\u00bb|||\u00a0\u00bb global_colors_info=\u00a0\u00bb{}\u00a0\u00bb custom_padding__hover=\u00a0\u00bb|||\u00a0\u00bb][et_pb_text _builder_version=\u00a0\u00bb4.22.1&Prime; _module_preset=\u00a0\u00bbdefault\u00a0\u00bb header_2_font=\u00a0\u00bb|700|||||||\u00a0\u00bb header_2_font_size=\u00a0\u00bb28px\u00a0\u00bb custom_margin=\u00a0\u00bb||20px||false|false\u00a0\u00bb custom_margin_tablet=\u00a0\u00bb||20px||false|false\u00a0\u00bb custom_margin_phone=\u00a0\u00bb20px||20px||false|false\u00a0\u00bb custom_margin_last_edited=\u00a0\u00bbon|phone\u00a0\u00bb header_2_font_size_tablet=\u00a0\u00bb28px\u00a0\u00bb header_2_font_size_phone=\u00a0\u00bb20px\u00a0\u00bb header_2_font_size_last_edited=\u00a0\u00bbon|phone\u00a0\u00bb global_colors_info=\u00a0\u00bb{}\u00a0\u00bb]<\/p>\n<h2 style=\"text-align: left;\">Photographe<span style=\"color: #e2007a;\">\u00a0Passeport<\/span><\/h2>\n<p>[\/et_pb_text][et_pb_text _builder_version=\u00a0\u00bb4.22.1&Prime; text_font=\u00a0\u00bb|300|||||||\u00a0\u00bb text_line_height=\u00a0\u00bb2em\u00a0\u00bb text_font_size_tablet=\u00a0\u00bb\u00a0\u00bb text_font_size_phone=\u00a0\u00bb13px\u00a0\u00bb text_font_size_last_edited=\u00a0\u00bbon|phone\u00a0\u00bb global_colors_info=\u00a0\u00bb{}\u00a0\u00bb]<\/p>\n<p style=\"text-align: left;\" align=\"center\">Vous connaissez quelqu\u2019un qui serait <span style=\"color: #e2007a;\">heureux<\/span> d&rsquo;y participer ?<br \/>Offrez-lui notre<span style=\"color: #e2007a;\"> ch\u00e8que cadeau<\/span>\u00a0Formation photo.<\/p>\n<p style=\"text-align: left;\" align=\"center\">Contactez nous au <span style=\"color: #e2007a;\">01 64 37 35 85<\/span><\/p>\n<p style=\"text-align: left;\" align=\"center\">Cette formation est adapt\u00e9e \u00e0 toutes les marques d\u2019appareils num\u00e9riques reflex.<\/p>\n<p style=\"text-align: left;\" align=\"center\">Valeur : 39\u20ac<\/p>\n<p style=\"text-align: left;\" align=\"center\">L\u2019\u00e9quipe\u00a0r\u00e9pond \u00e0 vos questions\u00a0\/ Du Mardi au Samedi de 10h \u00e0 12h30 et de 14h \u00e0 18h au\u00a0<strong><span style=\"color: #e2007a;\">01 64 37 35 85<\/span> (Melun)<\/strong>\u00a0ou au\u00a0<strong><span style=\"color: #e2007a;\">03 83 49 11 82<\/span> (Nancy)<\/strong>\u00a0ou directement en\u00a0Galerie !<\/p>\n<p>[\/et_pb_text][et_pb_button button_text=\u00a0\u00bbR\u00e9servez votre s\u00e9ance\u00a0\u00bb _builder_version=\u00a0\u00bb4.22.1&Prime; _module_preset=\u00a0\u00bbdefault\u00a0\u00bb custom_button=\u00a0\u00bbon\u00a0\u00bb button_bg_color=\u00a0\u00bb#E2007A\u00a0\u00bb button_font=\u00a0\u00bbFigtree|600|||||||\u00a0\u00bb button_text_size_tablet=\u00a0\u00bb\u00a0\u00bb button_text_size_phone=\u00a0\u00bb13px\u00a0\u00bb button_text_size_last_edited=\u00a0\u00bbon|phone\u00a0\u00bb locked=\u00a0\u00bboff\u00a0\u00bb global_colors_info=\u00a0\u00bb{}\u00a0\u00bb][\/et_pb_button][\/et_pb_column][et_pb_column type=\u00a0\u00bb1_2&Prime; _builder_version=\u00a0\u00bb4.16&Prime; custom_padding=\u00a0\u00bb|||\u00a0\u00bb global_colors_info=\u00a0\u00bb{}\u00a0\u00bb custom_padding__hover=\u00a0\u00bb|||\u00a0\u00bb][et_pb_image src=\u00a0\u00bbhttps:\/\/www.galeriegrenadine.com\/mulhouse\/wp-content\/uploads\/sites\/13\/2020\/04\/Avion.jpg\u00a0\u00bb align_tablet=\u00a0\u00bbcenter\u00a0\u00bb align_phone=\u00a0\u00bbcenter\u00a0\u00bb align_last_edited=\u00a0\u00bbon|desktop\u00a0\u00bb _builder_version=\u00a0\u00bb4.22.1&Prime; border_radii=\u00a0\u00bbon|5px|5px|5px|5px\u00a0\u00bb border_width_all=\u00a0\u00bb2px\u00a0\u00bb global_colors_info=\u00a0\u00bb{}\u00a0\u00bb][\/et_pb_image][\/et_pb_column][\/et_pb_row][\/et_pb_section][et_pb_section fb_built=\u00a0\u00bb1&Prime; custom_padding_last_edited=\u00a0\u00bbon|phone\u00a0\u00bb _builder_version=\u00a0\u00bb4.22.1&Prime; _module_preset=\u00a0\u00bbdefault\u00a0\u00bb background_color=\u00a0\u00bbrgba(43,43,43,0.07)\u00a0\u00bb custom_padding=\u00a0\u00bb100px||100px||false|false\u00a0\u00bb custom_padding_tablet=\u00a0\u00bb100px||100px||false|false\u00a0\u00bb custom_padding_phone=\u00a0\u00bb30px||30px||true|false\u00a0\u00bb locked=\u00a0\u00bboff\u00a0\u00bb collapsed=\u00a0\u00bbon\u00a0\u00bb global_colors_info=\u00a0\u00bb{}\u00a0\u00bb][et_pb_row _builder_version=\u00a0\u00bb4.22.1&Prime; _module_preset=\u00a0\u00bbdefault\u00a0\u00bb global_colors_info=\u00a0\u00bb{}\u00a0\u00bb][et_pb_column type=\u00a0\u00bb4_4&Prime; _builder_version=\u00a0\u00bb4.22.1&Prime; _module_preset=\u00a0\u00bbdefault\u00a0\u00bb global_colors_info=\u00a0\u00bb{}\u00a0\u00bb][et_pb_text _builder_version=\u00a0\u00bb4.22.1&Prime; _module_preset=\u00a0\u00bbdefault\u00a0\u00bb text_font=\u00a0\u00bb|700|||||||\u00a0\u00bb text_text_color=\u00a0\u00bb#0a0a0a\u00a0\u00bb text_font_size=\u00a0\u00bb30px\u00a0\u00bb header_2_font=\u00a0\u00bb|700|||||||\u00a0\u00bb header_2_font_size=\u00a0\u00bb30px\u00a0\u00bb text_orientation=\u00a0\u00bbcenter\u00a0\u00bb custom_margin=\u00a0\u00bb||20px||false|false\u00a0\u00bb custom_padding=\u00a0\u00bb0px|0px|0px|0px|false|false\u00a0\u00bb text_font_size_tablet=\u00a0\u00bb28px\u00a0\u00bb text_font_size_phone=\u00a0\u00bb20px\u00a0\u00bb text_font_size_last_edited=\u00a0\u00bbon|phone\u00a0\u00bb header_2_font_size_tablet=\u00a0\u00bb30px\u00a0\u00bb header_2_font_size_phone=\u00a0\u00bb20px\u00a0\u00bb header_2_font_size_last_edited=\u00a0\u00bbon|phone\u00a0\u00bb global_colors_info=\u00a0\u00bb{}\u00a0\u00bb]<\/p>\n<h2>D\u00e9couvrez ce que nos clients disent de nous !<\/h2>\n<p>[\/et_pb_text][et_pb_text _builder_version=\u00a0\u00bb4.22.1&Prime; _module_preset=\u00a0\u00bbdefault\u00a0\u00bb text_font=\u00a0\u00bbPoppins|300|||||||\u00a0\u00bb text_font_size=\u00a0\u00bb15px\u00a0\u00bb text_orientation=\u00a0\u00bbcenter\u00a0\u00bb custom_padding_tablet=\u00a0\u00bb\u00a0\u00bb custom_padding_phone=\u00a0\u00bb||15px||false|false\u00a0\u00bb custom_padding_last_edited=\u00a0\u00bbon|phone\u00a0\u00bb text_font_size_tablet=\u00a0\u00bb17px\u00a0\u00bb text_font_size_phone=\u00a0\u00bb13px\u00a0\u00bb text_font_size_last_edited=\u00a0\u00bbon|phone\u00a0\u00bb global_colors_info=\u00a0\u00bb{}\u00a0\u00bb]<\/p>\n<p>Voici ce que disent nos clients sur Google apr\u00e8s leur exp\u00e9rience dans nos diff\u00e9rents studios.<\/p>\n<p>[\/et_pb_text][\/et_pb_column][\/et_pb_row][et_pb_row column_structure=\u00a0\u00bb1_4,1_4,1_4,1_4&Prime; use_custom_gutter=\u00a0\u00bbon\u00a0\u00bb gutter_width=\u00a0\u00bb2&Prime; make_equal=\u00a0\u00bbon\u00a0\u00bb custom_padding_last_edited=\u00a0\u00bbon|phone\u00a0\u00bb _builder_version=\u00a0\u00bb4.22.1&Prime; _module_preset=\u00a0\u00bbdefault\u00a0\u00bb custom_padding=\u00a0\u00bb70px||||false|false\u00a0\u00bb custom_padding_tablet=\u00a0\u00bb70px||||false|false\u00a0\u00bb custom_padding_phone=\u00a0\u00bb0px||||false|false\u00a0\u00bb global_colors_info=\u00a0\u00bb{}\u00a0\u00bb][et_pb_column type=\u00a0\u00bb1_4&Prime; _builder_version=\u00a0\u00bb4.22.1&Prime; _module_preset=\u00a0\u00bbdefault\u00a0\u00bb global_colors_info=\u00a0\u00bb{}\u00a0\u00bb][et_pb_testimonial author=\u00a0\u00bbMarie L.\u00a0\u00bb quote_icon_color=\u00a0\u00bb#e2007a\u00a0\u00bb _builder_version=\u00a0\u00bb4.22.1&Prime; _module_preset=\u00a0\u00bbdefault\u00a0\u00bb body_font=\u00a0\u00bb|300|||||||\u00a0\u00bb body_font_size=\u00a0\u00bb16px\u00a0\u00bb background_color=\u00a0\u00bb#FFFFFF\u00a0\u00bb body_font_size_tablet=\u00a0\u00bb16px\u00a0\u00bb body_font_size_phone=\u00a0\u00bb13px\u00a0\u00bb body_font_size_last_edited=\u00a0\u00bbon|phone\u00a0\u00bb global_colors_info=\u00a0\u00bb{}\u00a0\u00bb]<\/p>\n<p><em>\u00ab Une exp\u00e9rience incroyable ! Le photographe a su nous mettre \u00e0 l\u2019aise d\u00e8s le d\u00e9but. Les photos sont magnifiques et naturelles. Je recommande vivement le Studio Grenadine pour toute future maman ou famille. \u00bb<\/em><\/p>\n<p>[\/et_pb_testimonial][\/et_pb_column][et_pb_column type=\u00a0\u00bb1_4&Prime; _builder_version=\u00a0\u00bb4.22.1&Prime; _module_preset=\u00a0\u00bbdefault\u00a0\u00bb global_colors_info=\u00a0\u00bb{}\u00a0\u00bb][et_pb_testimonial author=\u00a0\u00bbSophie D.\u00a0\u00bb quote_icon_color=\u00a0\u00bb#e2007a\u00a0\u00bb _builder_version=\u00a0\u00bb4.22.1&Prime; _module_preset=\u00a0\u00bbdefault\u00a0\u00bb body_font=\u00a0\u00bb|300|||||||\u00a0\u00bb body_font_size=\u00a0\u00bb16px\u00a0\u00bb background_color=\u00a0\u00bb#FFFFFF\u00a0\u00bb body_font_size_tablet=\u00a0\u00bb16px\u00a0\u00bb body_font_size_phone=\u00a0\u00bb13px\u00a0\u00bb body_font_size_last_edited=\u00a0\u00bbon|phone\u00a0\u00bb global_colors_info=\u00a0\u00bb{}\u00a0\u00bb]<\/p>\n<p><em>\u00ab Super moment pass\u00e9 au studio ! L\u2019\u00e9quipe est tr\u00e8s professionnelle, et le rendu des photos est exceptionnel. Je suis vraiment heureuse d\u2019avoir choisi ce studio pour immortaliser ma grossesse. Merci encore ! \u00bb<\/em><\/p>\n<p>[\/et_pb_testimonial][\/et_pb_column][et_pb_column type=\u00a0\u00bb1_4&Prime; _builder_version=\u00a0\u00bb4.22.1&Prime; _module_preset=\u00a0\u00bbdefault\u00a0\u00bb global_colors_info=\u00a0\u00bb{}\u00a0\u00bb][et_pb_testimonial author=\u00a0\u00bbAm\u00e9lie G.\u00a0\u00bb quote_icon_color=\u00a0\u00bb#e2007a\u00a0\u00bb _builder_version=\u00a0\u00bb4.22.1&Prime; _module_preset=\u00a0\u00bbdefault\u00a0\u00bb body_font=\u00a0\u00bb|300|||||||\u00a0\u00bb body_font_size=\u00a0\u00bb16px\u00a0\u00bb background_color=\u00a0\u00bb#FFFFFF\u00a0\u00bb body_font_size_tablet=\u00a0\u00bb16px\u00a0\u00bb body_font_size_phone=\u00a0\u00bb13px\u00a0\u00bb body_font_size_last_edited=\u00a0\u00bbon|phone\u00a0\u00bb global_colors_info=\u00a0\u00bb{}\u00a0\u00bb]<\/p>\n<p><em>\u00ab Excellent accueil et s\u00e9ance tr\u00e8s agr\u00e9able. Le photographe a su capturer de belles \u00e9motions et a pris le temps de bien nous guider. Je reviendrai pour d\u2019autres moments familiaux. \u00bb<\/em><\/p>\n<p>[\/et_pb_testimonial][\/et_pb_column][et_pb_column type=\u00a0\u00bb1_4&Prime; _builder_version=\u00a0\u00bb4.22.1&Prime; _module_preset=\u00a0\u00bbdefault\u00a0\u00bb global_colors_info=\u00a0\u00bb{}\u00a0\u00bb][et_pb_testimonial author=\u00a0\u00bbThomas V.\u00a0\u00bb quote_icon_color=\u00a0\u00bb#e2007a\u00a0\u00bb _builder_version=\u00a0\u00bb4.22.1&Prime; _module_preset=\u00a0\u00bbdefault\u00a0\u00bb body_font=\u00a0\u00bb|300|||||||\u00a0\u00bb body_font_size=\u00a0\u00bb16px\u00a0\u00bb background_color=\u00a0\u00bb#FFFFFF\u00a0\u00bb body_font_size_tablet=\u00a0\u00bb16px\u00a0\u00bb body_font_size_phone=\u00a0\u00bb13px\u00a0\u00bb body_font_size_last_edited=\u00a0\u00bbon|phone\u00a0\u00bb global_colors_info=\u00a0\u00bb{}\u00a0\u00bb]<\/p>\n<p><em>\u00ab Tr\u00e8s belle exp\u00e9rience avec toute la famille. Les photos sont de grande qualit\u00e9, et le photographe a vraiment su capter l\u2019essence de notre complicit\u00e9. Je recommande \u00e0 100 % ! \u00bb<\/em><\/p>\n<p>[\/et_pb_testimonial][\/et_pb_column][\/et_pb_row][\/et_pb_section]<\/p>\n","protected":false},"excerpt":{"rendered":"<p>Cours de photo amateur 2h30 \/ Th\u00e9orie et PratiquePhotographe identit\u00e9 b\u00e9b\u00e9 \u00e0 MulhouseLe cours se d\u00e9roule en petit comit\u00e9 de 10\/12 personnes maximum. Pendant pr\u00e8s d\u20191h30, vous apprendrez les bases de la photographie afin de vous servir au mieux de votre appareil et pouvoir r\u00e9aliser de beaux clich\u00e9s. Les notions de diaphragme, vitesse d\u2019obturation, ISO, <a href=\"https:\/\/www.galeriegrenadine.com\/mulhouse\/cours-photo-amateur\/\" title=\"Cours de photo pour amateur\" rel=\"bookmark\">[Lire la suite]<\/a><\/p>\n","protected":false},"author":1,"featured_media":117,"parent":0,"menu_order":12,"comment_status":"closed","ping_status":"closed","template":"","meta":{"_et_pb_use_builder":"on","_et_pb_old_content":"[vc_row][vc_column][vc_column_text]\r\n<h2 class=\"deal-page-title\" style=\"text-align: left;\"><a href=\"https:\/\/www.galeriegrenadine.com\/mulhouse\/wp-content\/uploads\/sites\/13\/2014\/08\/formation-photo-77-1.jpg\"><img class=\" size-medium wp-image-1281 aligncenter\" src=\"https:\/\/www.galeriegrenadine.com\/mulhouse\/wp-content\/uploads\/sites\/13\/2014\/08\/formation-photo-77-1-600x400.jpg\" alt=\"formation photo 77-1\" width=\"600\" height=\"400\" \/><\/a><\/h2>\r\n<h2 class=\"deal-page-title\" style=\"text-align: left;\">Un cours de photo pour amateur de 2h30 comprenant th\u00e9orie et pratique.<\/h2>\r\n<p style=\"text-align: left;\">Le cours se d\u00e9roule en petit comit\u00e9 de<span style=\"color: #e2007a;\"> 10\/12 personnes maximum<\/span>.<\/p>\r\n<p style=\"text-align: left;\">Pendant pr\u00e8s d\u20191h30, vous apprendrez <span style=\"color: #e2007a;\">les bases<\/span> de la photographie afin de vous servir au mieux de votre appareil et pouvoir r\u00e9aliser de beaux clich\u00e9s.<\/p>\r\n<p style=\"text-align: left;\">Les notions de diaphragme, vitesse d\u2019obturation, ISO, profondeur de champ, cadrage et r\u00e9glage n\u2019auront<span style=\"color: #e2007a;\"> plus de secrets<\/span> pour vous.<\/p>\r\n<p style=\"text-align: left;\">Puis direction le centre-ville de Melun pendant 30 \u00e0 45 minutes pour la mise en pratique o\u00f9 vous verrez comment apporter \u00e0 vos photos<span style=\"color: #e2007a;\"> des effets \u00e9poustouflants<\/span>.<\/p>\r\n<p style=\"text-align: left;\">Enfin, retour au studio autour d\u2019un d\u00e9briefing.\u00a0Ce cours vous sera dispens\u00e9 par\u00a0Benoit le photographe du Studio<span style=\"color: #e2007a;\"> Grenadine<\/span>\u00a0qui saura vous mettre \u00e0 l\u2019aise.<\/p>\r\n<p style=\"text-align: left;\" align=\"center\">Cette formation peut \u00eatre<span style=\"color: #e2007a;\"> compl\u00e9t\u00e9e<\/span> par une deuxi\u00e8me pour<span style=\"color: #e2007a;\"> consolider vos acquis<\/span> et vous expliquer encore bien d\u2019autres choses.<\/p>\r\n<p style=\"text-align: left;\" align=\"center\">C\u2019est un<span style=\"color: #e2007a;\"> moment ludique<\/span> dans la bonne humeur et la joie, comme chacune de vos visites au Studio<span style=\"color: #e2007a;\"> Grenadine<\/span>\u00a0!<\/p>\r\n<p style=\"text-align: left;\" align=\"center\">Vous connaissez quelqu\u2019un qui serait <span style=\"color: #e2007a;\">heureux<\/span> d'y participer ?\r\nOffrez-lui notre<span style=\"color: #e2007a;\"> ch\u00e8que cadeau<\/span>\u00a0Formation photo.<\/p>\r\n<p style=\"text-align: left;\" align=\"center\">Contactez nous au <span style=\"color: #e2007a;\">01 64 37 35 85<\/span><\/p>\r\n<p style=\"text-align: left;\" align=\"center\">Cette formation est adapt\u00e9e \u00e0 toutes les marques d\u2019appareils num\u00e9riques reflex.<\/p>\r\n<p style=\"text-align: left;\" align=\"center\">Valeur : 39\u20ac<\/p>\r\n<p style=\"text-align: left;\" align=\"center\">L\u2019\u00e9quipe\u00a0r\u00e9pond \u00e0 vos questions\u00a0\/ Du Mardi au Samedi de 10h \u00e0 12h30 et de 14h \u00e0 18h au\u00a0<strong><span style=\"color: #e2007a;\">01 64 37 35 85<\/span> (Melun)<\/strong>\u00a0ou au\u00a0<strong><span style=\"color: #e2007a;\">03 83 49 11 82<\/span> (Nancy)<\/strong>\u00a0ou directement en\u00a0Galerie !<\/p>\r\n[gallery ids=\"252,254,117\"]\r\n<p style=\"text-align: center;\"><a href=\"https:\/\/www.galeriegrenadine.com\/mulhouse\/wp-content\/uploads\/sites\/13\/2014\/08\/bas-lettre.jpg\">.<img class=\"aligncenter size-medium wp-image-1283\" src=\"https:\/\/www.galeriegrenadine.com\/mulhouse\/wp-content\/uploads\/sites\/13\/2014\/08\/bas-lettre-600x27.jpg\" alt=\"bas lettre\" width=\"600\" height=\"27\" \/><\/a><\/p>\r\n[\/vc_column_text][vc_column_text]\r\n\r\n[\/vc_column_text][\/vc_column][\/vc_row][vc_row][vc_column][\/vc_column][\/vc_row][vc_row][vc_column][product_page id=\"1358\"][\/vc_column][\/vc_row]","_et_gb_content_width":"","_uf_show_specific_survey":0,"_uf_disable_surveys":false,"footnotes":""},"class_list":["post-116","page","type-page","status-publish","has-post-thumbnail","hentry"],"_links":{"self":[{"href":"https:\/\/www.galeriegrenadine.com\/mulhouse\/wp-json\/wp\/v2\/pages\/116","targetHints":{"allow":["GET"]}}],"collection":[{"href":"https:\/\/www.galeriegrenadine.com\/mulhouse\/wp-json\/wp\/v2\/pages"}],"about":[{"href":"https:\/\/www.galeriegrenadine.com\/mulhouse\/wp-json\/wp\/v2\/types\/page"}],"author":[{"embeddable":true,"href":"https:\/\/www.galeriegrenadine.com\/mulhouse\/wp-json\/wp\/v2\/users\/1"}],"replies":[{"embeddable":true,"href":"https:\/\/www.galeriegrenadine.com\/mulhouse\/wp-json\/wp\/v2\/comments?post=116"}],"version-history":[{"count":0,"href":"https:\/\/www.galeriegrenadine.com\/mulhouse\/wp-json\/wp\/v2\/pages\/116\/revisions"}],"wp:featuredmedia":[{"embeddable":true,"href":"https:\/\/www.galeriegrenadine.com\/mulhouse\/wp-json\/wp\/v2\/media\/117"}],"wp:attachment":[{"href":"https:\/\/www.galeriegrenadine.com\/mulhouse\/wp-json\/wp\/v2\/media?parent=116"}],"curies":[{"name":"wp","href":"https:\/\/api.w.org\/{rel}","templated":true}]}}