{"version":"1.0","provider_name":"Grenadine Photographe Melun","provider_url":"https:\/\/www.galeriegrenadine.com\/melun","author_name":"admingrenad","author_url":"https:\/\/www.galeriegrenadine.com\/melun\/blog\/author\/admingrenad\/","title":"Id\u00e9e cadeau f\u00eate des p\u00e8res ! - Grenadine Photographe Melun","type":"rich","width":600,"height":338,"html":"<blockquote class=\"wp-embedded-content\" data-secret=\"G0yQLbDvXY\"><a href=\"https:\/\/www.galeriegrenadine.com\/melun\/blog\/2013\/06\/06\/idee-cadeau-fete-des-peres\/\">Id\u00e9e cadeau f\u00eate des p\u00e8res !<\/a><\/blockquote><iframe sandbox=\"allow-scripts\" security=\"restricted\" src=\"https:\/\/www.galeriegrenadine.com\/melun\/blog\/2013\/06\/06\/idee-cadeau-fete-des-peres\/embed\/#?secret=G0yQLbDvXY\" width=\"600\" height=\"338\" title=\"\u00ab\u00a0Id\u00e9e cadeau f\u00eate des p\u00e8res !\u00a0\u00bb &#8212; Grenadine Photographe Melun\" data-secret=\"G0yQLbDvXY\" frameborder=\"0\" marginwidth=\"0\" marginheight=\"0\" scrolling=\"no\" class=\"wp-embedded-content\"><\/iframe><script type=\"text\/javascript\">\n\/* <![CDATA[ *\/\n\/*! This file is auto-generated *\/\n!function(d,l){\"use strict\";l.querySelector&&d.addEventListener&&\"undefined\"!=typeof URL&&(d.wp=d.wp||{},d.wp.receiveEmbedMessage||(d.wp.receiveEmbedMessage=function(e){var t=e.data;if((t||t.secret||t.message||t.value)&&!\/[^a-zA-Z0-9]\/.test(t.secret)){for(var s,r,n,a=l.querySelectorAll('iframe[data-secret=\"'+t.secret+'\"]'),o=l.querySelectorAll('blockquote[data-secret=\"'+t.secret+'\"]'),c=new RegExp(\"^https?:$\",\"i\"),i=0;i<o.length;i++)o[i].style.display=\"none\";for(i=0;i<a.length;i++)s=a[i],e.source===s.contentWindow&&(s.removeAttribute(\"style\"),\"height\"===t.message?(1e3<(r=parseInt(t.value,10))?r=1e3:~~r<200&&(r=200),s.height=r):\"link\"===t.message&&(r=new URL(s.getAttribute(\"src\")),n=new URL(t.value),c.test(n.protocol))&&n.host===r.host&&l.activeElement===s&&(d.top.location.href=t.value))}},d.addEventListener(\"message\",d.wp.receiveEmbedMessage,!1),l.addEventListener(\"DOMContentLoaded\",function(){for(var e,t,s=l.querySelectorAll(\"iframe.wp-embedded-content\"),r=0;r<s.length;r++)(t=(e=s[r]).getAttribute(\"data-secret\"))||(t=Math.random().toString(36).substring(2,12),e.src+=\"#?secret=\"+t,e.setAttribute(\"data-secret\",t)),e.contentWindow.postMessage({message:\"ready\",secret:t},\"*\")},!1)))}(window,document);\n\/* ]]> *\/\n<\/script>\n","thumbnail_url":"https:\/\/www.galeriegrenadine.com\/melun\/wp-content\/uploads\/sites\/4\/2014\/08\/Mardon-9.jpg","thumbnail_width":1200,"thumbnail_height":694,"description":"Notre studio photo {Grenadine} propose jusqu\u2019au 16 Juin 2013 une offre sp\u00e9ciale F\u00eate des P\u00e8res avec un shooting photo avec les enfants avant cette date et\u00a0une autre s\u00e9ance apr\u00e8s avec toute la famille. Un\u00a0cadeau original\u00a0mais surtout inoubliable pour seulement\u00a077\u20ac\u00a0 !!! Pendant cette premi\u00e8re demi-heure, nous avons r\u00e9alis\u00e9 des photos de maman avec les enfants, des [Lire la suite]"}