{"id":2,"date":"2014-08-08T16:27:19","date_gmt":"2014-08-08T16:27:19","guid":{"rendered":"https:\/\/www.galeriegrenadine.com\/fontainebleau\/?page_id=2"},"modified":"2026-04-29T12:20:38","modified_gmt":"2026-04-29T10:20:38","slug":"photographe-photo-identite-fontainebleau","status":"publish","type":"page","link":"https:\/\/www.galeriegrenadine.com\/fontainebleau\/","title":{"rendered":"Accueil"},"content":{"rendered":"<p>[et_pb_section fb_built=\u00a0\u00bb1&Prime; custom_padding_last_edited=\u00a0\u00bbon|desktop\u00a0\u00bb disabled_on=\u00a0\u00bboff|off|off\u00a0\u00bb _builder_version=\u00a0\u00bb4.22.1&Prime; _module_preset=\u00a0\u00bbdefault\u00a0\u00bb background_color=\u00a0\u00bbRGBA(255,255,255,0)\u00a0\u00bb custom_padding=\u00a0\u00bb150px||150px||false|false\u00a0\u00bb custom_padding_tablet=\u00a0\u00bb80px||80px||false|false\u00a0\u00bb custom_padding_phone=\u00a0\u00bb0px||0px||false|false\u00a0\u00bb locked=\u00a0\u00bboff\u00a0\u00bb collapsed=\u00a0\u00bbon\u00a0\u00bb global_colors_info=\u00a0\u00bb{}\u00a0\u00bb][et_pb_row column_structure=\u00a0\u00bb1_2,1_2&Prime; use_custom_gutter=\u00a0\u00bbon\u00a0\u00bb make_equal=\u00a0\u00bbon\u00a0\u00bb custom_padding_last_edited=\u00a0\u00bboff|desktop\u00a0\u00bb module_class=\u00a0\u00bbinverse\u00a0\u00bb _builder_version=\u00a0\u00bb4.22.1&Prime; _module_preset=\u00a0\u00bbdefault\u00a0\u00bb max_width=\u00a0\u00bb1920px\u00a0\u00bb collapsed=\u00a0\u00bbon\u00a0\u00bb global_colors_info=\u00a0\u00bb{}\u00a0\u00bb][et_pb_column type=\u00a0\u00bb1_2&Prime; _builder_version=\u00a0\u00bb4.22.1&Prime; _module_preset=\u00a0\u00bbdefault\u00a0\u00bb global_colors_info=\u00a0\u00bb{}\u00a0\u00bb][et_pb_text _builder_version=\u00a0\u00bb4.22.1&Prime; _module_preset=\u00a0\u00bbdefault\u00a0\u00bb text_font=\u00a0\u00bb|300|||||||\u00a0\u00bb text_text_color=\u00a0\u00bb#0a0a0a\u00a0\u00bb text_font_size=\u00a0\u00bb18px\u00a0\u00bb header_font=\u00a0\u00bbFigtree|700|||||||\u00a0\u00bb header_text_color=\u00a0\u00bb#0a0a0a\u00a0\u00bb header_2_font=\u00a0\u00bb|700|||||||\u00a0\u00bb header_2_text_color=\u00a0\u00bb#0f0f0f\u00a0\u00bb custom_margin=\u00a0\u00bb||0px||false|false\u00a0\u00bb custom_margin_tablet=\u00a0\u00bb\u00a0\u00bb custom_margin_phone=\u00a0\u00bb||0px||false|false\u00a0\u00bb custom_margin_last_edited=\u00a0\u00bbon|phone\u00a0\u00bb custom_padding=\u00a0\u00bb||0px||false|false\u00a0\u00bb custom_padding_tablet=\u00a0\u00bb\u00a0\u00bb custom_padding_phone=\u00a0\u00bb20px||0px||false|false\u00a0\u00bb custom_padding_last_edited=\u00a0\u00bbon|phone\u00a0\u00bb text_font_size_tablet=\u00a0\u00bb18px\u00a0\u00bb text_font_size_phone=\u00a0\u00bb17px\u00a0\u00bb text_font_size_last_edited=\u00a0\u00bbon|phone\u00a0\u00bb header_font_size_tablet=\u00a0\u00bb\u00a0\u00bb header_font_size_phone=\u00a0\u00bb20px\u00a0\u00bb header_font_size_last_edited=\u00a0\u00bbon|phone\u00a0\u00bb global_colors_info=\u00a0\u00bb{}\u00a0\u00bb]<\/p>\n<h1 style=\"text-align: left;\">Shooting photo <span style=\"color: #e2007a;\">Famille<\/span>, B\u00e9b\u00e9, Grossesse et Portrait <span style=\"color: #e2007a;\">Fontainebleau (77)<\/span>.<\/h1>\n<p>[\/et_pb_text][et_pb_text _builder_version=\u00a0\u00bb4.22.1&Prime; _module_preset=\u00a0\u00bbdefault\u00a0\u00bb text_font=\u00a0\u00bbPoppins|300|||||||\u00a0\u00bb text_text_color=\u00a0\u00bb#0a0a0a\u00a0\u00bb text_font_size=\u00a0\u00bb15px\u00a0\u00bb text_line_height=\u00a0\u00bb2em\u00a0\u00bb text_font_size_tablet=\u00a0\u00bb\u00a0\u00bb text_font_size_phone=\u00a0\u00bb13px\u00a0\u00bb text_font_size_last_edited=\u00a0\u00bbon|phone\u00a0\u00bb inline_fonts=\u00a0\u00bbCentury Gothic\u00a0\u00bb global_colors_info=\u00a0\u00bb{}\u00a0\u00bb]<\/p>\n<p style=\"text-align: left;\">Bienvenue au Studio <span style=\"color: #e2007a;\">Grenadine<\/span> Fontainebleau Photographe de famille, grande famille, grossesse, naissance et b\u00e9b\u00e9. Toutes nos s\u00e9ances photos sont uniquement sur rendez-vous du Mardi au Samedi de 10h \u00e0 12h30 et de 14h \u00e0 18h.<\/p>\n<p style=\"text-align: left;\">Envie d&rsquo;en parler ? Appelez-nous au <strong><a href=\"tel:0160574103\"><span style=\"text-decoration: underline;\">0160574103<\/span><\/a><\/strong>. Nous sommes l\u00e0 pour r\u00e9pondre \u00e0 toutes vos questions.<strong><\/strong><\/p>\n<p style=\"text-align: left;\">Nous vous souhaitons une agr\u00e9able visite sur notre site et n&rsquo;h\u00e9sitez pas \u00e0 rejoindre la fan page <strong><a title=\"Facebook\" href=\"https:\/\/www.facebook.com\/GalerieGrenadine?ref=bookmarks\" target=\"_blank\" rel=\"noopener noreferrer\">Facebook <\/a>&amp; <a href=\"https:\/\/www.instagram.com\/studiogrenadineofficiel\/\">Instagram <\/a><\/strong>pour suivre nos actualit\u00e9s et nos offres exceptionnelles.<\/p>\n<p>[\/et_pb_text][et_pb_button button_url=\u00a0\u00bbhttps:\/\/www.galeriegrenadine.com\/boutique\/\u00a0\u00bb button_text=\u00a0\u00bbACHETER UN BON CADEAU\u00a0\u00bb button_alignment=\u00a0\u00bbleft\u00a0\u00bb _builder_version=\u00a0\u00bb4.22.1&Prime; _module_preset=\u00a0\u00bbdefault\u00a0\u00bb custom_button=\u00a0\u00bbon\u00a0\u00bb button_text_color=\u00a0\u00bb#FFFFFF\u00a0\u00bb button_bg_color=\u00a0\u00bb#E2007A\u00a0\u00bb button_font=\u00a0\u00bbFigtree||||||||\u00a0\u00bb button_text_size_tablet=\u00a0\u00bb\u00a0\u00bb button_text_size_phone=\u00a0\u00bb13px\u00a0\u00bb button_text_size_last_edited=\u00a0\u00bbon|phone\u00a0\u00bb global_colors_info=\u00a0\u00bb{}\u00a0\u00bb][\/et_pb_button][\/et_pb_column][et_pb_column type=\u00a0\u00bb1_2&Prime; _builder_version=\u00a0\u00bb4.22.1&Prime; _module_preset=\u00a0\u00bbdefault\u00a0\u00bb global_colors_info=\u00a0\u00bb{}\u00a0\u00bb][et_pb_image src=\u00a0\u00bbhttps:\/\/www.galeriegrenadine.com\/fontainebleau\/wp-content\/uploads\/sites\/18\/2026\/04\/Des-bisous-des-sourires-et-calins.jpg\u00a0\u00bb title_text=\u00a0\u00bbs\u00e9ance photo grossesse fontainebleau 77&Prime; url=\u00a0\u00bbhttps:\/\/www.galeriegrenadine.com\/boutique\/seance-photo-amoureux\/\u00a0\u00bb show_bottom_space_tablet=\u00a0\u00bb\u00a0\u00bb show_bottom_space_phone=\u00a0\u00bbon\u00a0\u00bb show_bottom_space_last_edited=\u00a0\u00bbon|phone\u00a0\u00bb _builder_version=\u00a0\u00bb4.22.1&Prime; _module_preset=\u00a0\u00bbdefault\u00a0\u00bb border_radii=\u00a0\u00bbon|5px|5px|5px|5px\u00a0\u00bb global_colors_info=\u00a0\u00bb{}\u00a0\u00bb][\/et_pb_image][\/et_pb_column][\/et_pb_row][\/et_pb_section][et_pb_section fb_built=\u00a0\u00bb1&Prime; _builder_version=\u00a0\u00bb4.22.1&Prime; background_color=\u00a0\u00bb#F7F7F7&Prime; custom_padding=\u00a0\u00bb0px|0px|0px|0px|false|false\u00a0\u00bb locked=\u00a0\u00bboff\u00a0\u00bb collapsed=\u00a0\u00bbon\u00a0\u00bb global_colors_info=\u00a0\u00bb{}\u00a0\u00bb][et_pb_row custom_padding_last_edited=\u00a0\u00bbon|phone\u00a0\u00bb _builder_version=\u00a0\u00bb4.22.1&Prime; background_size=\u00a0\u00bbinitial\u00a0\u00bb background_position=\u00a0\u00bbtop_left\u00a0\u00bb background_repeat=\u00a0\u00bbrepeat\u00a0\u00bb custom_padding=\u00a0\u00bb80px|0px|80px|0px|false|false\u00a0\u00bb custom_padding_tablet=\u00a0\u00bb80px|0px|80px|0px|false|false\u00a0\u00bb custom_padding_phone=\u00a0\u00bb30px|0px|30px|0px|false|false\u00a0\u00bb global_colors_info=\u00a0\u00bb{}\u00a0\u00bb][et_pb_column type=\u00a0\u00bb4_4&Prime; _builder_version=\u00a0\u00bb4.16&Prime; custom_padding=\u00a0\u00bb|||\u00a0\u00bb global_colors_info=\u00a0\u00bb{}\u00a0\u00bb custom_padding__hover=\u00a0\u00bb|||\u00a0\u00bb][et_pb_text _builder_version=\u00a0\u00bb4.22.1&Prime; text_font=\u00a0\u00bb||||||||\u00a0\u00bb text_text_color=\u00a0\u00bb#0a0a0a\u00a0\u00bb text_font_size=\u00a0\u00bb16px\u00a0\u00bb text_line_height=\u00a0\u00bb1.8em\u00a0\u00bb header_font=\u00a0\u00bb|700|||||||\u00a0\u00bb header_text_align=\u00a0\u00bbcenter\u00a0\u00bb header_text_color=\u00a0\u00bb#0a0a0a\u00a0\u00bb header_font_size=\u00a0\u00bb36px\u00a0\u00bb header_2_font=\u00a0\u00bbFigtree|700|||||||\u00a0\u00bb header_2_text_color=\u00a0\u00bb#0a0a0a\u00a0\u00bb width=\u00a0\u00bb100%\u00a0\u00bb module_alignment=\u00a0\u00bbcenter\u00a0\u00bb header_font_size_tablet=\u00a0\u00bb36px\u00a0\u00bb header_font_size_phone=\u00a0\u00bb17px\u00a0\u00bb header_font_size_last_edited=\u00a0\u00bbon|phone\u00a0\u00bb header_2_font_size_tablet=\u00a0\u00bb\u00a0\u00bb header_2_font_size_phone=\u00a0\u00bb20px\u00a0\u00bb header_2_font_size_last_edited=\u00a0\u00bbon|phone\u00a0\u00bb global_colors_info=\u00a0\u00bb{}\u00a0\u00bb]<\/p>\n<h2 style=\"text-align: center;\">Shooting photo <span style=\"color: #e2007a;\">Famille<\/span>, B\u00e9b\u00e9, Grossesse et Portrait <span style=\"color: #e2007a;\">\u00e0 Fontainebleau <span style=\"color: #0a0000;\">en seine et marne<\/span><\/span><span style=\"color: #0a0000;\">.<\/span><\/h2>\n<h2 style=\"text-align: center;\">Un <span style=\"color: #e2007a;\">divertissement<\/span> en famille dans un espace <span style=\"color: #e2007a;\">unique<\/span> et <span style=\"color: #e2007a;\">design<\/span> !<\/h2>\n<p>[\/et_pb_text][\/et_pb_column][\/et_pb_row][\/et_pb_section][et_pb_section fb_built=\u00a0\u00bb1&Prime; custom_padding_last_edited=\u00a0\u00bbon|phone\u00a0\u00bb _builder_version=\u00a0\u00bb4.22.1&Prime; _module_preset=\u00a0\u00bbdefault\u00a0\u00bb custom_padding_tablet=\u00a0\u00bb\u00a0\u00bb custom_padding_phone=\u00a0\u00bb||0px||false|false\u00a0\u00bb locked=\u00a0\u00bboff\u00a0\u00bb collapsed=\u00a0\u00bbon\u00a0\u00bb global_colors_info=\u00a0\u00bb{}\u00a0\u00bb][et_pb_row column_structure=\u00a0\u00bb1_2,1_2&Prime; use_custom_gutter=\u00a0\u00bbon\u00a0\u00bb gutter_width=\u00a0\u00bb1&Prime; make_equal=\u00a0\u00bbon\u00a0\u00bb custom_padding_last_edited=\u00a0\u00bbon|phone\u00a0\u00bb _builder_version=\u00a0\u00bb4.22.1&Prime; _module_preset=\u00a0\u00bbdefault\u00a0\u00bb max_width=\u00a0\u00bb1920px\u00a0\u00bb custom_padding_tablet=\u00a0\u00bb\u00a0\u00bb custom_padding_phone=\u00a0\u00bb0px||||false|false\u00a0\u00bb custom_css_main_element=\u00a0\u00bbalign-items:center;\u00a0\u00bb global_colors_info=\u00a0\u00bb{}\u00a0\u00bb][et_pb_column type=\u00a0\u00bb1_2&Prime; _builder_version=\u00a0\u00bb4.22.1&Prime; _module_preset=\u00a0\u00bbdefault\u00a0\u00bb global_colors_info=\u00a0\u00bb{}\u00a0\u00bb][et_pb_image src=\u00a0\u00bbhttps:\/\/www.galeriegrenadine.com\/melun\/wp-content\/uploads\/sites\/4\/2025\/03\/1-Studio-Grenadine-7.jpg\u00a0\u00bb alt=\u00a0\u00bbse\u0301ance photo en famille \u00e0 melun 77&Prime; title_text=\u00a0\u00bbphotographe famille paris\u00a0\u00bb _builder_version=\u00a0\u00bb4.22.1&Prime; _module_preset=\u00a0\u00bbdefault\u00a0\u00bb border_radii=\u00a0\u00bbon|5px|5px|5px|5px\u00a0\u00bb border_width_all=\u00a0\u00bb2px\u00a0\u00bb global_colors_info=\u00a0\u00bb{}\u00a0\u00bb][\/et_pb_image][\/et_pb_column][et_pb_column type=\u00a0\u00bb1_2&Prime; _builder_version=\u00a0\u00bb4.22.1&Prime; _module_preset=\u00a0\u00bbdefault\u00a0\u00bb global_colors_info=\u00a0\u00bb{}\u00a0\u00bb][et_pb_text _builder_version=\u00a0\u00bb4.22.1&Prime; _module_preset=\u00a0\u00bbdefault\u00a0\u00bb text_font=\u00a0\u00bbFigtree|700|||||||\u00a0\u00bb text_text_color=\u00a0\u00bb#0a0a0a\u00a0\u00bb header_2_font=\u00a0\u00bbFigtree|700|||||||\u00a0\u00bb header_2_text_align=\u00a0\u00bbleft\u00a0\u00bb header_2_text_color=\u00a0\u00bb#0a0a0a\u00a0\u00bb header_2_font_size=\u00a0\u00bb30px\u00a0\u00bb text_orientation=\u00a0\u00bbcenter\u00a0\u00bb custom_padding_tablet=\u00a0\u00bb\u00a0\u00bb custom_padding_phone=\u00a0\u00bb20px||||false|false\u00a0\u00bb custom_padding_last_edited=\u00a0\u00bbon|phone\u00a0\u00bb hover_enabled=\u00a0\u00bb0&Prime; header_2_font_size_tablet=\u00a0\u00bb30px\u00a0\u00bb header_2_font_size_phone=\u00a0\u00bb20px\u00a0\u00bb header_2_font_size_last_edited=\u00a0\u00bbon|phone\u00a0\u00bb global_colors_info=\u00a0\u00bb{}\u00a0\u00bb sticky_enabled=\u00a0\u00bb0&Prime;]<\/p>\n<h2><span style=\"color: #e2007a;\">Photographe de Famille <span style=\"color: #0a0300;\">\u00e0 Fontainebleau 77<\/span><\/span><\/h2>\n<p>[\/et_pb_text][et_pb_text _builder_version=\u00a0\u00bb4.22.1&Prime; _module_preset=\u00a0\u00bbdefault\u00a0\u00bb text_font=\u00a0\u00bbPoppins|300|||||||\u00a0\u00bb text_text_color=\u00a0\u00bb#0a0a0a\u00a0\u00bb text_font_size=\u00a0\u00bb15px\u00a0\u00bb text_line_height=\u00a0\u00bb1.8em\u00a0\u00bb custom_margin_tablet=\u00a0\u00bb\u00a0\u00bb custom_margin_phone=\u00a0\u00bb||||false|false\u00a0\u00bb custom_margin_last_edited=\u00a0\u00bbon|phone\u00a0\u00bb custom_padding=\u00a0\u00bb||20px||false|false\u00a0\u00bb custom_padding_tablet=\u00a0\u00bb\u00a0\u00bb custom_padding_phone=\u00a0\u00bb||20px||false|false\u00a0\u00bb custom_padding_last_edited=\u00a0\u00bbon|phone\u00a0\u00bb text_font_size_tablet=\u00a0\u00bb18px\u00a0\u00bb text_font_size_phone=\u00a0\u00bb13px\u00a0\u00bb text_font_size_last_edited=\u00a0\u00bbon|phone\u00a0\u00bb inline_fonts=\u00a0\u00bbCentury Gothic\u00a0\u00bb global_colors_info=\u00a0\u00bb{}\u00a0\u00bb]<\/p>\n<blockquote>\n<p class=\"whitespace-pre-wrap break-words\">Notre s\u00e9ance chouchoute\u2026 Depuis 2009, le Studio <span style=\"color: #e2007a;\">Grenadine<\/span> photographie les moments de vie, les fous rires et les regards complices de nombreuses familles. <span><strong>R\u00e9alis\u00e9e en studio<\/strong>, elle permet de cr\u00e9er des souvenirs authentiques et sans chichi.<\/span><\/p>\n<\/blockquote>\n<p data-start=\"93\" data-end=\"318\">Notre studio photo de Fontainebleau, c\u2019est un lieu \u00e0 part\u2026 presque comme le salon d\u2019un ami. On \u00e9change, on rit, on partage un vrai moment, pendant que se cr\u00e9ent naturellement ces images qui racontent votre histoire familiale.<\/p>\n<p data-start=\"320\" data-end=\"454\">Et parce que votre exp\u00e9rience compte autant que vos souvenirs, toutes nos s\u00e9ances sont garanties : <strong>100% satisfait, recommenc\u00e9 ou rembours\u00e9.<\/strong><\/p>\n<p class=\"whitespace-pre-wrap break-words\">Laissez-vous tenter et appelez-nous au <strong><a href=\"tel:0160574103\"><span style=\"text-decoration: underline;\">0160574103<\/span><\/a><\/strong><span><strong><a href=\"tel:0164373585\"><span style=\"text-decoration: underline;\"><\/span><\/a><\/strong><\/span> pour trouver ensemble un rendez-vous !<\/p>\n<p><span><strong><span style=\"text-decoration: underline;\"><\/span><\/strong><\/span><\/p>\n<p><span><strong><span style=\"text-decoration: underline;\"><\/span><\/strong><\/span><\/p>\n<p>[\/et_pb_text][et_pb_button button_url=\u00a0\u00bbhttps:\/\/www.galeriegrenadine.com\/fontainebleau\/le-studio\/\u00a0\u00bb button_text=\u00a0\u00bbEN SAVOIR +\u00a0\u00bb button_alignment=\u00a0\u00bbleft\u00a0\u00bb _builder_version=\u00a0\u00bb4.22.1&Prime; _module_preset=\u00a0\u00bbdefault\u00a0\u00bb custom_button=\u00a0\u00bbon\u00a0\u00bb button_text_color=\u00a0\u00bb#FFFFFF\u00a0\u00bb button_bg_color=\u00a0\u00bb#E2007A\u00a0\u00bb custom_padding=\u00a0\u00bb||0px|||\u00a0\u00bb button_text_size_tablet=\u00a0\u00bb\u00a0\u00bb button_text_size_phone=\u00a0\u00bb13px\u00a0\u00bb button_text_size_last_edited=\u00a0\u00bbon|phone\u00a0\u00bb global_colors_info=\u00a0\u00bb{}\u00a0\u00bb][\/et_pb_button][\/et_pb_column][\/et_pb_row][\/et_pb_section][et_pb_section fb_built=\u00a0\u00bb1&Prime; disabled_on=\u00a0\u00bboff|off|off\u00a0\u00bb _builder_version=\u00a0\u00bb4.22.1&Prime; _module_preset=\u00a0\u00bbdefault\u00a0\u00bb background_color=\u00a0\u00bbrgba(204,204,204,0.08)\u00a0\u00bb locked=\u00a0\u00bboff\u00a0\u00bb collapsed=\u00a0\u00bbon\u00a0\u00bb global_colors_info=\u00a0\u00bb{}\u00a0\u00bb][et_pb_row column_structure=\u00a0\u00bb1_2,1_2&Prime; use_custom_gutter=\u00a0\u00bbon\u00a0\u00bb gutter_width=\u00a0\u00bb1&Prime; make_equal=\u00a0\u00bbon\u00a0\u00bb custom_padding_last_edited=\u00a0\u00bbon|phone\u00a0\u00bb module_class=\u00a0\u00bbinverse\u00a0\u00bb _builder_version=\u00a0\u00bb4.22.1&Prime; _module_preset=\u00a0\u00bbdefault\u00a0\u00bb max_width=\u00a0\u00bb1920px\u00a0\u00bb custom_padding_tablet=\u00a0\u00bb\u00a0\u00bb custom_padding_phone=\u00a0\u00bb0px||0px||false|false\u00a0\u00bb custom_css_main_element=\u00a0\u00bbalign-items:center;\u00a0\u00bb global_colors_info=\u00a0\u00bb{}\u00a0\u00bb][et_pb_column type=\u00a0\u00bb1_2&Prime; _builder_version=\u00a0\u00bb4.22.1&Prime; _module_preset=\u00a0\u00bbdefault\u00a0\u00bb global_colors_info=\u00a0\u00bb{}\u00a0\u00bb][et_pb_text _builder_version=\u00a0\u00bb4.22.1&Prime; _module_preset=\u00a0\u00bbdefault\u00a0\u00bb text_font=\u00a0\u00bb|700|||||||\u00a0\u00bb text_text_color=\u00a0\u00bb#0a0a0a\u00a0\u00bb header_2_font=\u00a0\u00bbFigtree|700|||||||\u00a0\u00bb header_2_text_align=\u00a0\u00bbleft\u00a0\u00bb header_2_text_color=\u00a0\u00bb#0a0a0a\u00a0\u00bb header_2_font_size=\u00a0\u00bb30px\u00a0\u00bb text_orientation=\u00a0\u00bbcenter\u00a0\u00bb custom_padding_tablet=\u00a0\u00bb\u00a0\u00bb custom_padding_phone=\u00a0\u00bb20px||||false|false\u00a0\u00bb custom_padding_last_edited=\u00a0\u00bbon|phone\u00a0\u00bb text_font_size_tablet=\u00a0\u00bb\u00a0\u00bb text_font_size_phone=\u00a0\u00bb14px\u00a0\u00bb text_font_size_last_edited=\u00a0\u00bbon|phone\u00a0\u00bb header_2_font_size_tablet=\u00a0\u00bb30px\u00a0\u00bb header_2_font_size_phone=\u00a0\u00bb20px\u00a0\u00bb header_2_font_size_last_edited=\u00a0\u00bbon|phone\u00a0\u00bb global_colors_info=\u00a0\u00bb{}\u00a0\u00bb]<\/p>\n<h2>S\u00e9ance <span style=\"color: #e2007a;\">Photo Grossesse <\/span><span style=\"color: #e2007a;\"><span style=\"color: #0a0300;\">\u00e0 <\/span><\/span><span style=\"color: #e2007a;\"><span style=\"color: #0a0300;\">Fontainebleau<\/span><\/span><span style=\"color: #e2007a;\"><span style=\"color: #0a0300;\">: Un moment pour vous&#8230;<\/span><\/span><\/h2>\n<p>[\/et_pb_text][et_pb_text _builder_version=\u00a0\u00bb4.22.1&Prime; _module_preset=\u00a0\u00bbdefault\u00a0\u00bb text_font=\u00a0\u00bbPoppins|300|||||||\u00a0\u00bb text_text_color=\u00a0\u00bb#0a0a0a\u00a0\u00bb text_font_size=\u00a0\u00bb15px\u00a0\u00bb text_line_height=\u00a0\u00bb1.8em\u00a0\u00bb custom_padding=\u00a0\u00bb||20px||false|false\u00a0\u00bb custom_padding_tablet=\u00a0\u00bb||20px||false|false\u00a0\u00bb custom_padding_phone=\u00a0\u00bb||20px||false|false\u00a0\u00bb custom_padding_last_edited=\u00a0\u00bbon|desktop\u00a0\u00bb text_font_size_tablet=\u00a0\u00bb15px\u00a0\u00bb text_font_size_phone=\u00a0\u00bb13px\u00a0\u00bb text_font_size_last_edited=\u00a0\u00bbon|phone\u00a0\u00bb global_colors_info=\u00a0\u00bb{}\u00a0\u00bb]<\/p>\n<h1 class=\"text-2xl font-bold mt-1 text-text-200\" level=\"1\"><\/h1>\n<p class=\"whitespace-pre-wrap break-words\">Vous attendez un petit bout ? Quelle merveilleuse aventure !<\/p>\n<p class=\"whitespace-pre-wrap break-words\">Au Studio <span style=\"color: #e2007a;\">Grenadine<\/span>, nous photographions ces instants magiques depuis 2009. Notre passion ? Immortaliser votre silhouette de future maman dans notre espace douillet \u00e0 Melun.<\/p>\n<p class=\"whitespace-pre-wrap break-words\">Pas de poses compliqu\u00e9es ou d&rsquo;ambiance guind\u00e9e. <strong>Juste vous, votre ventre rond, votre famille<\/strong> et notre regard bienveillant pour saisir ce moment si particulier de la maternit\u00e9. Ces photos, c&rsquo;est le premier chapitre de l&rsquo;histoire que vous raconterez \u00e0 votre enfant.<\/p>\n<p class=\"whitespace-pre-wrap break-words\">Appelez-nous au <strong><a href=\"tel:0160574103\"><span style=\"text-decoration: underline;\">0160574103<\/span><\/a><\/strong>\u00a0et nous r\u00e9pondrons \u00e0 toutes vos questions !<\/p>\n<p class=\"whitespace-pre-wrap break-words\">\u00c0 tr\u00e8s vite !<\/p>\n<p style=\"text-align: left;\">[\/et_pb_text][et_pb_button button_url=\u00a0\u00bbhttps:\/\/www.galeriegrenadine.com\/fontainebleau\/le-studio\/\u00a0\u00bb button_text=\u00a0\u00bbEN SAVOIR +\u00a0\u00bb button_alignment=\u00a0\u00bbleft\u00a0\u00bb _builder_version=\u00a0\u00bb4.22.1&Prime; _module_preset=\u00a0\u00bbdefault\u00a0\u00bb custom_button=\u00a0\u00bbon\u00a0\u00bb button_bg_color=\u00a0\u00bb#E2007A\u00a0\u00bb button_text_size_tablet=\u00a0\u00bb\u00a0\u00bb button_text_size_phone=\u00a0\u00bb13px\u00a0\u00bb button_text_size_last_edited=\u00a0\u00bbon|phone\u00a0\u00bb global_colors_info=\u00a0\u00bb{}\u00a0\u00bb][\/et_pb_button][\/et_pb_column][et_pb_column type=\u00a0\u00bb1_2&Prime; _builder_version=\u00a0\u00bb4.22.1&Prime; _module_preset=\u00a0\u00bbdefault\u00a0\u00bb global_colors_info=\u00a0\u00bb{}\u00a0\u00bb][et_pb_image src=\u00a0\u00bbhttps:\/\/www.galeriegrenadine.com\/melun\/wp-content\/uploads\/sites\/4\/2025\/02\/Shooting-photo-Melun-77-100.jpg\u00a0\u00bb alt=\u00a0\u00bbS\u00e9ance photo grossesse 77&Prime; title_text=\u00a0\u00bbShooting photo grossesse Melun 77&Prime; _builder_version=\u00a0\u00bb4.22.1&Prime; _module_preset=\u00a0\u00bbdefault\u00a0\u00bb border_radii=\u00a0\u00bbon|5px|5px|5px|5px\u00a0\u00bb border_width_all=\u00a0\u00bb2px\u00a0\u00bb global_colors_info=\u00a0\u00bb{}\u00a0\u00bb][\/et_pb_image][\/et_pb_column][\/et_pb_row][\/et_pb_section][et_pb_section fb_built=\u00a0\u00bb1&Prime; custom_padding_last_edited=\u00a0\u00bbon|phone\u00a0\u00bb _builder_version=\u00a0\u00bb4.22.1&Prime; _module_preset=\u00a0\u00bbdefault\u00a0\u00bb custom_padding_tablet=\u00a0\u00bb\u00a0\u00bb custom_padding_phone=\u00a0\u00bb||0px||false|false\u00a0\u00bb locked=\u00a0\u00bboff\u00a0\u00bb collapsed=\u00a0\u00bbon\u00a0\u00bb global_colors_info=\u00a0\u00bb{}\u00a0\u00bb][et_pb_row column_structure=\u00a0\u00bb1_2,1_2&Prime; use_custom_gutter=\u00a0\u00bbon\u00a0\u00bb gutter_width=\u00a0\u00bb1&Prime; make_equal=\u00a0\u00bbon\u00a0\u00bb custom_padding_last_edited=\u00a0\u00bbon|phone\u00a0\u00bb _builder_version=\u00a0\u00bb4.22.1&Prime; _module_preset=\u00a0\u00bbdefault\u00a0\u00bb max_width=\u00a0\u00bb1920px\u00a0\u00bb custom_padding_tablet=\u00a0\u00bb\u00a0\u00bb custom_padding_phone=\u00a0\u00bb0px||||false|false\u00a0\u00bb custom_css_main_element=\u00a0\u00bbalign-items:center;\u00a0\u00bb global_colors_info=\u00a0\u00bb{}\u00a0\u00bb][et_pb_column type=\u00a0\u00bb1_2&Prime; _builder_version=\u00a0\u00bb4.22.1&Prime; _module_preset=\u00a0\u00bbdefault\u00a0\u00bb global_colors_info=\u00a0\u00bb{}\u00a0\u00bb][et_pb_image src=\u00a0\u00bbhttps:\/\/www.galeriegrenadine.com\/melun\/wp-content\/uploads\/sites\/4\/2025\/02\/Shooting-photo-Melun-77-270.jpg\u00a0\u00bb alt=\u00a0\u00bbSe\u0301ance photo be\u0301be\u0301 fontainebleau\u00a0\u00bb title_text=\u00a0\u00bbShooting photo b\u00e9b\u00e9 Melun 77-270&Prime; _builder_version=\u00a0\u00bb4.22.1&Prime; _module_preset=\u00a0\u00bbdefault\u00a0\u00bb border_radii=\u00a0\u00bbon|5px|5px|5px|5px\u00a0\u00bb border_width_all=\u00a0\u00bb2px\u00a0\u00bb global_colors_info=\u00a0\u00bb{}\u00a0\u00bb][\/et_pb_image][\/et_pb_column][et_pb_column type=\u00a0\u00bb1_2&Prime; _builder_version=\u00a0\u00bb4.22.1&Prime; _module_preset=\u00a0\u00bbdefault\u00a0\u00bb global_colors_info=\u00a0\u00bb{}\u00a0\u00bb][et_pb_text _builder_version=\u00a0\u00bb4.22.1&Prime; _module_preset=\u00a0\u00bbdefault\u00a0\u00bb text_font=\u00a0\u00bb|700|||||||\u00a0\u00bb text_text_color=\u00a0\u00bb#0a0a0a\u00a0\u00bb header_2_font=\u00a0\u00bbFigtree|700|||||||\u00a0\u00bb header_2_text_align=\u00a0\u00bbleft\u00a0\u00bb header_2_text_color=\u00a0\u00bb#0a0a0a\u00a0\u00bb header_2_font_size=\u00a0\u00bb30px\u00a0\u00bb text_orientation=\u00a0\u00bbcenter\u00a0\u00bb custom_padding_tablet=\u00a0\u00bb\u00a0\u00bb custom_padding_phone=\u00a0\u00bb20px||||false|false\u00a0\u00bb custom_padding_last_edited=\u00a0\u00bbon|phone\u00a0\u00bb text_font_size_tablet=\u00a0\u00bb\u00a0\u00bb text_font_size_phone=\u00a0\u00bb14px\u00a0\u00bb text_font_size_last_edited=\u00a0\u00bbon|phone\u00a0\u00bb header_2_font_size_tablet=\u00a0\u00bb30px\u00a0\u00bb header_2_font_size_phone=\u00a0\u00bb20px\u00a0\u00bb header_2_font_size_last_edited=\u00a0\u00bbon|phone\u00a0\u00bb global_colors_info=\u00a0\u00bb{}\u00a0\u00bb]<\/p>\n<h2>S\u00e9ance <span style=\"color: #e2007a;\">Photo Naissance <\/span>et B\u00e9b\u00e9 en seine et marne.<\/h2>\n<p>[\/et_pb_text][et_pb_text _builder_version=\u00a0\u00bb4.22.1&Prime; _module_preset=\u00a0\u00bbdefault\u00a0\u00bb text_font=\u00a0\u00bbPoppins|300|||||||\u00a0\u00bb text_text_color=\u00a0\u00bb#0a0a0a\u00a0\u00bb text_font_size=\u00a0\u00bb15px\u00a0\u00bb text_line_height=\u00a0\u00bb1.8em\u00a0\u00bb custom_padding=\u00a0\u00bb2px||20px||false|false\u00a0\u00bb custom_padding_tablet=\u00a0\u00bb||20px||false|false\u00a0\u00bb custom_padding_phone=\u00a0\u00bb||20px||false|false\u00a0\u00bb custom_padding_last_edited=\u00a0\u00bbon|desktop\u00a0\u00bb text_font_size_tablet=\u00a0\u00bb15px\u00a0\u00bb text_font_size_phone=\u00a0\u00bb13px\u00a0\u00bb text_font_size_last_edited=\u00a0\u00bbon|phone\u00a0\u00bb global_colors_info=\u00a0\u00bb{}\u00a0\u00bb]<\/p>\n<p><span>Une s\u00e9ance photo naissance ou b\u00e9b\u00e9 en studio est toujours un moment doux et magique. Pour immortaliser les premiers jours de votre tout-petit ou dans le sixi\u00e8me mois pour les premi\u00e8res aventures \u00e0 quatre pattes, le Studio <span style=\"color: #e2007a;\">Grenadine<\/span> vous accueille les matins entre 10h et 12h30 lorsque tout le monde est bien repos\u00e9.<\/span><\/p>\n<p><span>Si votre b\u00e9b\u00e9 a faim, vous pourrez prendre le temps de le nourrir. S&rsquo;il a besoin d&rsquo;un c\u00e2lin, vous pourrez le bizouilller. Au Studio <span style=\"color: #e2007a;\">Grenadine<\/span>, toutes nos s\u00e9ances sont 100% satisfaites, recommenc\u00e9es ou rembours\u00e9es&#8230;\u00a0 <strong>C&rsquo;est votre enfant qui d\u00e9cidera !<\/strong><\/span><\/p>\n<p class=\"whitespace-pre-wrap break-words\">Envie d&rsquo;en parler ? Appelez-nous au <strong><a href=\"tel:0160574103\"><span style=\"text-decoration: underline;\">0160574103<\/span><\/a><\/strong><span><strong><a href=\"tel:0164373585\"><span style=\"text-decoration: underline;\"><\/span><\/a><\/strong><\/span>. On est l\u00e0 pour r\u00e9pondre \u00e0 toutes vos questions.<\/p>\n<p class=\"whitespace-pre-wrap break-words\">\u00c0 tr\u00e8s vite au Studio <span style=\"color: #e2007a;\">Grenadine<\/span> !<\/p>\n<p>[\/et_pb_text][et_pb_button button_url=\u00a0\u00bbhttps:\/\/www.galeriegrenadine.com\/fontainebleau\/le-studio\/\u00a0\u00bb button_text=\u00a0\u00bbEN SAVOIR +\u00a0\u00bb button_alignment=\u00a0\u00bbleft\u00a0\u00bb _builder_version=\u00a0\u00bb4.22.1&Prime; _module_preset=\u00a0\u00bbdefault\u00a0\u00bb custom_button=\u00a0\u00bbon\u00a0\u00bb button_text_color=\u00a0\u00bb#FFFFFF\u00a0\u00bb button_bg_color=\u00a0\u00bb#E2007A\u00a0\u00bb button_text_size_tablet=\u00a0\u00bb\u00a0\u00bb button_text_size_phone=\u00a0\u00bb13px\u00a0\u00bb button_text_size_last_edited=\u00a0\u00bbon|phone\u00a0\u00bb global_colors_info=\u00a0\u00bb{}\u00a0\u00bb][\/et_pb_button][\/et_pb_column][\/et_pb_row][\/et_pb_section][et_pb_section fb_built=\u00a0\u00bb1&Prime; disabled_on=\u00a0\u00bboff|off|off\u00a0\u00bb _builder_version=\u00a0\u00bb4.22.1&Prime; _module_preset=\u00a0\u00bbdefault\u00a0\u00bb background_color=\u00a0\u00bbrgba(204,204,204,0.08)\u00a0\u00bb locked=\u00a0\u00bboff\u00a0\u00bb collapsed=\u00a0\u00bbon\u00a0\u00bb global_colors_info=\u00a0\u00bb{}\u00a0\u00bb][et_pb_row column_structure=\u00a0\u00bb1_2,1_2&Prime; use_custom_gutter=\u00a0\u00bbon\u00a0\u00bb gutter_width=\u00a0\u00bb1&Prime; make_equal=\u00a0\u00bbon\u00a0\u00bb module_class=\u00a0\u00bbinverse\u00a0\u00bb _builder_version=\u00a0\u00bb4.22.1&Prime; _module_preset=\u00a0\u00bbdefault\u00a0\u00bb max_width=\u00a0\u00bb1920px\u00a0\u00bb custom_css_main_element=\u00a0\u00bbalign-items:center;\u00a0\u00bb global_colors_info=\u00a0\u00bb{}\u00a0\u00bb][et_pb_column type=\u00a0\u00bb1_2&Prime; _builder_version=\u00a0\u00bb4.22.1&Prime; _module_preset=\u00a0\u00bbdefault\u00a0\u00bb global_colors_info=\u00a0\u00bb{}\u00a0\u00bb][et_pb_text _builder_version=\u00a0\u00bb4.22.1&Prime; _module_preset=\u00a0\u00bbdefault\u00a0\u00bb text_font=\u00a0\u00bb|700|||||||\u00a0\u00bb text_text_color=\u00a0\u00bb#0a0a0a\u00a0\u00bb header_2_font=\u00a0\u00bbFigtree|700|||||||\u00a0\u00bb header_2_text_align=\u00a0\u00bbleft\u00a0\u00bb header_2_text_color=\u00a0\u00bb#0a0a0a\u00a0\u00bb header_2_font_size=\u00a0\u00bb30px\u00a0\u00bb text_orientation=\u00a0\u00bbcenter\u00a0\u00bb custom_padding_tablet=\u00a0\u00bb\u00a0\u00bb custom_padding_phone=\u00a0\u00bb20px||||false|false\u00a0\u00bb custom_padding_last_edited=\u00a0\u00bbon|phone\u00a0\u00bb text_font_size_tablet=\u00a0\u00bb\u00a0\u00bb text_font_size_phone=\u00a0\u00bb14px\u00a0\u00bb text_font_size_last_edited=\u00a0\u00bbon|phone\u00a0\u00bb header_2_font_size_tablet=\u00a0\u00bb30px\u00a0\u00bb header_2_font_size_phone=\u00a0\u00bb20px\u00a0\u00bb header_2_font_size_last_edited=\u00a0\u00bbon|phone\u00a0\u00bb global_colors_info=\u00a0\u00bb{}\u00a0\u00bb]<\/p>\n<h2><span style=\"color: #e2007a;\">Shooting Photo<\/span> Grande Famille \u00e0 <span style=\"color: #e2007a;\"><span style=\"color: #0a0300;\">Fontainebleau<\/span><\/span>: R\u00e9unissez tous vos proches !<\/h2>\n<p>[\/et_pb_text][et_pb_text _builder_version=\u00a0\u00bb4.22.1&Prime; _module_preset=\u00a0\u00bbdefault\u00a0\u00bb text_font=\u00a0\u00bbPoppins|300|||||||\u00a0\u00bb text_text_color=\u00a0\u00bb#0a0a0a\u00a0\u00bb text_font_size=\u00a0\u00bb15px\u00a0\u00bb text_line_height=\u00a0\u00bb1.8em\u00a0\u00bb custom_padding=\u00a0\u00bb||20px||false|false\u00a0\u00bb custom_padding_tablet=\u00a0\u00bb||20px||false|false\u00a0\u00bb custom_padding_phone=\u00a0\u00bb||20px||false|false\u00a0\u00bb custom_padding_last_edited=\u00a0\u00bbon|desktop\u00a0\u00bb text_font_size_tablet=\u00a0\u00bb15px\u00a0\u00bb text_font_size_phone=\u00a0\u00bb13px\u00a0\u00bb text_font_size_last_edited=\u00a0\u00bbon|phone\u00a0\u00bb global_colors_info=\u00a0\u00bb{}\u00a0\u00bb]<\/p>\n<p class=\"whitespace-pre-wrap break-words\">Au Studio <span style=\"color: #e2007a;\">Grenadine<\/span>, nous adorons accueillir les grandes familles et notre espace est sp\u00e9cialement con\u00e7u pour tous vous recevoir. Des plus petits aux plus grands en passant par les grands-parents, les oncles, les tantes, les cousins, les cousines et les b\u00e9b\u00e9s&#8230; tout le monde est le bienvenu !<\/p>\n<p class=\"whitespace-pre-wrap break-words\">Cette s\u00e9ance, c&rsquo;est bien plus que des photos. C&rsquo;est l&rsquo;occasion de vous retrouver, de c\u00e9l\u00e9brer vos liens et de<strong> cr\u00e9er de nouveau souvenir<\/strong> en famille. Plusieurs g\u00e9n\u00e9rations sur une m\u00eame image&#8230; croyez-nous, \u00e7a n&rsquo;a pas de prix et vous ne regretterez jamais !<\/p>\n<p class=\"whitespace-pre-wrap break-words\">Envie de r\u00e9unir toute votre famille pour une s\u00e9ance photo ? Appelez-nous au <strong><a href=\"tel:0160574103\"><span style=\"text-decoration: underline;\">0160574103<\/span><\/a><\/strong><span style=\"text-decoration: underline;\"><a href=\"tel:0164373585\">\u00a0<\/a><\/span>et organisons cela !<span style=\"text-decoration: underline;\"><\/span><\/p>\n<p><span style=\"text-decoration: underline;\"><\/span><\/p>\n<p><span style=\"text-decoration: underline;\"><\/span><\/p>\n<p>[\/et_pb_text][et_pb_button button_url=\u00a0\u00bbhttps:\/\/www.galeriegrenadine.com\/fontainebleau\/le-studio\/\u00a0\u00bb button_text=\u00a0\u00bbEN SAVOIR +\u00a0\u00bb button_alignment=\u00a0\u00bbleft\u00a0\u00bb _builder_version=\u00a0\u00bb4.22.1&Prime; _module_preset=\u00a0\u00bbdefault\u00a0\u00bb custom_button=\u00a0\u00bbon\u00a0\u00bb button_bg_color=\u00a0\u00bb#E2007A\u00a0\u00bb button_text_size_tablet=\u00a0\u00bb\u00a0\u00bb button_text_size_phone=\u00a0\u00bb13px\u00a0\u00bb button_text_size_last_edited=\u00a0\u00bbon|phone\u00a0\u00bb global_colors_info=\u00a0\u00bb{}\u00a0\u00bb][\/et_pb_button][\/et_pb_column][et_pb_column type=\u00a0\u00bb1_2&Prime; _builder_version=\u00a0\u00bb4.22.1&Prime; _module_preset=\u00a0\u00bbdefault\u00a0\u00bb global_colors_info=\u00a0\u00bb{}\u00a0\u00bb][et_pb_image src=\u00a0\u00bbhttps:\/\/www.galeriegrenadine.com\/melun\/wp-content\/uploads\/sites\/4\/2025\/02\/Meilleur-Photographe-de-77-8.jpg\u00a0\u00bb alt=\u00a0\u00bbS\u00e9ance photo grossesse 77&Prime; title_text=\u00a0\u00bbMeilleur Photographe en seine et marne de famille (8)\u00a0\u00bb _builder_version=\u00a0\u00bb4.22.1&Prime; _module_preset=\u00a0\u00bbdefault\u00a0\u00bb border_radii=\u00a0\u00bbon|5px|5px|5px|5px\u00a0\u00bb border_width_all=\u00a0\u00bb2px\u00a0\u00bb global_colors_info=\u00a0\u00bb{}\u00a0\u00bb][\/et_pb_image][\/et_pb_column][\/et_pb_row][\/et_pb_section][et_pb_section fb_built=\u00a0\u00bb1&Prime; custom_padding_last_edited=\u00a0\u00bbon|phone\u00a0\u00bb _builder_version=\u00a0\u00bb4.22.1&Prime; _module_preset=\u00a0\u00bbdefault\u00a0\u00bb custom_padding_tablet=\u00a0\u00bb\u00a0\u00bb custom_padding_phone=\u00a0\u00bb||||false|false\u00a0\u00bb locked=\u00a0\u00bboff\u00a0\u00bb collapsed=\u00a0\u00bbon\u00a0\u00bb global_colors_info=\u00a0\u00bb{}\u00a0\u00bb][et_pb_row column_structure=\u00a0\u00bb1_2,1_2&Prime; use_custom_gutter=\u00a0\u00bbon\u00a0\u00bb gutter_width=\u00a0\u00bb1&Prime; make_equal=\u00a0\u00bbon\u00a0\u00bb custom_padding_last_edited=\u00a0\u00bbon|phone\u00a0\u00bb _builder_version=\u00a0\u00bb4.22.1&Prime; _module_preset=\u00a0\u00bbdefault\u00a0\u00bb max_width=\u00a0\u00bb1920px\u00a0\u00bb custom_padding_tablet=\u00a0\u00bb\u00a0\u00bb custom_padding_phone=\u00a0\u00bb0px||0px||false|false\u00a0\u00bb custom_css_main_element=\u00a0\u00bbalign-items:center;\u00a0\u00bb global_colors_info=\u00a0\u00bb{}\u00a0\u00bb][et_pb_column type=\u00a0\u00bb1_2&Prime; _builder_version=\u00a0\u00bb4.22.1&Prime; _module_preset=\u00a0\u00bbdefault\u00a0\u00bb global_colors_info=\u00a0\u00bb{}\u00a0\u00bb][et_pb_image src=\u00a0\u00bbhttps:\/\/www.galeriegrenadine.com\/melun\/wp-content\/uploads\/sites\/4\/2025\/02\/Shooting-photo-Melun-77-274.jpg\u00a0\u00bb alt=\u00a0\u00bbSe\u0301ance photo couple 77&Prime; title_text=\u00a0\u00bbShooting photo couple &#8211; Melun 77-274&Prime; _builder_version=\u00a0\u00bb4.22.1&Prime; _module_preset=\u00a0\u00bbdefault\u00a0\u00bb border_radii=\u00a0\u00bbon|5px|5px|5px|5px\u00a0\u00bb border_width_all=\u00a0\u00bb2px\u00a0\u00bb global_colors_info=\u00a0\u00bb{}\u00a0\u00bb][\/et_pb_image][\/et_pb_column][et_pb_column type=\u00a0\u00bb1_2&Prime; _builder_version=\u00a0\u00bb4.22.1&Prime; _module_preset=\u00a0\u00bbdefault\u00a0\u00bb global_colors_info=\u00a0\u00bb{}\u00a0\u00bb][et_pb_text _builder_version=\u00a0\u00bb4.22.1&Prime; _module_preset=\u00a0\u00bbdefault\u00a0\u00bb text_font=\u00a0\u00bb|700|||||||\u00a0\u00bb text_text_color=\u00a0\u00bb#0a0a0a\u00a0\u00bb header_2_font=\u00a0\u00bbFigtree|700|||||||\u00a0\u00bb header_2_text_align=\u00a0\u00bbleft\u00a0\u00bb header_2_text_color=\u00a0\u00bb#0a0a0a\u00a0\u00bb header_2_font_size=\u00a0\u00bb30px\u00a0\u00bb text_orientation=\u00a0\u00bbcenter\u00a0\u00bb custom_padding_tablet=\u00a0\u00bb\u00a0\u00bb custom_padding_phone=\u00a0\u00bb20px||||false|false\u00a0\u00bb custom_padding_last_edited=\u00a0\u00bbon|phone\u00a0\u00bb text_font_size_tablet=\u00a0\u00bb\u00a0\u00bb text_font_size_phone=\u00a0\u00bb14px\u00a0\u00bb text_font_size_last_edited=\u00a0\u00bbon|phone\u00a0\u00bb header_2_font_size_tablet=\u00a0\u00bb30px\u00a0\u00bb header_2_font_size_phone=\u00a0\u00bb20px\u00a0\u00bb header_2_font_size_last_edited=\u00a0\u00bbon|phone\u00a0\u00bb global_colors_info=\u00a0\u00bb{}\u00a0\u00bb]<\/p>\n<h2>S\u00e9ance <span style=\"color: #e2007a;\">Photo en Amoureux<\/span><span style=\"color: #e2007a;\"><span style=\"color: #0a0300;\">\u00a0<\/span><\/span>: Capturez votre complicit\u00e9<\/h2>\n<p>[\/et_pb_text][et_pb_text _builder_version=\u00a0\u00bb4.22.1&Prime; _module_preset=\u00a0\u00bbdefault\u00a0\u00bb text_font=\u00a0\u00bbPoppins|300|||||||\u00a0\u00bb text_text_color=\u00a0\u00bb#0a0a0a\u00a0\u00bb text_font_size=\u00a0\u00bb15px\u00a0\u00bb text_line_height=\u00a0\u00bb1.8em\u00a0\u00bb custom_padding=\u00a0\u00bb||20px||false|false\u00a0\u00bb custom_padding_tablet=\u00a0\u00bb||20px||false|false\u00a0\u00bb custom_padding_phone=\u00a0\u00bb||20px||false|false\u00a0\u00bb custom_padding_last_edited=\u00a0\u00bbon|desktop\u00a0\u00bb text_font_size_tablet=\u00a0\u00bb15px\u00a0\u00bb text_font_size_phone=\u00a0\u00bb13px\u00a0\u00bb text_font_size_last_edited=\u00a0\u00bbon|phone\u00a0\u00bb global_colors_info=\u00a0\u00bb{}\u00a0\u00bb]<\/p>\n<p class=\"whitespace-pre-wrap break-words\">Vous deux, c&rsquo;est une histoire unique !<\/p>\n<p><span>Une s\u00e9ance photo en amoureux est <strong>une exp\u00e9rience \u00e9l\u00e9gante et intime<\/strong> pour immortaliser votre complicit\u00e9 et votre amour. Avec des poses modernes, douces et authentiques, cette s\u00e9ance met en valeur votre couple de mani\u00e8res<\/span><span> unique.<\/span><\/p>\n<p><span> <\/span><span style=\"font-size: 15px;\">Une occasion parfaite pour cr\u00e9er des souvenirs intemporels alliant style et \u00e9motion.<\/span><span style=\"font-size: 15px;\"><\/span><\/p>\n<p><span>N&rsquo;h\u00e9sitez pas \u00e0 nous contacter au <strong><a href=\"tel:0160574103\"><span style=\"text-decoration: underline;\">0160574103<\/span><\/a><\/strong><span style=\"text-decoration: underline;\"><a href=\"tel:0164373585\"><\/a><\/span> pour en parler et r\u00e9server votre s\u00e9ance !<\/span><\/p>\n<p>[\/et_pb_text][et_pb_button button_url=\u00a0\u00bbhttps:\/\/www.galeriegrenadine.com\/fontainebleau\/le-studio\/\u00a0\u00bb button_text=\u00a0\u00bbEN SAVOIR +\u00a0\u00bb button_alignment=\u00a0\u00bbleft\u00a0\u00bb _builder_version=\u00a0\u00bb4.22.1&Prime; _module_preset=\u00a0\u00bbdefault\u00a0\u00bb custom_button=\u00a0\u00bbon\u00a0\u00bb button_text_color=\u00a0\u00bb#FFFFFF\u00a0\u00bb button_bg_color=\u00a0\u00bb#E2007A\u00a0\u00bb button_text_size_tablet=\u00a0\u00bb\u00a0\u00bb button_text_size_phone=\u00a0\u00bb13px\u00a0\u00bb button_text_size_last_edited=\u00a0\u00bbon|phone\u00a0\u00bb global_colors_info=\u00a0\u00bb{}\u00a0\u00bb][\/et_pb_button][\/et_pb_column][\/et_pb_row][\/et_pb_section][et_pb_section fb_built=\u00a0\u00bb1&Prime; disabled_on=\u00a0\u00bboff|off|off\u00a0\u00bb module_class=\u00a0\u00bbinverse\u00a0\u00bb _builder_version=\u00a0\u00bb4.22.1&Prime; _module_preset=\u00a0\u00bbdefault\u00a0\u00bb background_color=\u00a0\u00bbrgba(204,204,204,0.08)\u00a0\u00bb locked=\u00a0\u00bboff\u00a0\u00bb collapsed=\u00a0\u00bbon\u00a0\u00bb global_colors_info=\u00a0\u00bb{}\u00a0\u00bb][et_pb_row column_structure=\u00a0\u00bb1_2,1_2&Prime; use_custom_gutter=\u00a0\u00bbon\u00a0\u00bb gutter_width=\u00a0\u00bb1&Prime; make_equal=\u00a0\u00bbon\u00a0\u00bb module_class=\u00a0\u00bbinverse\u00a0\u00bb _builder_version=\u00a0\u00bb4.22.1&Prime; _module_preset=\u00a0\u00bbdefault\u00a0\u00bb max_width=\u00a0\u00bb1920px\u00a0\u00bb custom_padding=\u00a0\u00bb0px||||false|false\u00a0\u00bb custom_css_main_element=\u00a0\u00bbalign-items:center;\u00a0\u00bb global_colors_info=\u00a0\u00bb{}\u00a0\u00bb][et_pb_column type=\u00a0\u00bb1_2&Prime; _builder_version=\u00a0\u00bb4.22.1&Prime; _module_preset=\u00a0\u00bbdefault\u00a0\u00bb global_colors_info=\u00a0\u00bb{}\u00a0\u00bb][et_pb_text _builder_version=\u00a0\u00bb4.22.1&Prime; _module_preset=\u00a0\u00bbdefault\u00a0\u00bb text_font=\u00a0\u00bb|700|||||||\u00a0\u00bb text_text_color=\u00a0\u00bb#0a0a0a\u00a0\u00bb header_2_font=\u00a0\u00bbFigtree|700|||||||\u00a0\u00bb header_2_text_align=\u00a0\u00bbleft\u00a0\u00bb header_2_text_color=\u00a0\u00bb#0a0a0a\u00a0\u00bb header_2_font_size=\u00a0\u00bb30px\u00a0\u00bb text_orientation=\u00a0\u00bbcenter\u00a0\u00bb custom_padding_tablet=\u00a0\u00bb\u00a0\u00bb custom_padding_phone=\u00a0\u00bb20px||||false|false\u00a0\u00bb custom_padding_last_edited=\u00a0\u00bbon|phone\u00a0\u00bb text_font_size_tablet=\u00a0\u00bb\u00a0\u00bb text_font_size_phone=\u00a0\u00bb14px\u00a0\u00bb text_font_size_last_edited=\u00a0\u00bbon|phone\u00a0\u00bb header_2_font_size_tablet=\u00a0\u00bb30px\u00a0\u00bb header_2_font_size_phone=\u00a0\u00bb20px\u00a0\u00bb header_2_font_size_last_edited=\u00a0\u00bbon|phone\u00a0\u00bb global_colors_info=\u00a0\u00bb{}\u00a0\u00bb]<\/p>\n<h2><span style=\"color: #e2007a;\">Shooting Photo<\/span> Perso &amp; Casting<\/h2>\n<p>[\/et_pb_text][et_pb_text _builder_version=\u00a0\u00bb4.22.1&Prime; _module_preset=\u00a0\u00bbdefault\u00a0\u00bb text_font=\u00a0\u00bbPoppins|300|||||||\u00a0\u00bb text_text_color=\u00a0\u00bb#0a0a0a\u00a0\u00bb text_font_size=\u00a0\u00bb15px\u00a0\u00bb text_line_height=\u00a0\u00bb1.8em\u00a0\u00bb custom_padding=\u00a0\u00bb||20px||false|false\u00a0\u00bb custom_padding_tablet=\u00a0\u00bb||20px||false|false\u00a0\u00bb custom_padding_phone=\u00a0\u00bb||20px||false|false\u00a0\u00bb custom_padding_last_edited=\u00a0\u00bbon|desktop\u00a0\u00bb text_font_size_tablet=\u00a0\u00bb15px\u00a0\u00bb text_font_size_phone=\u00a0\u00bb13px\u00a0\u00bb text_font_size_last_edited=\u00a0\u00bbon|phone\u00a0\u00bb global_colors_info=\u00a0\u00bb{}\u00a0\u00bb]<\/p>\n<p><span>Une s\u00e9ance photo en studio est une exp\u00e9rience unique pour mettre en lumi\u00e8re votre personnalit\u00e9, votre style et votre individualit\u00e9. Que ce soit pour des portraits professionnels, des clich\u00e9s artistiques ou simplement pour vous faire plaisir, cette s\u00e9ance vous permet de vous exprimer pleinement. Dans un cadre professionnel et avec des conseils personnalis\u00e9s, vous repartirez avec des portraits qui refl\u00e8tent votre essence et vous mettent en valeur. R\u00e9servez votre s\u00e9ance en nous contactant au <strong><a href=\"tel:0160574103\"><span style=\"text-decoration: underline;\">0160574103<\/span><\/a><\/strong><span style=\"text-decoration: underline;\"><a href=\"tel:0164373585\"><\/a><\/span><\/span><\/p>\n<p>[\/et_pb_text][et_pb_button button_url=\u00a0\u00bbhttps:\/\/www.galeriegrenadine.com\/fontainebleau\/le-studio\/\u00a0\u00bb button_text=\u00a0\u00bbEN SAVOIR +\u00a0\u00bb button_alignment=\u00a0\u00bbleft\u00a0\u00bb _builder_version=\u00a0\u00bb4.22.1&Prime; _module_preset=\u00a0\u00bbdefault\u00a0\u00bb custom_button=\u00a0\u00bbon\u00a0\u00bb button_bg_color=\u00a0\u00bb#E2007A\u00a0\u00bb button_text_size_tablet=\u00a0\u00bb\u00a0\u00bb button_text_size_phone=\u00a0\u00bb13px\u00a0\u00bb button_text_size_last_edited=\u00a0\u00bbon|phone\u00a0\u00bb global_colors_info=\u00a0\u00bb{}\u00a0\u00bb][\/et_pb_button][\/et_pb_column][et_pb_column type=\u00a0\u00bb1_2&Prime; _builder_version=\u00a0\u00bb4.22.1&Prime; _module_preset=\u00a0\u00bbdefault\u00a0\u00bb global_colors_info=\u00a0\u00bb{}\u00a0\u00bb][et_pb_image src=\u00a0\u00bbhttps:\/\/www.galeriegrenadine.com\/melun\/wp-content\/uploads\/sites\/4\/2025\/02\/Seance-Photo-Melun-11.jpg\u00a0\u00bb alt=\u00a0\u00bbS\u00e9ance photo grossesse 77&Prime; title_text=\u00a0\u00bbSe\u0301ance Photo Melun (11)\u00a0\u00bb _builder_version=\u00a0\u00bb4.22.1&Prime; _module_preset=\u00a0\u00bbdefault\u00a0\u00bb border_radii=\u00a0\u00bbon|5px|5px|5px|5px\u00a0\u00bb border_width_all=\u00a0\u00bb2px\u00a0\u00bb global_colors_info=\u00a0\u00bb{}\u00a0\u00bb][\/et_pb_image][\/et_pb_column][\/et_pb_row][\/et_pb_section][et_pb_section fb_built=\u00a0\u00bb1&Prime; custom_padding_last_edited=\u00a0\u00bbon|phone\u00a0\u00bb _builder_version=\u00a0\u00bb4.22.1&Prime; _module_preset=\u00a0\u00bbdefault\u00a0\u00bb background_color=\u00a0\u00bbRGBA(255,255,255,0)\u00a0\u00bb custom_padding_tablet=\u00a0\u00bb\u00a0\u00bb custom_padding_phone=\u00a0\u00bb15px||0px||false|false\u00a0\u00bb locked=\u00a0\u00bboff\u00a0\u00bb collapsed=\u00a0\u00bbon\u00a0\u00bb global_colors_info=\u00a0\u00bb{}\u00a0\u00bb][et_pb_row column_structure=\u00a0\u00bb1_2,1_4,1_4&Prime; use_custom_gutter=\u00a0\u00bbon\u00a0\u00bb make_equal=\u00a0\u00bbon\u00a0\u00bb custom_padding_last_edited=\u00a0\u00bbon|phone\u00a0\u00bb _builder_version=\u00a0\u00bb4.22.1&Prime; _module_preset=\u00a0\u00bbdefault\u00a0\u00bb width=\u00a0\u00bb90%\u00a0\u00bb max_width=\u00a0\u00bb1920px\u00a0\u00bb custom_padding=\u00a0\u00bb80px||50px||false|false\u00a0\u00bb custom_padding_tablet=\u00a0\u00bb80px||50px||false|false\u00a0\u00bb custom_padding_phone=\u00a0\u00bb50px||50px||false|false\u00a0\u00bb hover_enabled=\u00a0\u00bb0&Prime; global_colors_info=\u00a0\u00bb{}\u00a0\u00bb sticky_enabled=\u00a0\u00bb0&Prime;][et_pb_column type=\u00a0\u00bb1_2&Prime; _builder_version=\u00a0\u00bb4.22.1&Prime; _module_preset=\u00a0\u00bbdefault\u00a0\u00bb global_colors_info=\u00a0\u00bb{}\u00a0\u00bb][et_pb_text _builder_version=\u00a0\u00bb4.22.1&Prime; text_font=\u00a0\u00bbFigtree|300|||||||\u00a0\u00bb text_text_color=\u00a0\u00bb#0a0a0a\u00a0\u00bb text_font_size=\u00a0\u00bb30px\u00a0\u00bb text_line_height=\u00a0\u00bb1.3em\u00a0\u00bb header_font=\u00a0\u00bb||||||||\u00a0\u00bb header_font_size=\u00a0\u00bb41px\u00a0\u00bb custom_margin=\u00a0\u00bb-25px||5px\u00a0\u00bb text_font_size_tablet=\u00a0\u00bb18px\u00a0\u00bb text_font_size_phone=\u00a0\u00bb20px\u00a0\u00bb text_font_size_last_edited=\u00a0\u00bbon|phone\u00a0\u00bb global_colors_info=\u00a0\u00bb{}\u00a0\u00bb]<\/p>\n<p><span><strong><span style=\"color: black;\">Nos <span style=\"color: #e2007a;\">services <span style=\"color: black;\">photographiques <\/span><\/span> <span style=\"color: #e2007a;\">suppl\u00e9mentaires<\/span><\/span><\/strong><\/span><\/p>\n<p>[\/et_pb_text][et_pb_text _builder_version=\u00a0\u00bb4.22.1&Prime; _module_preset=\u00a0\u00bbdefault\u00a0\u00bb text_font=\u00a0\u00bbPoppins|300|||||||\u00a0\u00bb text_text_color=\u00a0\u00bb#0a0a0a\u00a0\u00bb text_font_size=\u00a0\u00bb15px\u00a0\u00bb text_line_height=\u00a0\u00bb1.8em\u00a0\u00bb custom_padding=\u00a0\u00bb||20px||false|false\u00a0\u00bb custom_padding_tablet=\u00a0\u00bb||20px||false|false\u00a0\u00bb custom_padding_phone=\u00a0\u00bb||0px||false|false\u00a0\u00bb custom_padding_last_edited=\u00a0\u00bbon|desktop\u00a0\u00bb text_font_size_tablet=\u00a0\u00bb15px\u00a0\u00bb text_font_size_phone=\u00a0\u00bb13px\u00a0\u00bb text_font_size_last_edited=\u00a0\u00bbon|phone\u00a0\u00bb global_colors_info=\u00a0\u00bb{}\u00a0\u00bb]<\/p>\n<p><span style=\"color: black;\">La Galerie et le Studio <a href=\"https:\/\/www.facebook.com\/studiogrenadineAngers\"><span style=\"color: #e2007a;\">Grenadine<\/span><\/a> \u00e0 Fontainebleau 77 propose des s\u00e9ances photo mais aussi des services photographiques suppl\u00e9mentaires comme les photos d&rsquo;identit\u00e9 pour votre passeport, dossier d&rsquo;\u00e9cole, visa, carte vitale mais aussi des photos aux normes Fran\u00e7aise ANTS pour les permis de conduire. Des formations photo pour les amateurs, une liste de naissance pour offrir des photos, des s\u00e9ances pros pour un CV, LinkedIn, Indeed et pour votre site internet. N&rsquo;h\u00e9sitez pas \u00e0 nous <span style=\"text-decoration: underline;\"><a href=\"https:\/\/www.galeriegrenadine.com\/fontainebleau\/le-studio\/\">contacter<\/a><\/span> directement en Galerie \u00e0 Fontainebleau ou par t\u00e9l\u00e9phone pour de plus amples renseignements.<\/span><\/p>\n<p>[\/et_pb_text][\/et_pb_column][et_pb_column type=\u00a0\u00bb1_4&Prime; _builder_version=\u00a0\u00bb4.22.1&Prime; _module_preset=\u00a0\u00bbdefault\u00a0\u00bb global_colors_info=\u00a0\u00bb{}\u00a0\u00bb][et_pb_image src=\u00a0\u00bbhttps:\/\/www.galeriegrenadine.com\/angers\/wp-content\/uploads\/sites\/12\/2019\/04\/Identit\u00e9-Mairie-2.jpg\u00a0\u00bb alt=\u00a0\u00bbphoto identit\u00e9 angers 49&Prime; title_text=\u00a0\u00bbphoto identit\u00e9 angers 49&Prime; url=\u00a0\u00bbhttps:\/\/www.galeriegrenadine.com\/fontainebleau\/le-studio\/\u00a0\u00bb _builder_version=\u00a0\u00bb4.22.1&Prime; _module_preset=\u00a0\u00bbdefault\u00a0\u00bb custom_margin=\u00a0\u00bb||10px||false|false\u00a0\u00bb custom_padding=\u00a0\u00bb||||false|false\u00a0\u00bb hover_enabled=\u00a0\u00bb0&Prime; global_colors_info=\u00a0\u00bb{}\u00a0\u00bb sticky_enabled=\u00a0\u00bb0&Prime;][\/et_pb_image][et_pb_button button_url=\u00a0\u00bbhttps:\/\/www.galeriegrenadine.com\/fontainebleau\/le-studio\/\u00a0\u00bb button_text=\u00a0\u00bbPhotos Identit\u00e9\u00a0\u00bb button_alignment=\u00a0\u00bbcenter\u00a0\u00bb disabled_on=\u00a0\u00bboff|off|off\u00a0\u00bb _builder_version=\u00a0\u00bb4.22.1&Prime; custom_button=\u00a0\u00bbon\u00a0\u00bb button_text_size=\u00a0\u00bb18px\u00a0\u00bb button_text_color=\u00a0\u00bb#ffffff\u00a0\u00bb button_bg_color=\u00a0\u00bb#e2007a\u00a0\u00bb button_border_width=\u00a0\u00bb0px\u00a0\u00bb button_border_radius=\u00a0\u00bb3px\u00a0\u00bb button_font=\u00a0\u00bbFigtree||||||||\u00a0\u00bb button_use_icon=\u00a0\u00bboff\u00a0\u00bb custom_margin=\u00a0\u00bb||||false|false\u00a0\u00bb custom_padding=\u00a0\u00bb|35px||35px|false|true\u00a0\u00bb custom_css_main_element=\u00a0\u00bbwidth:100%\u00a0\u00bb global_colors_info=\u00a0\u00bb{}\u00a0\u00bb][\/et_pb_button][et_pb_image src=\u00a0\u00bbhttps:\/\/www.galeriegrenadine.com\/angers\/wp-content\/uploads\/sites\/12\/2019\/04\/Grenadine-5-copie.jpg\u00a0\u00bb alt=\u00a0\u00bbShooting photo pro 77&Prime; title_text=\u00a0\u00bbShooting photo pro 77&Prime; url=\u00a0\u00bbhttps:\/\/www.galeriegrenadine.com\/fontainebleau\/le-studio\/\u00a0\u00bb _builder_version=\u00a0\u00bb4.22.1&Prime; _module_preset=\u00a0\u00bbdefault\u00a0\u00bb custom_margin=\u00a0\u00bb||10px||false|false\u00a0\u00bb global_colors_info=\u00a0\u00bb{}\u00a0\u00bb][\/et_pb_image][et_pb_button button_url=\u00a0\u00bbhttps:\/\/www.galeriegrenadine.com\/fontainebleau\/le-studio\/\u00a0\u00bb button_text=\u00a0\u00bbPhotos professionnel\u00a0\u00bb button_alignment=\u00a0\u00bbcenter\u00a0\u00bb disabled_on=\u00a0\u00bboff|off|off\u00a0\u00bb _builder_version=\u00a0\u00bb4.22.1&Prime; custom_button=\u00a0\u00bbon\u00a0\u00bb button_text_size=\u00a0\u00bb18px\u00a0\u00bb button_text_color=\u00a0\u00bb#ffffff\u00a0\u00bb button_bg_color=\u00a0\u00bb#e2007a\u00a0\u00bb button_border_width=\u00a0\u00bb0px\u00a0\u00bb button_border_radius=\u00a0\u00bb3px\u00a0\u00bb button_font=\u00a0\u00bbFigtree||||||||\u00a0\u00bb button_use_icon=\u00a0\u00bboff\u00a0\u00bb custom_padding=\u00a0\u00bb|34px||34px||true\u00a0\u00bb custom_css_main_element=\u00a0\u00bbwidth:100%\u00a0\u00bb global_colors_info=\u00a0\u00bb{}\u00a0\u00bb][\/et_pb_button][\/et_pb_column][et_pb_column type=\u00a0\u00bb1_4&Prime; _builder_version=\u00a0\u00bb4.22.1&Prime; _module_preset=\u00a0\u00bbdefault\u00a0\u00bb global_colors_info=\u00a0\u00bb{}\u00a0\u00bb][et_pb_image src=\u00a0\u00bbhttps:\/\/www.galeriegrenadine.com\/angers\/wp-content\/uploads\/sites\/12\/2019\/04\/formation-photo-Grenadine-2019jpg-copie.jpg\u00a0\u00bb alt=\u00a0\u00bbCours photo 77&Prime; title_text=\u00a0\u00bbCours photo 77&Prime; url=\u00a0\u00bbhttps:\/\/www.galeriegrenadine.com\/fontainebleau\/le-studio\/\u00a0\u00bb _builder_version=\u00a0\u00bb4.22.1&Prime; _module_preset=\u00a0\u00bbdefault\u00a0\u00bb custom_margin=\u00a0\u00bb||10px||false|false\u00a0\u00bb global_colors_info=\u00a0\u00bb{}\u00a0\u00bb][\/et_pb_image][et_pb_button button_url=\u00a0\u00bbhttps:\/\/www.galeriegrenadine.com\/fontainebleau\/le-studio\/\u00a0\u00bb button_text=\u00a0\u00bbFormation photographe\u00a0\u00bb button_alignment=\u00a0\u00bbcenter\u00a0\u00bb _builder_version=\u00a0\u00bb4.22.1&Prime; custom_button=\u00a0\u00bbon\u00a0\u00bb button_text_size=\u00a0\u00bb18px\u00a0\u00bb button_text_color=\u00a0\u00bb#ffffff\u00a0\u00bb button_bg_color=\u00a0\u00bb#e2007a\u00a0\u00bb button_border_width=\u00a0\u00bb0px\u00a0\u00bb button_border_radius=\u00a0\u00bb3px\u00a0\u00bb button_font=\u00a0\u00bbFigtree||||||||\u00a0\u00bb button_use_icon=\u00a0\u00bboff\u00a0\u00bb custom_css_main_element=\u00a0\u00bbwidth:100%\u00a0\u00bb global_colors_info=\u00a0\u00bb{}\u00a0\u00bb][\/et_pb_button][et_pb_image src=\u00a0\u00bbhttps:\/\/www.galeriegrenadine.com\/angers\/wp-content\/uploads\/sites\/12\/2020\/04\/Se\u0301ance-photo-be\u0301be\u0301-77-6.jpg\u00a0\u00bb alt=\u00a0\u00bbSe\u0301ance photo naissance fontainebleau\u00a0\u00bb title_text=\u00a0\u00bbSe\u0301ance photo naissance fontainebleau\u00a0\u00bb url=\u00a0\u00bbhttps:\/\/www.galeriegrenadine.com\/fontainebleau\/le-studio\/\u00a0\u00bb _builder_version=\u00a0\u00bb4.22.1&Prime; _module_preset=\u00a0\u00bbdefault\u00a0\u00bb custom_margin=\u00a0\u00bb||10px||false|false\u00a0\u00bb global_colors_info=\u00a0\u00bb{}\u00a0\u00bb][\/et_pb_image][et_pb_button button_url=\u00a0\u00bbhttps:\/\/www.galeriegrenadine.com\/fontainebleau\/le-studio\/\u00a0\u00bb button_text=\u00a0\u00bbListe de Naissance\u00a0\u00bb button_alignment=\u00a0\u00bbcenter\u00a0\u00bb _builder_version=\u00a0\u00bb4.22.1&Prime; custom_button=\u00a0\u00bbon\u00a0\u00bb button_text_size=\u00a0\u00bb18px\u00a0\u00bb button_text_color=\u00a0\u00bb#ffffff\u00a0\u00bb button_bg_color=\u00a0\u00bb#e2007a\u00a0\u00bb button_border_width=\u00a0\u00bb0px\u00a0\u00bb button_border_radius=\u00a0\u00bb3px\u00a0\u00bb button_font=\u00a0\u00bbFigtree||||||||\u00a0\u00bb button_use_icon=\u00a0\u00bboff\u00a0\u00bb custom_css_main_element=\u00a0\u00bbwidth:100%\u00a0\u00bb global_colors_info=\u00a0\u00bb{}\u00a0\u00bb][\/et_pb_button][\/et_pb_column][\/et_pb_row][\/et_pb_section][et_pb_section fb_built=\u00a0\u00bb1&Prime; custom_padding_last_edited=\u00a0\u00bbon|phone\u00a0\u00bb _builder_version=\u00a0\u00bb4.22.1&Prime; _module_preset=\u00a0\u00bbdefault\u00a0\u00bb background_color=\u00a0\u00bbrgba(43,43,43,0.07)\u00a0\u00bb custom_padding=\u00a0\u00bb100px||100px||false|false\u00a0\u00bb custom_padding_tablet=\u00a0\u00bb100px||100px||false|false\u00a0\u00bb custom_padding_phone=\u00a0\u00bb30px||30px||true|false\u00a0\u00bb locked=\u00a0\u00bboff\u00a0\u00bb collapsed=\u00a0\u00bbon\u00a0\u00bb global_colors_info=\u00a0\u00bb{}\u00a0\u00bb][et_pb_row _builder_version=\u00a0\u00bb4.22.1&Prime; _module_preset=\u00a0\u00bbdefault\u00a0\u00bb global_colors_info=\u00a0\u00bb{}\u00a0\u00bb][et_pb_column type=\u00a0\u00bb4_4&Prime; _builder_version=\u00a0\u00bb4.22.1&Prime; _module_preset=\u00a0\u00bbdefault\u00a0\u00bb global_colors_info=\u00a0\u00bb{}\u00a0\u00bb][et_pb_text _builder_version=\u00a0\u00bb4.22.1&Prime; _module_preset=\u00a0\u00bbdefault\u00a0\u00bb text_font=\u00a0\u00bbFigtree|700|||||||\u00a0\u00bb text_text_color=\u00a0\u00bb#0a0a0a\u00a0\u00bb text_font_size=\u00a0\u00bb30px\u00a0\u00bb text_orientation=\u00a0\u00bbcenter\u00a0\u00bb custom_margin=\u00a0\u00bb||20px||false|false\u00a0\u00bb custom_padding=\u00a0\u00bb0px|0px|0px|0px|false|false\u00a0\u00bb text_font_size_tablet=\u00a0\u00bb28px\u00a0\u00bb text_font_size_phone=\u00a0\u00bb20px\u00a0\u00bb text_font_size_last_edited=\u00a0\u00bbon|phone\u00a0\u00bb global_colors_info=\u00a0\u00bb{}\u00a0\u00bb]<\/p>\n<p>D\u00e9couvrez ce que nos clients disent de nous !<\/p>\n<p>[\/et_pb_text][et_pb_text _builder_version=\u00a0\u00bb4.22.1&Prime; _module_preset=\u00a0\u00bbdefault\u00a0\u00bb text_font=\u00a0\u00bbPoppins|300|||||||\u00a0\u00bb text_font_size=\u00a0\u00bb15px\u00a0\u00bb text_orientation=\u00a0\u00bbcenter\u00a0\u00bb custom_padding_tablet=\u00a0\u00bb\u00a0\u00bb custom_padding_phone=\u00a0\u00bb||15px||false|false\u00a0\u00bb custom_padding_last_edited=\u00a0\u00bbon|phone\u00a0\u00bb text_font_size_tablet=\u00a0\u00bb17px\u00a0\u00bb text_font_size_phone=\u00a0\u00bb13px\u00a0\u00bb text_font_size_last_edited=\u00a0\u00bbon|phone\u00a0\u00bb global_colors_info=\u00a0\u00bb{}\u00a0\u00bb]<\/p>\n<p>Voici ce que disent nos clients sur Google apr\u00e8s leur exp\u00e9rience dans nos diff\u00e9rents studios.<\/p>\n<p>[\/et_pb_text][\/et_pb_column][\/et_pb_row][\/et_pb_section][et_pb_section fb_built=\u00a0\u00bb1&Prime; _builder_version=\u00a0\u00bb4.22.1&Prime; _module_preset=\u00a0\u00bbdefault\u00a0\u00bb locked=\u00a0\u00bboff\u00a0\u00bb collapsed=\u00a0\u00bbon\u00a0\u00bb global_colors_info=\u00a0\u00bb{}\u00a0\u00bb][et_pb_row column_structure=\u00a0\u00bb1_4,1_4,1_4,1_4&Prime; use_custom_gutter=\u00a0\u00bbon\u00a0\u00bb gutter_width=\u00a0\u00bb2&Prime; make_equal=\u00a0\u00bbon\u00a0\u00bb custom_padding_last_edited=\u00a0\u00bbon|phone\u00a0\u00bb _builder_version=\u00a0\u00bb4.22.1&Prime; _module_preset=\u00a0\u00bbdefault\u00a0\u00bb max_width=\u00a0\u00bb1920px\u00a0\u00bb custom_padding=\u00a0\u00bb50px||||false|false\u00a0\u00bb custom_padding_tablet=\u00a0\u00bb70px||||false|false\u00a0\u00bb custom_padding_phone=\u00a0\u00bb0px||||false|false\u00a0\u00bb global_colors_info=\u00a0\u00bb{}\u00a0\u00bb][et_pb_column type=\u00a0\u00bb1_4&Prime; _builder_version=\u00a0\u00bb4.22.1&Prime; _module_preset=\u00a0\u00bbdefault\u00a0\u00bb global_colors_info=\u00a0\u00bb{}\u00a0\u00bb][et_pb_testimonial author=\u00a0\u00bbMarie L.\u00a0\u00bb quote_icon_color=\u00a0\u00bb#e2007a\u00a0\u00bb _builder_version=\u00a0\u00bb4.22.1&Prime; _module_preset=\u00a0\u00bbdefault\u00a0\u00bb body_font=\u00a0\u00bb|300|||||||\u00a0\u00bb body_font_size=\u00a0\u00bb16px\u00a0\u00bb background_color=\u00a0\u00bb#FFFFFF\u00a0\u00bb body_font_size_tablet=\u00a0\u00bb16px\u00a0\u00bb body_font_size_phone=\u00a0\u00bb14px\u00a0\u00bb body_font_size_last_edited=\u00a0\u00bbon|phone\u00a0\u00bb global_colors_info=\u00a0\u00bb{}\u00a0\u00bb]<\/p>\n<p><em>\u00ab Une exp\u00e9rience incroyable ! Le photographe a su nous mettre \u00e0 l\u2019aise d\u00e8s le d\u00e9but. Les photos sont magnifiques et naturelles. Je recommande vivement le Studio Grenadine pour toute future maman ou famille. \u00bb<\/em><\/p>\n<p>[\/et_pb_testimonial][\/et_pb_column][et_pb_column type=\u00a0\u00bb1_4&Prime; _builder_version=\u00a0\u00bb4.22.1&Prime; _module_preset=\u00a0\u00bbdefault\u00a0\u00bb global_colors_info=\u00a0\u00bb{}\u00a0\u00bb][et_pb_testimonial author=\u00a0\u00bbSophie D.\u00a0\u00bb quote_icon_color=\u00a0\u00bb#e2007a\u00a0\u00bb _builder_version=\u00a0\u00bb4.22.1&Prime; _module_preset=\u00a0\u00bbdefault\u00a0\u00bb body_font=\u00a0\u00bb|300|||||||\u00a0\u00bb body_font_size=\u00a0\u00bb16px\u00a0\u00bb background_color=\u00a0\u00bb#FFFFFF\u00a0\u00bb body_font_size_tablet=\u00a0\u00bb16px\u00a0\u00bb body_font_size_phone=\u00a0\u00bb14px\u00a0\u00bb body_font_size_last_edited=\u00a0\u00bbon|phone\u00a0\u00bb global_colors_info=\u00a0\u00bb{}\u00a0\u00bb]<\/p>\n<p><em>\u00ab Super moment pass\u00e9 au studio ! L\u2019\u00e9quipe est tr\u00e8s professionnelle, et le rendu des photos est exceptionnel. Je suis vraiment heureuse d\u2019avoir choisi ce studio pour immortaliser ma grossesse. Merci encore ! \u00bb<\/em><\/p>\n<p>[\/et_pb_testimonial][\/et_pb_column][et_pb_column type=\u00a0\u00bb1_4&Prime; _builder_version=\u00a0\u00bb4.22.1&Prime; _module_preset=\u00a0\u00bbdefault\u00a0\u00bb global_colors_info=\u00a0\u00bb{}\u00a0\u00bb][et_pb_testimonial author=\u00a0\u00bbAm\u00e9lie G.\u00a0\u00bb quote_icon_color=\u00a0\u00bb#e2007a\u00a0\u00bb _builder_version=\u00a0\u00bb4.22.1&Prime; _module_preset=\u00a0\u00bbdefault\u00a0\u00bb body_font=\u00a0\u00bb|300|||||||\u00a0\u00bb body_font_size=\u00a0\u00bb16px\u00a0\u00bb background_color=\u00a0\u00bb#FFFFFF\u00a0\u00bb body_font_size_tablet=\u00a0\u00bb16px\u00a0\u00bb body_font_size_phone=\u00a0\u00bb14px\u00a0\u00bb body_font_size_last_edited=\u00a0\u00bbon|phone\u00a0\u00bb global_colors_info=\u00a0\u00bb{}\u00a0\u00bb]<\/p>\n<p><em>\u00ab Excellent accueil et s\u00e9ance tr\u00e8s agr\u00e9able. Le photographe a su capturer de belles \u00e9motions et a pris le temps de bien nous guider. Je reviendrai pour d\u2019autres moments familiaux. \u00bb<\/em><\/p>\n<p>[\/et_pb_testimonial][\/et_pb_column][et_pb_column type=\u00a0\u00bb1_4&Prime; _builder_version=\u00a0\u00bb4.22.1&Prime; _module_preset=\u00a0\u00bbdefault\u00a0\u00bb global_colors_info=\u00a0\u00bb{}\u00a0\u00bb][et_pb_testimonial author=\u00a0\u00bbThomas V.\u00a0\u00bb quote_icon_color=\u00a0\u00bb#e2007a\u00a0\u00bb _builder_version=\u00a0\u00bb4.22.1&Prime; _module_preset=\u00a0\u00bbdefault\u00a0\u00bb body_font=\u00a0\u00bb|300|||||||\u00a0\u00bb body_font_size=\u00a0\u00bb16px\u00a0\u00bb background_color=\u00a0\u00bb#FFFFFF\u00a0\u00bb body_font_size_tablet=\u00a0\u00bb16px\u00a0\u00bb body_font_size_phone=\u00a0\u00bb14px\u00a0\u00bb body_font_size_last_edited=\u00a0\u00bbon|phone\u00a0\u00bb global_colors_info=\u00a0\u00bb{}\u00a0\u00bb]<\/p>\n<p><em>\u00ab Tr\u00e8s belle exp\u00e9rience avec toute la famille. Les photos sont de grande qualit\u00e9, et le photographe a vraiment su capter l\u2019essence de notre complicit\u00e9. Je recommande \u00e0 100 % ! \u00bb<\/em><\/p>\n<p>[\/et_pb_testimonial][\/et_pb_column][\/et_pb_row][\/et_pb_section][et_pb_section fb_built=\u00a0\u00bb1&Prime; disabled_on=\u00a0\u00bbon|on|off\u00a0\u00bb _builder_version=\u00a0\u00bb4.22.1&Prime; background_color=\u00a0\u00bbRGBA(255,255,255,0)\u00a0\u00bb custom_padding=\u00a0\u00bb||||false|false\u00a0\u00bb locked=\u00a0\u00bboff\u00a0\u00bb collapsed=\u00a0\u00bbon\u00a0\u00bb global_colors_info=\u00a0\u00bb{}\u00a0\u00bb][et_pb_row use_custom_gutter=\u00a0\u00bbon\u00a0\u00bb make_equal=\u00a0\u00bbon\u00a0\u00bb _builder_version=\u00a0\u00bb4.22.1&Prime; background_color=\u00a0\u00bbRGBA(255,255,255,0)\u00a0\u00bb custom_padding=\u00a0\u00bb30px||30px||false|false\u00a0\u00bb global_colors_info=\u00a0\u00bb{}\u00a0\u00bb][et_pb_column type=\u00a0\u00bb4_4&Prime; _builder_version=\u00a0\u00bb4.16&Prime; custom_padding=\u00a0\u00bb|||\u00a0\u00bb global_colors_info=\u00a0\u00bb{}\u00a0\u00bb custom_padding__hover=\u00a0\u00bb|||\u00a0\u00bb][et_pb_text _builder_version=\u00a0\u00bb4.22.1&Prime; text_font=\u00a0\u00bbFigtree||||||||\u00a0\u00bb text_text_color=\u00a0\u00bb#0a0a0a\u00a0\u00bb text_font_size=\u00a0\u00bb28px\u00a0\u00bb text_line_height=\u00a0\u00bb0.5em\u00a0\u00bb background_color=\u00a0\u00bbRGBA(255,255,255,0)\u00a0\u00bb global_colors_info=\u00a0\u00bb{}\u00a0\u00bb]<\/p>\n<p style=\"text-align: center;\"><strong>Toutes nos <span style=\"color: #e2007a;\">s\u00e9ances et services<\/span> photographiques<\/strong><\/p>\n<p style=\"text-align: center;\"><strong> sont <span style=\"color: #e2007a;\">garantis \u00e0 100%<\/span>&#8230; N&rsquo;h\u00e9sitez plus !<em><\/em><\/strong><\/p>\n<p>[\/et_pb_text][\/et_pb_column][\/et_pb_row][\/et_pb_section]<\/p>\n","protected":false},"excerpt":{"rendered":"<p>Shooting photo Famille, B\u00e9b\u00e9, Grossesse et Portrait Fontainebleau (77).Bienvenue au Studio Grenadine Fontainebleau Photographe de famille, grande famille, grossesse, naissance et b\u00e9b\u00e9. Toutes nos s\u00e9ances photos sont uniquement sur rendez-vous du Mardi au Samedi de 10h \u00e0 12h30 et de 14h \u00e0 18h. Envie d&rsquo;en parler ? Appelez-nous au 0160574103. Nous sommes l\u00e0 pour r\u00e9pondre <a href=\"https:\/\/www.galeriegrenadine.com\/fontainebleau\/\" title=\"Accueil\" rel=\"bookmark\">[Lire la suite]<\/a><\/p>\n","protected":false},"author":1,"featured_media":4399,"parent":0,"menu_order":0,"comment_status":"closed","ping_status":"closed","template":"","meta":{"_et_pb_use_builder":"on","_et_pb_old_content":"<p>[vc_row][vc_column][vc_column_text css=\".vc_custom_1436346552169{margin-bottom: 10px !important;}\"]<\/p><h1 style=\"text-align: center;\"><span style=\"color: #e2007a;\">Shooting Photo Famille, Couple, B\u00e9b\u00e9 et Grossesse en Studio<\/span><\/h1><p>[\/vc_column_text][vc_row_inner][vc_column_inner width=\"1\/3\"][vc_column_text css_animation=\"appear\" el_class=\"sansbas\"]<a title=\"Portrait en solo\" href=\"https:\/\/www.galeriegrenadine.com\/photographe\/seance-shooting\/\"><img class=\"alignnone wp-image-352 size-thumbnail\" src=\"https:\/\/www.galeriegrenadine.com\/fontainebleau\/wp-content\/uploads\/sites\/18\/2014\/08\/solo5-300x200.jpg\" alt=\"photographe casting shooting photo\" width=\"300\" height=\"200\" \/><\/a>[\/vc_column_text][vc_button2 title=\"Seul \" style=\"square\" color=\"theme_custom_color\" add_icon=\"use_icon\" icon=\"icon_profile\" size=\"md\" customcolor=\"#e2007a\" el_class=\"sanshaut\" link=\"url:http%3A%2F%2Fwww.galeriegrenadine.com%2Fphotographe%2Fseance-shooting%2F|title:Portrait%20en%20solo|\"][\/vc_column_inner][vc_column_inner width=\"1\/3\"][vc_column_text css_animation=\"appear\" el_class=\"sansbas\"]<a title=\"Photo Couple et Amoureux 77\" href=\"https:\/\/www.galeriegrenadine.com\/photographe\/couple-et-amoureux-77\/\"><img class=\"alignnone wp-image-364 size-thumbnail\" src=\"https:\/\/www.galeriegrenadine.com\/fontainebleau\/wp-content\/uploads\/sites\/18\/2014\/08\/couple7-300x200.jpg\" alt=\"shooting photo couple\" width=\"300\" height=\"200\" \/><\/a>[\/vc_column_text][vc_button2 title=\"Couple\" style=\"square\" color=\"theme_custom_color\" add_icon=\"use_icon\" icon=\"icon_heart\" size=\"md\" customcolor=\"#e2007a\" el_class=\"sanshaut\" link=\"url:http%3A%2F%2Fwww.galeriegrenadine.com%2Fphotographe%2Fcouple-et-amoureux-77%2F|title:En%20Couple|\"][\/vc_column_inner][vc_column_inner width=\"1\/3\"][vc_column_text css_animation=\"appear\" el_class=\"sansbas\"]<a href=\"https:\/\/www.galeriegrenadine.com\/photographe\/femme-enceinte-grossesse\/\"><img class=\"alignnone wp-image-373 size-thumbnail\" src=\"https:\/\/www.galeriegrenadine.com\/fontainebleau\/wp-content\/uploads\/sites\/18\/2014\/08\/grossesse8-300x200.jpg\" alt=\"photographe de grossesse et de femme enceinte paris\" width=\"300\" height=\"200\" \/><\/a>[\/vc_column_text][vc_button2 title=\"Grossesse + Naissance\" style=\"square\" color=\"theme_custom_color\" add_icon=\"use_icon\" icon=\"icon_genius\" size=\"md\" customcolor=\"#e2007a\" el_class=\"sanshaut\" link=\"url:http%3A%2F%2Fwww.galeriegrenadine.com%2Fphotographe%2Ffemme-enceinte-grossesse%2F|title:Grossesse%20et%20naissance|\"][\/vc_column_inner][\/vc_row_inner][vc_row_inner][vc_column_inner width=\"1\/3\"][vc_column_text css_animation=\"appear\" el_class=\"sansbas\"]<a title=\"L\u2019offre S\u00e9ances\" href=\"https:\/\/www.galeriegrenadine.com\/photographe\/bebe-naissance\/\"><img class=\"alignnone wp-image-654 size-thumbnail\" src=\"https:\/\/www.galeriegrenadine.com\/fontainebleau\/wp-content\/uploads\/sites\/18\/2014\/08\/Galerie-Grenadine-23-300x200.jpg\" alt=\"Photographe b\u00e9b\u00e9\" width=\"300\" height=\"200\" \/><\/a>[\/vc_column_text][vc_button2 title=\"Nouveau-n\u00e9\" style=\"square\" color=\"theme_custom_color\" add_icon=\"use_icon\" icon=\"icon_star\" size=\"md\" customcolor=\"#e2007a\" el_class=\"sanshaut\" link=\"url:http%3A%2F%2Fwww.galeriegrenadine.com%2Fphotographe%2Fbebe-naissance%2F|title:Nouveau%20n%C3%A9|\"][\/vc_column_inner][vc_column_inner width=\"1\/3\"][vc_column_text css_animation=\"appear\" el_class=\"sansbas\"]<a title=\"Famille et b\u00e9b\u00e9\" href=\"https:\/\/www.galeriegrenadine.com\/photographe\/famille-enfant\/\"><img class=\"alignnone wp-image-652 size-thumbnail\" src=\"https:\/\/www.galeriegrenadine.com\/fontainebleau\/wp-content\/uploads\/sites\/18\/2014\/08\/Galerie-Grenadine-11-300x200.jpg\" alt=\"Shooting photo famille\" width=\"300\" height=\"200\" \/><\/a>[\/vc_column_text][vc_button2 title=\"B\u00e9b\u00e9 + famille\" style=\"square\" color=\"theme_custom_color\" add_icon=\"use_icon\" icon=\"icon_house_alt\" size=\"md\" customcolor=\"#e2007a\" el_class=\"sanshaut\" link=\"url:http%3A%2F%2Fwww.galeriegrenadine.com%2Fphotographe%2Ffamille-enfant%2F|title:Famille%20et%20b%C3%A9b%C3%A9|\"][\/vc_column_inner][vc_column_inner width=\"1\/3\"][vc_column_text css_animation=\"appear\" el_class=\"sansbas\"]<a title=\"Photographe de Famille\" href=\"https:\/\/www.galeriegrenadine.com\/photographe\/famille-et-grande-famille\/\"><img class=\"alignnone wp-image-941 size-thumbnail\" src=\"https:\/\/www.galeriegrenadine.com\/fontainebleau\/wp-content\/uploads\/sites\/18\/2014\/08\/Photographe-de-famille-enfant-et-cousin-1-300x200.jpg\" alt=\"Photographe de famille enfant et cousin\" width=\"300\" height=\"200\" \/><\/a>[\/vc_column_text][vc_button2 title=\"Grande Famille\" style=\"square\" color=\"theme_custom_color\" add_icon=\"use_icon\" icon=\"icon_group\" size=\"md\" block_button=\"use_block_button\" customcolor=\"#e2007a\" el_class=\"sanshaut\" link=\"url:http%3A%2F%2Fwww.galeriegrenadine.com%2Fphotographe%2Ffamille-et-grande-famille%2F|title:Enfants%20et%20Famille|\"][\/vc_column_inner][\/vc_row_inner][vc_row_inner][vc_column_inner width=\"1\/3\"][vc_column_text css_animation=\"appear\" el_class=\"sansbas\"]<a title=\"Photos d'identit\u00e9\" href=\"https:\/\/www.galeriegrenadine.com\/les-services\/les-photos-didentite\/ \"><img class=\"alignnone wp-image-2405 size-thumbnail\" src=\"https:\/\/www.galeriegrenadine.com\/fontainebleau\/wp-content\/uploads\/sites\/18\/2013\/08\/Photo-identi\u00e9-facebook-300x200.jpg\" alt=\"\" width=\"300\" height=\"200\" \/><\/a>[\/vc_column_text][vc_button2 title=\"Identit\u00e9\" style=\"square\" color=\"theme_custom_color\" add_icon=\"use_icon\" icon=\"icon_star\" size=\"md\" customcolor=\"#e2007a\" el_class=\"sanshaut\" link=\"url:http%3A%2F%2Fwww.galeriegrenadine.com%2Fles-services%2Fles-photos-didentite%2F|title:Photos%20d'identit%C3%A9||\"][\/vc_column_inner][vc_column_inner width=\"1\/3\"][vc_column_text css_animation=\"appear\" el_class=\"sansbas\"]<a title=\"S\u00e9ance Pro\" href=\"https:\/\/www.galeriegrenadine.com\/les-services\/photo-portrait-pro-cv\/\"><img class=\"alignnone wp-image-1976 size-thumbnail\" src=\"https:\/\/www.galeriegrenadine.com\/fontainebleau\/wp-content\/uploads\/sites\/18\/2016\/03\/Galerie-Grenadine-3-300x200.jpg\" alt=\"Portrait pro 77\" width=\"300\" height=\"200\" \/><\/a>[\/vc_column_text][vc_button2 title=\"S\u00e9ance pro\" style=\"square\" color=\"theme_custom_color\" add_icon=\"use_icon\" icon=\"icon_house_alt\" size=\"md\" customcolor=\"#e2007a\" el_class=\"sanshaut\" link=\"url:http%3A%2F%2Fwww.galeriegrenadine.com%2Fles-services%2Fphoto-portrait-pro-cv%2F|title:S%C3%A9ance%20Pro||\"][\/vc_column_inner][vc_column_inner width=\"1\/3\"][vc_column_text css_animation=\"appear\" el_class=\"sansbas\"]<a href=\"https:\/\/www.galeriegrenadine.com\/privatisation\/\"><img class=\"wp-image-3386 size-thumbnail alignleft\" src=\"https:\/\/www.galeriegrenadine.com\/fontainebleau\/wp-content\/uploads\/sites\/18\/2014\/08\/news-3-300x200.jpg\" alt=\"\" width=\"300\" height=\"200\" \/><\/a>[\/vc_column_text][vc_button2 title=\"Privatisation\" style=\"square\" color=\"theme_custom_color\" add_icon=\"use_icon\" icon=\"icon_group\" size=\"md\" block_button=\"use_block_button\" customcolor=\"#e2007a\" el_class=\"sanshaut\" link=\"url:http%3A%2F%2Fwww.galeriegrenadine.com%2Fprivatisation%2F|title:Privatisation||\"][\/vc_column_inner][\/vc_row_inner][vc_empty_space el_class=\"fondicones\"][\/vc_column][\/vc_row][vc_row][vc_column][vc_column_text css=\".vc_custom_1532503194543{margin-bottom: 10px !important;}\"]<\/p><h1 style=\"text-align: center;\">Photographe de Famille, B\u00e9b\u00e9, Grossesse et Portrait en Studio.<\/h1><p>Si vous \u00eates ici, cela n\u2019est pas par hasard. Chercher un <span style=\"color: #e2007a;\">photographe <\/span><span style=\"line-height: 1.5;\">n\u2019est pas quelque chose de courant. Si vous \u00eates ici, c\u2019est que vous cherchez \u00e0 faire r\u00e9aliser quelque chose de <\/span><span style=\"color: #e2007a;\">tr\u00e8s intime<\/span><span style=\"line-height: 1.5;\">. Une photo de vous et de <\/span><span style=\"color: #e2007a;\">votre famille<\/span><span style=\"line-height: 1.5;\"> qui vous ressemble et qui vous procure de la fiert\u00e9.<\/span><\/p><p><span style=\"color: #e2007a;\">Nicolas & Benoit,<\/span> photographes du Studio <span style=\"color: #e2007a;\">Grenadine<\/span> sont sp\u00e9cialis\u00e9s pour vos s\u00e9ances famille. Un moment calme, doux et agr\u00e9able \u00e0 partager en famille ou en toute intimit\u00e9.\u00a0<span style=\"color: #e2007a;\">Ils sont aussi<\/span> amoureux du beau et du design.<\/p><p><span style=\"color: #e2007a;\">Lucile & Morgane<\/span>, vos conseill\u00e8res vous apporteront tout leur savoir pour la construction de vos souvenirs. Du grand \u00e0 accrocher, du moyen \u00e0 encadrer, du petit \u00e0 offrir ou \u00e0 prot\u00e9ger, tout vous sera pr\u00e9sent\u00e9 dans le cin\u00e9ma du studio lors de votre pr\u00e9sentation une semaine apr\u00e8s la prise de vue.<\/p><p>Nos espaces photographique \u00e0 Melun et Nancy sont\u00a0<span style=\"color: #e2007a;\">uniques<\/span> en France et sont\u00a0<span style=\"color: #e2007a;\">sp\u00e9cialis\u00e9s<\/span> dans l\u2019accueil et le divertissement photographique de <span style=\"color: #e2007a;\">familles heureuses<\/span>. Seul, en couple, avec vos enfants ou petits-enfants Grenadine vous assure <span style=\"color: #e2007a;\"><a style=\"color: #e2007a;\" title=\"Photographe 77\" href=\"https:\/\/www.galeriegrenadine.com\/photographe-77\/\">un r\u00e9sultat \u00e0 100%<\/a>.<\/span><\/p><p>Nous vous souhaitons une agr\u00e9able visite sur notre site web et <span style=\"color: #e2007a;\">n'h\u00e9sitez pas<\/span> \u00e0 nous rejoindre sur <span style=\"color: #e2007a;\"><a style=\"color: #e2007a;\" title=\"Facebook\" href=\"https:\/\/www.facebook.com\/GalerieGrenadine?ref=bookmarks\" target=\"_blank\" rel=\"noopener\">Facebook<\/a><\/span> pour suivre nos actualit\u00e9s et offres exceptionnelles.<\/p><p>\u00a0<\/p><p>L'\u00e9quipe <span style=\"color: #e2007a;\">r\u00e9pond \u00e0 vos questions<\/span>\u00a0\/ Du Mardi au Samedi de 10h \u00e0 12h30 et de 14h \u00e0 18h au <strong><a href=\"tel:0164373585\">01 64 37 35 85<\/a> (<span style=\"color: #e2007a;\">Melun<\/span>)<\/strong> ou au <strong><a href=\"tel:0383491182\">03 83 49 11 82<\/a> (<span style=\"color: #e2007a;\">Nancy<\/span>)<\/strong> ou directement en <span style=\"color: #e2007a;\">Galerie !<\/span><\/p><p>.[\/vc_column_text][vc_row_inner el_class=\"basaccueil\"][vc_column_inner width=\"1\/6\"][featured_image featured_link=\"https:\/\/www.galeriegrenadine.com\/les-services\/cours-photo-amateur\/\" read_more_text=\"La formation\" image=\"117\" css_animation=\"left-to-right\" featured_title=\"Cours de photo\" featured_desc=\"2h30 pour apprendre<br \/> \u00e0 utiliser votre appareil<br \/> en mode manuel.\" read_more_link=\"https:\/\/www.galeriegrenadine.com\/les-services\/cours-photo-amateur\/\"][\/vc_column_inner][vc_column_inner width=\"1\/6\"][featured_image featured_link=\"https:\/\/www.galeriegrenadine.com\/les-services\/reproduction-photo\/\" read_more_text=\"Notre service\" image=\"1033\" css_animation=\"left-to-right\" featured_title=\"Reproduction photo\" featured_desc=\"A partir de vos photos souvenirs\" read_more_link=\"https:\/\/www.galeriegrenadine.com\/les-services\/reproduction-photo\/\"][\/vc_column_inner][vc_column_inner width=\"1\/6\"][featured_image featured_link=\"http:\/\/www.wonderbox.fr\/shooting-photo-pour-2-galerie-studio-grenadine-melun-77.html\" read_more_text=\"Le choix\" image=\"1391\" css_animation=\"left-to-right\" featured_title=\"Wonderbox\" featured_desc=\"Utilisez votre wonderbox en Famille au Studio Grenadine\" read_more_link=\"http:\/\/www.wonderbox.fr\/shooting-photo-pour-2-galerie-studio-grenadine-melun-77.html\"][\/vc_column_inner][vc_column_inner width=\"1\/6\"][featured_image featured_link=\"https:\/\/www.galeriegrenadine.com\/la-qualite\/\" read_more_text=\"Nos produits\" image=\"147\" css_animation=\"left-to-right\" featured_title=\"Qualit\u00e9 produit\" featured_desc=\"Tous nos albums sont compos\u00e9s et r\u00e9alis\u00e9s par l'\u00e9quipe Grenadine\" read_more_link=\"https:\/\/www.galeriegrenadine.com\/la-qualite\/\"][\/vc_column_inner][vc_column_inner width=\"2\/6\"][featured_image featured_link=\"https:\/\/www.galeriegrenadine.com\/boutique\/cheque-cadeau-pour-une-seance-en-famille\/\" read_more_text=\"Les options\" image=\"876\" css_animation=\"left-to-right\" featured_title=\"Bons cadeaux\" featured_desc=\"Offrez une s\u00e9ance photo compl\u00e8te, un cadeau exceptionnel\" read_more_link=\"https:\/\/www.galeriegrenadine.com\/boutique\/cheque-cadeau-pour-une-seance-en-famille\/\" img_size=\"160x107\"][\/vc_column_inner][\/vc_row_inner][\/vc_column][\/vc_row]<\/p>","_et_gb_content_width":"","_uf_show_specific_survey":0,"_uf_disable_surveys":false,"footnotes":""},"class_list":["post-2","page","type-page","status-publish","has-post-thumbnail","hentry"],"_links":{"self":[{"href":"https:\/\/www.galeriegrenadine.com\/fontainebleau\/wp-json\/wp\/v2\/pages\/2","targetHints":{"allow":["GET"]}}],"collection":[{"href":"https:\/\/www.galeriegrenadine.com\/fontainebleau\/wp-json\/wp\/v2\/pages"}],"about":[{"href":"https:\/\/www.galeriegrenadine.com\/fontainebleau\/wp-json\/wp\/v2\/types\/page"}],"author":[{"embeddable":true,"href":"https:\/\/www.galeriegrenadine.com\/fontainebleau\/wp-json\/wp\/v2\/users\/1"}],"replies":[{"embeddable":true,"href":"https:\/\/www.galeriegrenadine.com\/fontainebleau\/wp-json\/wp\/v2\/comments?post=2"}],"version-history":[{"count":1,"href":"https:\/\/www.galeriegrenadine.com\/fontainebleau\/wp-json\/wp\/v2\/pages\/2\/revisions"}],"predecessor-version":[{"id":6541,"href":"https:\/\/www.galeriegrenadine.com\/fontainebleau\/wp-json\/wp\/v2\/pages\/2\/revisions\/6541"}],"wp:featuredmedia":[{"embeddable":true,"href":"https:\/\/www.galeriegrenadine.com\/fontainebleau\/wp-json\/wp\/v2\/media\/4399"}],"wp:attachment":[{"href":"https:\/\/www.galeriegrenadine.com\/fontainebleau\/wp-json\/wp\/v2\/media?parent=2"}],"curies":[{"name":"wp","href":"https:\/\/api.w.org\/{rel}","templated":true}]}}