{"id":116,"date":"2014-08-18T15:29:02","date_gmt":"2014-08-18T13:29:02","guid":{"rendered":"https:\/\/www.galeriegrenadine.com\/fontainebleau\/?page_id=116"},"modified":"2021-01-26T15:26:23","modified_gmt":"2021-01-26T13:26:23","slug":"cours-photo-amateur","status":"publish","type":"page","link":"https:\/\/www.galeriegrenadine.com\/fontainebleau\/cours-photo-amateur\/","title":{"rendered":"Cours de photo pour amateur"},"content":{"rendered":"<p>[et_pb_section fb_built=\u00a0\u00bb1&Prime; admin_label=\u00a0\u00bbsection\u00a0\u00bb _builder_version=\u00a0\u00bb3.0.47&Prime;][et_pb_row admin_label=\u00a0\u00bbrow\u00a0\u00bb _builder_version=\u00a0\u00bb3.0.48&Prime; background_size=\u00a0\u00bbinitial\u00a0\u00bb background_position=\u00a0\u00bbtop_left\u00a0\u00bb background_repeat=\u00a0\u00bbrepeat\u00a0\u00bb][et_pb_column type=\u00a0\u00bb4_4&Prime; _builder_version=\u00a0\u00bb3.0.47&Prime;][et_pb_text admin_label=\u00a0\u00bbText\u00a0\u00bb _builder_version=\u00a0\u00bb3.0.74&Prime; background_size=\u00a0\u00bbinitial\u00a0\u00bb background_position=\u00a0\u00bbtop_left\u00a0\u00bb background_repeat=\u00a0\u00bbrepeat\u00a0\u00bb]<\/p>\n<p>&nbsp;<\/p>\n<h2 class=\"deal-page-title\" style=\"text-align: left;\"><a href=\"https:\/\/www.galeriegrenadine.com\/fontainebleau\/wp-content\/uploads\/sites\/18\/2014\/08\/formation-photo-77-1.jpg\"><img decoding=\"async\" class=\"size-medium wp-image-1281 aligncenter\" src=\"https:\/\/www.galeriegrenadine.com\/fontainebleau\/wp-content\/uploads\/sites\/18\/2014\/08\/formation-photo-77-1-600x400.jpg\" alt=\"formation photo 77-1\" width=\"600\" height=\"400\" data-jpibfi-indexer=\"1\" \/><\/a><\/h2>\n<h2 class=\"deal-page-title\" style=\"text-align: left;\">Un cours de photo pour amateur de 2h30 comprenant th\u00e9orie et pratique.<\/h2>\n<p style=\"text-align: left;\">Le cours se d\u00e9roule en petit comit\u00e9 de<span style=\"color: #e2007a;\"> 10\/12 personnes maximum<\/span>.<\/p>\n<p style=\"text-align: left;\">Pendant pr\u00e8s d\u20191h30, vous apprendrez <span style=\"color: #e2007a;\">les bases<\/span> de la photographie afin de vous servir au mieux de votre appareil et pouvoir r\u00e9aliser de beaux clich\u00e9s.<\/p>\n<p style=\"text-align: left;\">Les notions de diaphragme, vitesse d\u2019obturation, ISO, profondeur de champ, cadrage et r\u00e9glage n\u2019auront<span style=\"color: #e2007a;\"> plus de secrets<\/span> pour vous.<\/p>\n<p style=\"text-align: left;\">Puis direction le centre-ville de Melun pendant 30 \u00e0 45 minutes pour la mise en pratique o\u00f9 vous verrez comment apporter \u00e0 vos photos<span style=\"color: #e2007a;\"> des effets \u00e9poustouflants<\/span>.<\/p>\n<p style=\"text-align: left;\">Enfin, retour au studio autour d\u2019un d\u00e9briefing.\u00a0Ce cours vous sera dispens\u00e9 par\u00a0Benoit le photographe du Studio<span style=\"color: #e2007a;\"> Grenadine<\/span>\u00a0qui saura vous mettre \u00e0 l\u2019aise.<\/p>\n<p style=\"text-align: left;\" align=\"center\">Cette formation peut \u00eatre<span style=\"color: #e2007a;\"> compl\u00e9t\u00e9e<\/span> par une deuxi\u00e8me pour<span style=\"color: #e2007a;\"> consolider vos acquis<\/span> et vous expliquer encore bien d\u2019autres choses.<\/p>\n<p style=\"text-align: left;\" align=\"center\">C\u2019est un<span style=\"color: #e2007a;\"> moment ludique<\/span> dans la bonne humeur et la joie, comme chacune de vos visites au Studio<span style=\"color: #e2007a;\"> Grenadine<\/span>\u00a0!<\/p>\n<p style=\"text-align: left;\" align=\"center\">Vous connaissez quelqu\u2019un qui serait <span style=\"color: #e2007a;\">heureux<\/span> d&rsquo;y participer ?<br \/> Offrez-lui notre<span style=\"color: #e2007a;\"> ch\u00e8que cadeau<\/span>\u00a0Formation photo.<\/p>\n<p style=\"text-align: left;\" align=\"center\">Contactez nous au <span style=\"color: #e2007a;\">01 64 37 35 85<\/span><\/p>\n<p style=\"text-align: left;\" align=\"center\">Cette formation est adapt\u00e9e \u00e0 toutes les marques d\u2019appareils num\u00e9riques reflex.<\/p>\n<p style=\"text-align: left;\" align=\"center\">Valeur : 39\u20ac<\/p>\n<p style=\"text-align: left;\" align=\"center\">L\u2019\u00e9quipe\u00a0r\u00e9pond \u00e0 vos questions\u00a0\/ Du Mardi au Samedi de 10h \u00e0 12h30 et de 14h \u00e0 18h au\u00a0<strong><span style=\"color: #e2007a;\">01 64 37 35 85<\/span> (Melun)<\/strong>\u00a0ou directement en\u00a0Galerie !<\/p>\n\n\t\t<style type=\"text\/css\">\n\t\t\t#gallery-1 {\n\t\t\t\tmargin: auto;\n\t\t\t}\n\t\t\t#gallery-1 .gallery-item {\n\t\t\t\tfloat: left;\n\t\t\t\tmargin-top: 10px;\n\t\t\t\ttext-align: center;\n\t\t\t\twidth: 33%;\n\t\t\t}\n\t\t\t#gallery-1 img {\n\t\t\t\tborder: 2px solid #cfcfcf;\n\t\t\t}\n\t\t\t#gallery-1 .gallery-caption {\n\t\t\t\tmargin-left: 0;\n\t\t\t}\n\t\t\t\/* see gallery_shortcode() in wp-includes\/media.php *\/\n\t\t<\/style>\n\t\t<div id='gallery-1' class='gallery galleryid-116 gallery-columns-3 gallery-size-thumbnail'><dl class='gallery-item'>\n\t\t\t<dt class='gallery-icon landscape'>\n\t\t\t\t<a href='https:\/\/www.galeriegrenadine.com\/fontainebleau\/galerie-grenadine-31\/'><img decoding=\"async\" width=\"300\" height=\"200\" src=\"https:\/\/www.galeriegrenadine.com\/fontainebleau\/wp-content\/uploads\/sites\/18\/2014\/08\/Galerie-Grenadine-31-300x200.jpg\" class=\"attachment-thumbnail size-thumbnail\" alt=\"\" \/><\/a>\n\t\t\t<\/dt><\/dl><dl class='gallery-item'>\n\t\t\t<dt class='gallery-icon landscape'>\n\t\t\t\t<a href='https:\/\/www.galeriegrenadine.com\/fontainebleau\/galerie-grenadine-21b\/'><img decoding=\"async\" width=\"300\" height=\"200\" src=\"https:\/\/www.galeriegrenadine.com\/fontainebleau\/wp-content\/uploads\/sites\/18\/2014\/08\/Galerie-Grenadine-21b-300x200.jpg\" class=\"attachment-thumbnail size-thumbnail\" alt=\"\" \/><\/a>\n\t\t\t<\/dt><\/dl><dl class='gallery-item'>\n\t\t\t<dt class='gallery-icon landscape'>\n\t\t\t\t<a href='https:\/\/www.galeriegrenadine.com\/fontainebleau\/cours-photo-amateur\/formation-photo\/'><img decoding=\"async\" width=\"300\" height=\"200\" src=\"https:\/\/www.galeriegrenadine.com\/fontainebleau\/wp-content\/uploads\/sites\/18\/2014\/08\/formation-photo-300x200.jpg\" class=\"attachment-thumbnail size-thumbnail\" alt=\"\" \/><\/a>\n\t\t\t<\/dt><\/dl><br style=\"clear: both\" \/>\n\t\t<\/div>\n\n<p style=\"text-align: center;\"><a href=\"https:\/\/www.galeriegrenadine.com\/fontainebleau\/wp-content\/uploads\/sites\/18\/2014\/08\/bas-lettre.jpg\">.<img decoding=\"async\" class=\"aligncenter size-medium wp-image-1283\" src=\"https:\/\/www.galeriegrenadine.com\/fontainebleau\/wp-content\/uploads\/sites\/18\/2014\/08\/bas-lettre-600x27.jpg\" alt=\"bas lettre\" width=\"600\" height=\"27\" \/><\/a><\/p>\n<p>&nbsp;<\/p>\n<p>[\/et_pb_text][\/et_pb_column][\/et_pb_row][\/et_pb_section]<\/p>\n","protected":false},"excerpt":{"rendered":"<p>&nbsp; Un cours de photo pour amateur de 2h30 comprenant th\u00e9orie et pratique. Le cours se d\u00e9roule en petit comit\u00e9 de 10\/12 personnes maximum. Pendant pr\u00e8s d\u20191h30, vous apprendrez les bases de la photographie afin de vous servir au mieux de votre appareil et pouvoir r\u00e9aliser de beaux clich\u00e9s. Les notions de diaphragme, vitesse d\u2019obturation, <a href=\"https:\/\/www.galeriegrenadine.com\/fontainebleau\/cours-photo-amateur\/\" title=\"Cours de photo pour amateur\" rel=\"bookmark\">[Lire la suite]<\/a><\/p>\n","protected":false},"author":1,"featured_media":117,"parent":0,"menu_order":12,"comment_status":"closed","ping_status":"closed","template":"","meta":{"_et_pb_use_builder":"on","_et_pb_old_content":"[vc_row][vc_column][vc_column_text]\r\n<h2 class=\"deal-page-title\" style=\"text-align: left;\"><a href=\"https:\/\/www.galeriegrenadine.com\/fontainebleau\/wp-content\/uploads\/sites\/18\/2014\/08\/formation-photo-77-1.jpg\"><img class=\" size-medium wp-image-1281 aligncenter\" src=\"https:\/\/www.galeriegrenadine.com\/fontainebleau\/wp-content\/uploads\/sites\/18\/2014\/08\/formation-photo-77-1-600x400.jpg\" alt=\"formation photo 77-1\" width=\"600\" height=\"400\" \/><\/a><\/h2>\r\n<h2 class=\"deal-page-title\" style=\"text-align: left;\">Un cours de photo pour amateur de 2h30 comprenant th\u00e9orie et pratique.<\/h2>\r\n<p style=\"text-align: left;\">Le cours se d\u00e9roule en petit comit\u00e9 de<span style=\"color: #e2007a;\"> 10\/12 personnes maximum<\/span>.<\/p>\r\n<p style=\"text-align: left;\">Pendant pr\u00e8s d\u20191h30, vous apprendrez <span style=\"color: #e2007a;\">les bases<\/span> de la photographie afin de vous servir au mieux de votre appareil et pouvoir r\u00e9aliser de beaux clich\u00e9s.<\/p>\r\n<p style=\"text-align: left;\">Les notions de diaphragme, vitesse d\u2019obturation, ISO, profondeur de champ, cadrage et r\u00e9glage n\u2019auront<span style=\"color: #e2007a;\"> plus de secrets<\/span> pour vous.<\/p>\r\n<p style=\"text-align: left;\">Puis direction le centre-ville de Melun pendant 30 \u00e0 45 minutes pour la mise en pratique o\u00f9 vous verrez comment apporter \u00e0 vos photos<span style=\"color: #e2007a;\"> des effets \u00e9poustouflants<\/span>.<\/p>\r\n<p style=\"text-align: left;\">Enfin, retour au studio autour d\u2019un d\u00e9briefing.\u00a0Ce cours vous sera dispens\u00e9 par\u00a0Benoit le photographe du Studio<span style=\"color: #e2007a;\"> Grenadine<\/span>\u00a0qui saura vous mettre \u00e0 l\u2019aise.<\/p>\r\n<p style=\"text-align: left;\" align=\"center\">Cette formation peut \u00eatre<span style=\"color: #e2007a;\"> compl\u00e9t\u00e9e<\/span> par une deuxi\u00e8me pour<span style=\"color: #e2007a;\"> consolider vos acquis<\/span> et vous expliquer encore bien d\u2019autres choses.<\/p>\r\n<p style=\"text-align: left;\" align=\"center\">C\u2019est un<span style=\"color: #e2007a;\"> moment ludique<\/span> dans la bonne humeur et la joie, comme chacune de vos visites au Studio<span style=\"color: #e2007a;\"> Grenadine<\/span>\u00a0!<\/p>\r\n<p style=\"text-align: left;\" align=\"center\">Vous connaissez quelqu\u2019un qui serait <span style=\"color: #e2007a;\">heureux<\/span> d'y participer ?\r\nOffrez-lui notre<span style=\"color: #e2007a;\"> ch\u00e8que cadeau<\/span>\u00a0Formation photo.<\/p>\r\n<p style=\"text-align: left;\" align=\"center\">Contactez nous au <span style=\"color: #e2007a;\">01 64 37 35 85<\/span><\/p>\r\n<p style=\"text-align: left;\" align=\"center\">Cette formation est adapt\u00e9e \u00e0 toutes les marques d\u2019appareils num\u00e9riques reflex.<\/p>\r\n<p style=\"text-align: left;\" align=\"center\">Valeur : 39\u20ac<\/p>\r\n<p style=\"text-align: left;\" align=\"center\">L\u2019\u00e9quipe\u00a0r\u00e9pond \u00e0 vos questions\u00a0\/ Du Mardi au Samedi de 10h \u00e0 12h30 et de 14h \u00e0 18h au\u00a0<strong><span style=\"color: #e2007a;\">01 64 37 35 85<\/span> (Melun)<\/strong>\u00a0ou au\u00a0<strong><span style=\"color: #e2007a;\">03 83 49 11 82<\/span> (Nancy)<\/strong>\u00a0ou directement en\u00a0Galerie !<\/p>\r\n[gallery ids=\"252,254,117\"]\r\n<p style=\"text-align: center;\"><a href=\"https:\/\/www.galeriegrenadine.com\/fontainebleau\/wp-content\/uploads\/sites\/18\/2014\/08\/bas-lettre.jpg\">.<img class=\"aligncenter size-medium wp-image-1283\" src=\"https:\/\/www.galeriegrenadine.com\/fontainebleau\/wp-content\/uploads\/sites\/18\/2014\/08\/bas-lettre-600x27.jpg\" alt=\"bas lettre\" width=\"600\" height=\"27\" \/><\/a><\/p>\r\n[\/vc_column_text][vc_column_text]\r\n\r\n[\/vc_column_text][\/vc_column][\/vc_row][vc_row][vc_column][\/vc_column][\/vc_row][vc_row][vc_column][product_page id=\"1358\"][\/vc_column][\/vc_row]","_et_gb_content_width":"","_uf_show_specific_survey":0,"_uf_disable_surveys":false,"footnotes":""},"class_list":["post-116","page","type-page","status-publish","has-post-thumbnail","hentry"],"_links":{"self":[{"href":"https:\/\/www.galeriegrenadine.com\/fontainebleau\/wp-json\/wp\/v2\/pages\/116","targetHints":{"allow":["GET"]}}],"collection":[{"href":"https:\/\/www.galeriegrenadine.com\/fontainebleau\/wp-json\/wp\/v2\/pages"}],"about":[{"href":"https:\/\/www.galeriegrenadine.com\/fontainebleau\/wp-json\/wp\/v2\/types\/page"}],"author":[{"embeddable":true,"href":"https:\/\/www.galeriegrenadine.com\/fontainebleau\/wp-json\/wp\/v2\/users\/1"}],"replies":[{"embeddable":true,"href":"https:\/\/www.galeriegrenadine.com\/fontainebleau\/wp-json\/wp\/v2\/comments?post=116"}],"version-history":[{"count":0,"href":"https:\/\/www.galeriegrenadine.com\/fontainebleau\/wp-json\/wp\/v2\/pages\/116\/revisions"}],"wp:featuredmedia":[{"embeddable":true,"href":"https:\/\/www.galeriegrenadine.com\/fontainebleau\/wp-json\/wp\/v2\/media\/117"}],"wp:attachment":[{"href":"https:\/\/www.galeriegrenadine.com\/fontainebleau\/wp-json\/wp\/v2\/media?parent=116"}],"curies":[{"name":"wp","href":"https:\/\/api.w.org\/{rel}","templated":true}]}}