{"id":5226,"date":"2020-03-19T13:28:33","date_gmt":"2020-03-19T11:28:33","guid":{"rendered":"https:\/\/www.galeriegrenadine.com\/angers\/?page_id=5226"},"modified":"2020-09-02T11:32:33","modified_gmt":"2020-09-02T09:32:33","slug":"reservation-grande-famille","status":"publish","type":"page","link":"https:\/\/www.galeriegrenadine.com\/angers\/reservation-grande-famille\/","title":{"rendered":"R\u00e9servation Grande Famille"},"content":{"rendered":"<p>[et_pb_section fb_built=\u00a0\u00bb1&Prime; admin_label=\u00a0\u00bbsection\u00a0\u00bb _builder_version=\u00a0\u00bb3.0.47&Prime;][et_pb_row _builder_version=\u00a0\u00bb3.20.2&Prime;][et_pb_column type=\u00a0\u00bb4_4&Prime; _builder_version=\u00a0\u00bb3.20.2&Prime;][et_pb_image src=\u00a0\u00bbhttps:\/\/www.galeriegrenadine.com\/angers\/wp-content\/uploads\/sites\/12\/2019\/06\/Galerie-Grenadine-BD.jpg\u00a0\u00bb _builder_version=\u00a0\u00bb3.20.2&Prime;][\/et_pb_image][\/et_pb_column][\/et_pb_row][et_pb_row _builder_version=\u00a0\u00bb3.20.2&Prime;][et_pb_column type=\u00a0\u00bb4_4&Prime; _builder_version=\u00a0\u00bb3.20.2&Prime;][et_pb_text _builder_version=\u00a0\u00bb3.20.2&Prime;]<\/p>\n<p>&nbsp;<\/p>\n<p>&nbsp;<\/p>\n<p>Bienvenue,<\/p>\n<p>\u00c7a y est l\u2019aventure <span style=\"color: #e2007a;\">Grenadine<\/span> va bient\u00f4t commencer ! Il ne reste plus que quelques jours avant votre s\u00e9ance photo en famille. Mais avant, voici quelques informations sur le bon d\u00e9roulement de l&rsquo;exp\u00e9rience et un questionnaire simple \u00e0 remplir afin de mieux vous connaitre avant notre rencontre !\u00a0<\/p>\n<p>Cette exp\u00e9rience d&rsquo;une valeur de 157\u20ac comprend votre s\u00e9ance photo dans notre <strong>studio<\/strong>, votre deuxi\u00e8me rendez-vous dans le <strong>cin\u00e9ma<\/strong> et <strong>un portrait<\/strong> offert sur papier. <span style=\"text-decoration: underline;\"><a href=\"https:\/\/drive.google.com\/file\/d\/1FG6Ya7d4pbEEAD83R-wmyp38zSFp953_\/view\">T\u00e9l\u00e9chargez notre catalogue ici<\/a><\/span><\/p>\n<p>La s\u00e9ance photo dure environ 30\/40 minutes mais une heure sera n\u00e9cessaire avec votre arriv\u00e9e et votre d\u00e9part. Nous vous conseillons d\u2019arriver un peu en avance afin de vous familiariser avec le studio et de vous pr\u00e9parer. Si vous avez du retard et qu\u2019une autre s\u00e9ance suit la v\u00f4tre, nous devrons fixer ensemble un autre rendez-vous. {Co\u00fbts suppl\u00e9mentaires}.<\/p>\n<p>Pour votre s\u00e9ance photo, <span style=\"color: #e2007a;\">Grenadine<\/span> vous demande de venir v\u00eatu d&rsquo;un <strong>jean\u2019s bleu<\/strong>, un <strong>tee-shirt blanc<\/strong> ou une <strong>chemise blanche<\/strong> et un <strong>maquillage l\u00e9ger<\/strong> et <strong>discret<\/strong>. Si vous le souhaitez, vous pourrez changer les enfants directement au studio.\u00a0<\/p>\n<p>Merci d&rsquo;apporter votre agenda afin de fixer ensemble le deuxi\u00e8me rendez-vous <span style=\"color: #e2007a;\">Grenadine<\/span> pour visualiser et choisir vos images pr\u00e9f\u00e9r\u00e9es avec <span style=\"color: #e2007a;\">Margaux<\/span>.<\/p>\n<p style=\"text-align: left;\"><span style=\"font-size: 14px;\">Nous avons h\u00e2te de partager ce moment en famille avec vous, si vous avez d&rsquo;autres questions, n\u2019h\u00e9sitez pas \u00e0 nous contacter au <\/span><a href=\"tel:0164373585\" style=\"font-size: 14px;\">0<span>0975382221<\/span><\/a><span style=\"font-size: 14px;\">.<\/span><\/p>\n<p>Merci pour votre confiance et \u00e0 bient\u00f4t,<\/p>\n<p>La Team <span style=\"color: #e2007a;\">Grenadine\u00a0<\/span>!<\/p>\n<p>[\/et_pb_text][\/et_pb_column][\/et_pb_row][et_pb_row custom_padding=\u00a0\u00bb62px|0px|0px|0px|false|false\u00a0\u00bb _builder_version=\u00a0\u00bb3.20.2&Prime;][et_pb_column type=\u00a0\u00bb4_4&Prime; _builder_version=\u00a0\u00bb3.20.2&Prime;][et_pb_code _builder_version=\u00a0\u00bb3.20.2&Prime; text_orientation=\u00a0\u00bbcenter\u00a0\u00bb]<iframe src=\"https:\/\/forms.gle\/o6ucM1e8xBgCgZ5UA\" width=\"640\" height=\"2700\" frameborder=\"0\" marginheight=\"0\" marginwidth=\"0\">Chargement\u2026<\/iframe>[\/et_pb_code][\/et_pb_column][\/et_pb_row][et_pb_row _builder_version=\u00a0\u00bb3.20.2&Prime;][et_pb_column type=\u00a0\u00bb4_4&Prime; _builder_version=\u00a0\u00bb3.20.2&Prime;][et_pb_image src=\u00a0\u00bbhttps:\/\/www.galeriegrenadine.com\/angers\/wp-content\/uploads\/sites\/12\/2014\/08\/bas-lettre.jpg\u00a0\u00bb _builder_version=\u00a0\u00bb3.20.2&Prime;][\/et_pb_image][\/et_pb_column][\/et_pb_row][\/et_pb_section]<\/p>\n","protected":false},"excerpt":{"rendered":"<p>&nbsp; &nbsp; Bienvenue, \u00c7a y est l\u2019aventure Grenadine va bient\u00f4t commencer ! Il ne reste plus que quelques jours avant votre s\u00e9ance photo en famille. Mais avant, voici quelques informations sur le bon d\u00e9roulement de l&rsquo;exp\u00e9rience et un questionnaire simple \u00e0 remplir afin de mieux vous connaitre avant notre rencontre !\u00a0 Cette exp\u00e9rience d&rsquo;une valeur <a href=\"https:\/\/www.galeriegrenadine.com\/angers\/reservation-grande-famille\/\" title=\"R\u00e9servation Grande Famille\" rel=\"bookmark\">[Lire la suite]<\/a><\/p>\n","protected":false},"author":3,"featured_media":0,"parent":0,"menu_order":0,"comment_status":"closed","ping_status":"closed","template":"","meta":{"_et_pb_use_builder":"on","_et_pb_old_content":"L\u2019aventure Grenadine commence bient\u00f4t \u2026 !\r\n\r\n\r\n\r\n\r\n\r\n\r\n[  ]( http:\/\/galeriegrenadine.com?utm_source=sendinblue&utm_campaign=GM__02_GRENADINE__FAMILLE__Prparation&utm_medium=email )\r\n\r\n\u00a0\r\n\r\n\r\nBonjour {{ contact.PRENOM }},\r\n\u00a0\r\nCa y est l\u2019aventure Grenadine va bient\u00f4t commencer !! Il ne reste plus que quelques jours avant votre s\u00e9ance photo.\r\n\u00a0\r\nAidez nous en 1 minute \u00e0 mieux vous conna\u00eetre et profitez au maximum de l'exp\u00e9rience Grenadine !\r\n\u00a0\r\n[ \u00a0-- Je prends 1 minute pour ma Famille -- ]( https:\/\/docs.google.com\/forms\/d\/e\/1FAIpQLSebtXrDyTtwqTuQ9T2UUo7NLDYJmsFb_s2XcDiE2M4IPqCfhA\/viewform?usp=sf_link&utm_source=sendinblue&utm_campaign=GM__02_GRENADINE__FAMILLE__Prparation&utm_medium=email )\r\n\r\nN'h\u00e9sitez pas \u00e0 t\u00e9l\u00e9charger notre catalogue qui vous explique l'exp\u00e9rience au Studio\u00a0Grenadine.\r\n[ -- T\u00e9l\u00e9charger le catalogue -- ]( https:\/\/drive.google.com\/open?id=1FG6Ya7d4pbEEAD83R-wmyp38zSFp953_&utm_source=sendinblue&utm_campaign=GM__02_GRENADINE__FAMILLE__Prparation&utm_medium=email )\r\n\u00a0\r\n\r\n\r\nCette exp\u00e9rience d'une valeur de 137\u20ac comprend votre s\u00e9ance photo dans notre studio, votre deuxi\u00e8me rendez-vous dans le cin\u00e9ma et un portrait 20x30cm {taille indicative}. \u00a0\r\nLa s\u00e9ance photo dure environ 30 minutes. Nous vous conseillons d\u2019arriver un peu en avance afin de vous familiariser avec le studio et vous pr\u00e9parer pour la s\u00e9ance. Si vous avez du retard et qu\u2019une autre s\u00e9ance suit la v\u00f4tre, nous devrons fixer ensemble un autre rendez-vous. {Co\u00fbts suppl\u00e9mentaires} \u00a0\r\nPour votre s\u00e9ance photo, l\u2019astuce Grenadine c\u2019est un jean\u2019s bleu clair, un tee-shirt blanc ou une chemise blanche et un maquillage l\u00e9ger et discret. Vous pouvez ramener les changes des enfants et les changer directement au studio. Attention c'est la tenue officielle, veuillez \u00e0 la respecter !\r\n\u00a0\r\n\r\nMerci d'apporter votre agenda afin de fixer ensemble le deuxi\u00e8me rendez-vous Grenadine pour visualiser et choisir vos images pr\u00e9f\u00e9r\u00e9es.\r\n\u00a0\r\nNous vous offrons une heure dans l'un des parkings Indigo de Melun:\r\n[ Porte de Paris \u2013 9, Place de Paris 77000 Melun ]( https:\/\/www.google.fr\/maps\/place\/Parking+Indigo\/@48.5399904,2.6558869,17z\/data=!4m12!1m6!3m5!1s0x47e5fa634198d6eb:0xe61af2efa8cf618f!2sParking+Indigo!8m2!3d48.5399904!4d2.6580756!3m4!1s0x47e5fa634198d6eb:0xe61af2efa8cf618f!8m2!3d48.5399904!4d2.6580756?utm_source=sendinblue&utm_campaign=GM__02_GRENADINE__FAMILLE__Prparation&utm_medium=email ) [ Victor Hugo \u2013 13, Boulevard Victor Hugo 77000 Melun ]( https:\/\/www.google.fr\/maps\/place\/Parking+Indigo\/@48.5388861,2.6553132,17z\/data=!4m8!1m2!2m1!1sVictor+Hugo+{{ params.E2 }}80%93+13,+Boulevard+Victor+Hugo+77000+Melun!3m4!1s0x47e5fa633f7a0571:0xc4fbc362ae142c3b!8m2!3d48.5392302!4d2.657154?utm_source=sendinblue&utm_campaign=GM__02_GRENADINE__FAMILLE__Prparation&utm_medium=email )\r\n\u00a0\r\nNous avons h\u00e2te de partager ce moment en famille avec vous, si vous avez d'autres questions, n\u2019h\u00e9sitez pas \u00e0 nous contacter au 0164373585.\r\n\u00a0\r\nMerci pour votre confiance et \u00e0 bient\u00f4t,\r\n\u00a0\r\nLa Team Grenadine.\r\n\u00a0\r\n\u00a0D\u00e9couvrez ce que pensent nos clients de l'exp\u00e9rience Grenadine ?    \u00a0\r\n\u00a0      [ Cliquez ici ]( https:\/\/www.youtube.com\/watch?v=-HOrbmdrLlM&utm_source=sendinblue&utm_campaign=GM__02_GRENADINE__FAMILLE__Prparation&utm_medium=email )      \u00a0\r\n\u00a0\r\n\r\n[   ]( https:\/\/youtu.be\/kuxPhGmuLkA?utm_source=sendinblue&utm_campaign=GM__02_GRENADINE__FAMILLE__Prparation&utm_medium=email )\r\n\u00a0\r\n\u00a0\r\n\u00a0\r\n\r\nGalerie & Studio Grenadine\r\n3 rue des cloches\r\n77000 Melun\r\n\u00a0\r\ngaleriegrenadine.com \/\u00a00164373585\r\n[  ]( https:\/\/www.facebook.com\/GalerieGrenadine\/?utm_source=sendinblue&utm_campaign=GM__02_GRENADINE__FAMILLE__Prparation&utm_medium=email )\r\n[  ]( https:\/\/www.instagram.com\/explore\/locations\/592263458\/galerie-studio-grenadine\/?utm_source=sendinblue&utm_campaign=GM__02_GRENADINE__FAMILLE__Prparation&utm_medium=email )\r\n[  ]( https:\/\/www.youtube.com\/channel\/UC-rTKnj8JlolOOWdB6f7bRA?utm_source=sendinblue&utm_campaign=GM__02_GRENADINE__FAMILLE__Prparation&utm_medium=email )\r\n[  ]( https:\/\/www.pinterest.fr\/grenadinephoto\/?utm_source=sendinblue&utm_campaign=GM__02_GRENADINE__FAMILLE__Prparation&utm_medium=email )    \u00a0","_et_gb_content_width":"","_uf_show_specific_survey":0,"_uf_disable_surveys":false,"footnotes":""},"class_list":["post-5226","page","type-page","status-publish","hentry"],"_links":{"self":[{"href":"https:\/\/www.galeriegrenadine.com\/angers\/wp-json\/wp\/v2\/pages\/5226","targetHints":{"allow":["GET"]}}],"collection":[{"href":"https:\/\/www.galeriegrenadine.com\/angers\/wp-json\/wp\/v2\/pages"}],"about":[{"href":"https:\/\/www.galeriegrenadine.com\/angers\/wp-json\/wp\/v2\/types\/page"}],"author":[{"embeddable":true,"href":"https:\/\/www.galeriegrenadine.com\/angers\/wp-json\/wp\/v2\/users\/3"}],"replies":[{"embeddable":true,"href":"https:\/\/www.galeriegrenadine.com\/angers\/wp-json\/wp\/v2\/comments?post=5226"}],"version-history":[{"count":0,"href":"https:\/\/www.galeriegrenadine.com\/angers\/wp-json\/wp\/v2\/pages\/5226\/revisions"}],"wp:attachment":[{"href":"https:\/\/www.galeriegrenadine.com\/angers\/wp-json\/wp\/v2\/media?parent=5226"}],"curies":[{"name":"wp","href":"https:\/\/api.w.org\/{rel}","templated":true}]}}